{"id":34754,"date":"2025-11-27T13:52:10","date_gmt":"2025-11-27T12:52:10","guid":{"rendered":"https:\/\/fundacionpalarq.com\/?page_id=34754"},"modified":"2026-02-26T14:56:42","modified_gmt":"2026-02-26T13:56:42","slug":"grants-2025","status":"publish","type":"page","link":"https:\/\/fundacionpalarq.com\/en\/grants-2025\/","title":{"rendered":"Grants 2025"},"content":{"rendered":"<div class=\"wpb-content-wrapper\"><h2 style=\"text-align: center;\" align=\"center\">GRANTS APPROVED IN THE 2025 CALL \u2013 SCHEDULED DATES IN THE 2026 CAMPAIGN<\/h2>\n<p style=\"text-align: center;\"><strong>Project: \u201cSearching for Pleistocene human occupation in the Kura-Arax river depression\u201d \u2013 South Caucasus, Armenia<\/strong><\/p>\n<p style=\"text-align: center;\">Institution: Fundaci\u00f3n Atapuerca<\/p>\n<p style=\"text-align: center;\">Directors: Dr. Lena Asryan, Dr. Andreu Oll\u00e9 Ca\u00f1ellas<\/p>\n<p style=\"text-align: center;\"><strong>Project: \u201cReformulation of hominid dispersal models through comparative studies of the Acheulean and Middle Paleolithic in India and Africa: Case studies at the Sendrayanapalayam site near Attirampakkam\u201d \u2013 India<\/strong><\/p>\n<p style=\"text-align: center;\">Institution: Fundaci\u00f3n Atapuerca<\/p>\n<p style=\"text-align: center;\">Directors: Prof. Mohamed Sahnouni, Prof. Shanti Pappu, Prof. Akhilesh Kumar<\/p>\n<p style=\"text-align: center;\"><strong>Project: \u201cStudy of technological behaviour in the chimpanzees (<em>Pan troglodytes verus<\/em>) of Dindefelo: implications for the origin of technology in savannah environments\u201d \u2013 Senegal<\/strong><\/p>\n<p style=\"text-align: center;\">Institution: Fundaci\u00f3n Atapuerca<\/p>\n<p style=\"text-align: center;\">Directors: Dr. Adri\u00e1n Arroyo, Dr. R. Adriana Hern\u00e1ndez-Aguilar<\/p>\n<p style=\"text-align: center;\"><strong>Project: \u201cEvolution of Religious-Funerary practices in Oxyrhynchus (El-Bahnasa, Egypt) from the 26th Dynasty to the Christian-Byzantine period: Rituals and Beliefs\u201d \u2013 Egypt<\/strong><\/p>\n<p style=\"text-align: center;\">Institution: Universitat de Barcelona &#8211; IPOA (Instituto de Pr\u00f3ximo Oriente Antiguo)<\/p>\n<p style=\"text-align: center;\">Directors: Dr. Ignasi-Xavier Adiego Lajara, Dra. Maite Mascort Roca, Dra. Esther Pons Mellado<\/p>\n<p style=\"text-align: center;\"><strong>Project: \u201cExcavation at the Pre-Pottery Neolithic site of Kharaysin, Zarqa\u201d \u2013 Jordan<\/strong><\/p>\n<p style=\"text-align: center;\">institution: Instituci\u00f3 Mil\u00e0 i Fontanals, CSIC &#8211; Barcelona<\/p>\n<p style=\"text-align: center;\">Director: Dr. Juan Jos\u00e9 Ib\u00e1\u00f1ez Est\u00e9vez<\/p>\n<p style=\"text-align: center;\"><strong>Project: &#8220;Two zero nine, Archaeological mission of the University of La Laguna for the study and conservation of TT 209, Luxor&#8221; \u2013 Egypt<\/strong><\/p>\n<p style=\"text-align: center;\">Institution: Universidad de La Laguna<\/p>\n<p style=\"text-align: center;\">Director: Dr. Miguel \u00c1ngel Molinero Polo<\/p>\n<p><strong><span style=\"color: #993300;\"><a style=\"color: #993300;\" href=\"https:\/\/fundacionpalarq.com\/masterclass-45-la-tumba-tebana-de-nisemro\/\">MASTERCLASS<\/a><\/span><\/strong><\/p>\n<p style=\"text-align: center;\"><strong>Project: &#8220;Zar Tepe in Bactriana. Buddhist Centre of the Kushan period in the hinterland of Termez (Surkhan Darya)&#8221; \u2013 Uzbekistan<\/strong><\/p>\n<p style=\"text-align: center;\">Institution: Universitat de Barcelona<\/p>\n<p style=\"text-align: center;\">Director: Dr. Ver\u00f3nica Mart\u00ednez Ferreras<\/p>\n<p><strong><span style=\"color: #993300;\"><a style=\"color: #993300;\" href=\"https:\/\/unizar.segap.es\/ipaeb\/\">MUSEO VIRTUAL<\/a><\/span><\/strong><\/p>\n<p style=\"text-align: center;\"><strong>Project: &#8220;Research and excavation of the tombs from the First Intermediate Period in the Qubbet el-Hawa necropolis, Aswan&#8221; \u2013 Egypt<\/strong><\/p>\n<p style=\"text-align: center;\">Institution: Universidad de Ja\u00e9n<\/p>\n<p style=\"text-align: center;\">Directors: Dr. Alejandro Jim\u00e9nez Serrano, Dr. Jos\u00e9 Manuel Alba<\/p>\n<p><a href=\"https:\/\/fundacionpalarq.com\/masterclass-9-qubbet-el-hawa\/\"><strong><span style=\"color: #993300;\">MASTERCLASS<\/span><\/strong><\/a><\/p>\n<p><a href=\"https:\/\/fundacionpalarq.com\/podcast-qubbet-el-hawa-una-necropolis-unica-del-antiguo-egipto\/\"><span style=\"color: #993300;\">PODCAST HISTORIA NATIONAL GEOGRAPHIC<\/span><\/a><\/p>\n<p style=\"text-align: center;\"><strong>Project: &#8220;Archaeological project in Gird Lashkir: from the Zagros to the Erbil plain&#8221; \u2013 Erbil, Iraq (Iraqi Kurdistan)<\/strong><\/p>\n<p style=\"text-align: center;\">Institution: Universitat Aut\u00f2noma de Barcelona<\/p>\n<p style=\"text-align: center;\">Director: Dr. Miquel Molist Monta\u00f1a<\/p>\n<p><span style=\"color: #993300;\"><a style=\"color: #993300;\" href=\"https:\/\/fundacionpalarq.com\/masterclass-27-intervencion-arqueologica-en-gird-lashkir-kurdistan-iraq\/\"><strong>MASTERCLASS<\/strong><\/a><\/span><\/p>\n<p><span style=\"color: #993300;\"><a style=\"color: #993300;\" href=\"https:\/\/fundacionpalarq.com\/podcast-gird-lashkir-descubriendo-los-primeros-campesinos-de-la-historia\/\">PODCAST HISTORIA NATIONAL GEOGRAPHIC<\/a><\/span><\/p>\n<p style=\"text-align: center;\"><strong>Project: &#8220;At the top of the hill of Dra Abu el-Naga: seeking clues to understand the location and orientation of tombs and chapels&#8221; \u2013 Egypt<\/strong><\/p>\n<p style=\"text-align: center;\">Institution: Instituto de Lenguas y Culturas del Mediterr\u00e1neo y Oriente Antiguo, CSIC &#8211; Madrid<\/p>\n<p style=\"text-align: center;\">Director: Dr. Jos\u00e9 Manuel Gal\u00e1n Allu\u00e9<\/p>\n<p><strong><span style=\"color: #993300;\"><a style=\"color: #993300;\" href=\"https:\/\/fundacionpalarq.com\/masterclass-de-arqueologia-y-paleontologia-masterclass-1-projecto-djehuty\/\">MASTERCLASS<\/a><\/span><\/strong><\/p>\n<p><a href=\"https:\/\/historia.nationalgeographic.com.es\/a\/djehuty-funcionario-reina-egipcia-hatshepsut_17640\"><span style=\"color: #993300;\">PODCAST HISTORIA NATIONAL GEOGRAPHIC<\/span><\/a><\/p>\n<p style=\"text-align: center;\"><strong>Project: &#8220;Sikait Project&#8221; \u2013 Egypt<\/strong><\/p>\n<p style=\"text-align: center;\">Institution: Universitat Aut\u00f2noma de Barcelona<\/p>\n<p style=\"text-align: center;\">Director: Dr. Joan Oller Guzm\u00e1n<\/p>\n<p><a href=\"https:\/\/fundacionpalarq.com\/masterclass18-las-minas-de-esmeraldas-de-sikait\/\"><strong><span style=\"color: #993300;\">MASTERCLASS<\/span><\/strong><\/a><\/p>\n<p><a href=\"https:\/\/fundacionpalarq.com\/podcast-desenterrando-el-pasado-sobre-wadi-sikait-la-mina-de-esmeraldas-del-egipto-romano\/\"><span style=\"color: #993300;\">PODCAST HISTORIA NATIONAL GEOGRAPHIC<\/span><\/a><\/p>\n<p style=\"text-align: center;\"><strong>Project: &#8220;Gird Banahilk (Soran, Iraqi Kurdistan) and the consolidation of agropastoral communities in the Zagros&#8221; \u2013 Kurdistan &#8211; Iraq<\/strong><\/p>\n<p style=\"text-align: center;\">Institution: Universitat Aut\u00f2noma de Barcelona<\/p>\n<p style=\"text-align: center;\">Director: Dr. Anna Bach G\u00f3mez<\/p>\n<p><span style=\"color: #993300;\"><strong><a href=\"https:\/\/fundacionpalarq.com\/masterclass-de-arqueologia-y-paleontologia-masterclass-39-ndutupai-los-primeros-humanos-modernos-en-el-norte-de-tanzania\/\">MASTERCLASS<\/a><\/strong><\/span><\/p>\n<p><a href=\"https:\/\/fundacionpalarq.com\/ndutupai-en-busca-de-homo-sapiens-en-tanzania\/\"><strong>DOCUMENTALES<\/strong><\/a><\/p>\n<p><a href=\"https:\/\/fundacionpalarq.com\/podcast-ndutupai-los-primeros-humanos-modernos\/\"><span style=\"color: #993300;\">PODCAST HISTORIA NATIONAL GEOGRAPHIC<\/span><\/a><\/p>\n<p style=\"text-align: center;\"><strong>Project: &#8220;Artisan Priests: The tomb of the Memphite high priest Sabu-Tjeti at Saqqara North (Spanish-Egyptian archaeological mission to Saqqara), fourth campaign&#8221; \u2013 Egypt<\/strong><\/p>\n<p style=\"text-align: center;\">Institution: Universitat Aut\u00f2noma de Barcelona<\/p>\n<p style=\"text-align: center;\">Director: Dr. Josep Cervell\u00f3 Autuori<\/p>\n<p><a href=\"https:\/\/fundacionpalarq.com\/podcast-descripcion-de-cahuachi-la-gran-ciudad-milenaria-del-sur-de-peru\/\"><strong><span style=\"color: #993300;\">PODCAST HISTORIA NATIONAL GEOGRAPHIC<\/span><\/strong><\/a><\/p>\n<p style=\"text-align: center;\"><strong>Project: &#8220;Archaeological\u2013paleontological excavations in the Ntem River estuary, R\u00edo Campo region&#8221; \u2013 Equatorial Guinea<\/strong><\/p>\n<p style=\"text-align: center;\">Institution: Museo Nacional de Ciencias Naturales, CSIC <strong>\u2013<\/strong> Madrid<\/p>\n<p style=\"text-align: center;\">Directors: Dr. Antonio Rosas Gonz\u00e1lez, Dr. Antonio Garc\u00eda Tabernero<\/p>\n<p><strong><span style=\"color: #993300;\"><a style=\"color: #993300;\" href=\"https:\/\/fundacionpalarq.com\/masterclass-de-arqueologia-y-paleontologia-masterclass-48-modagro-agricultura-del-viejo-mundo\/\">MASTERCLAS<\/a><\/span><\/strong><\/p>\n<p><a href=\"https:\/\/historia.nationalgeographic.com.es\/a\/secretos-civilizacion-indo_17686?noutil=palarq\"><span style=\"color: #993300;\">PODCAST HISTORIA NATIONAL GEOGRAPHIC<\/span><\/a><\/p>\n<p style=\"text-align: center;\"><strong>Project: \u201cStudy of the Pleistocene records of the Engel Ela-Ramud \u201d \u2013 Eritrea<\/strong><\/p>\n<p style=\"text-align: center;\">Institution:Institut Catal\u00e0 de Paleoecologia Humana i Evoluci\u00f3 Social (IPHES-CERCA)<\/p>\n<p style=\"text-align: center;\">Directors: Dr. Bienvenido Mart\u00ednez-Navarro, Dr. Tsegai Medin<\/p>\n<p><strong>\u00a0<\/strong><\/p>\n<p><strong><span style=\"color: #993300;\"><a style=\"color: #993300;\" href=\"https:\/\/fundacionpalarq.com\/masterclass-35-estudio-de-la-evolucion-humana-en-guinea-ecuatorial\/\">MASTERCLASS<\/a><\/span><\/strong><\/p>\n<p style=\"text-align: center;\"><strong>Project: &#8220;Early Acheulean in East Africa: Excavations at Loc 14&#8221; \u2013 Olduvai, Tanzania<\/strong><\/p>\n<p style=\"text-align: center;\">Institution: Instituto de Historia, CSIC <strong>\u2013<\/strong> Madrid<\/p>\n<p style=\"text-align: center;\">Director: Dr. Ignacio de la Torre S\u00e1inz<\/p>\n<p><a href=\"https:\/\/fundacionpalarq.com\/masterclass-30-la-cuenca-de-engel-ela-ramud\/\"><strong><span style=\"color: #993300;\">MASTERCLASS<\/span><\/strong><\/a><\/p>\n<p style=\"text-align: center;\"><strong>Project: &#8220;FLK West (Olduvai Gorge, Tanzania) and the origin of the Acheulean in East Africa&#8221; \u2013 Tanzania<\/strong><\/p>\n<p style=\"text-align: center;\">Institution: Universidad de Valladolid<\/p>\n<p style=\"text-align: center;\">Director: Dr. Fernando Diez Mart\u00edn<\/p>\n<p><a href=\"https:\/\/fundacionpalarq.com\/podcast-sela-la-hermana-pequena-de-petra\/\"><span style=\"color: #993300;\">PODCAST HISTORIA NATIONAL GEOGRAPHIC<\/span><\/a><\/p>\n<p style=\"text-align: center;\"><strong>Project: &#8220;First human steps in South America: walking among Gonphotheres&#8221; \u2013 Chile<\/strong><\/p>\n<p style=\"text-align: center;\">Institution:Institut Catal\u00e0 de Paleoecologia Humana i Evoluci\u00f3 Social (IPHES-CERCA)<\/p>\n<p style=\"text-align: center;\">Directors: Dr. Carlos Tornero, Dr. Erwin Gonz\u00e1lez-Guarda, Dr. Rafael Labarca<\/p>\n<p><a href=\"https:\/\/fundacionpalarq.com\/podcast-desenterrando-el-pasado-sobre-trialeti-los-grabados-rupestres-mas-importantes-de-georgia\/\"><span style=\"color: #993300;\">PODCAST HISTORIA NATIONAL GEOGRAPHIC<\/span><\/a><\/p>\n<p style=\"text-align: center;\"><strong>Project: &#8220;Kachchh Archaeological Project: excavations in Lakhapar and interactions with the Indus Valley&#8221; \u2013 India<\/strong><\/p>\n<p style=\"text-align: center;\">Institution: Instituto de Productos Naturales y Agrobiolog\u00eda (IPNA), CSIC \u2013 La Laguna<\/p>\n<p style=\"text-align: center;\">Directors: Dr. Francesc Cec\u00edlia i Conesa, Dr. Juan Jos\u00e9 Garc\u00eda-Granero<\/p>\n<p><a href=\"https:\/\/fundacionpalarq.com\/masterclass-51-el-homo-sapiens-en-los-entornos-costeros\/\"><strong><span style=\"color: #993300;\">MASTERCLASS<\/span><\/strong><\/a><\/p>\n<p><span style=\"color: #993300;\"><a style=\"color: #993300;\" href=\"https:\/\/fundacionpalarq.com\/https-www-ivoox-com-kilwa-yacimiento-clave-para-entender-evolucion-audios-mp3_rf_72678403_1-html\/\">PODCAST HISTORIA NATIONAL GEOGRAPHIC<\/a><\/span><\/p>\n<p style=\"text-align: center;\"><strong>\u00a0<\/strong><\/p>\n<p style=\"text-align: center;\"><strong>Project: &#8220;Pampa Galeras. Approach to the knowledge of hunter-gatherer societies of the early Holocene in the Peruvian Andean highlands&#8221; \u2013 Peru<\/strong><\/p>\n<p style=\"text-align: center;\">Institution: Universitat de Barcelona<\/p>\n<p style=\"text-align: center;\">Directors: Dr. Jos\u00e9-Miguel Tejero C\u00e1ceres, Dr. Leslye Valenzuela Leyva<\/p>\n<p style=\"text-align: center;\"><strong>Project: &#8220;Archaeology of indigenous peasant spaces and Spanish colonial <em>estancias<\/em> in Catamarca (16th-18th centuries)&#8221; \u2013 Argentina<\/strong><\/p>\n<p style=\"text-align: center;\">Institution: Universitat Aut\u00f2noma de Barcelona<\/p>\n<p style=\"text-align: center;\">Director: Dr. F\u00e9lix Retamero<\/p>\n<p style=\"text-align: center;\"><strong>Project: &#8220;In search of the origins of the Numidian civilisation: excavations and surveys at Sidi Sa\u00efd&#8221; \u2013 Siliana, Tunisia<\/strong><\/p>\n<p style=\"text-align: center;\">Institution: Institut Cat\u00e0la d\u2019Arqueologia Cl\u00e0ssica (ICAC-CERCA)<\/p>\n<p style=\"text-align: center;\">Directors: Dr. Mar\u00eda del Carmen Belarte Franco, Dr. David Montanero Vico<\/p>\n<p style=\"text-align: center;\"><strong>Project: &#8220;Energy resources in prehistory. An approach from the ethnoarchaeology of combustible in Tanzania, Namibia and Sri Lanka&#8221; \u00a0\u2013 Tanzania, Namibia and Sri Lanka<\/strong><\/p>\n<p style=\"text-align: center;\">Institution: Institut Catal\u00e0 de Paleoecologia Humana i Evoluci\u00f3 Social (IPHES-CERCA)<\/p>\n<p style=\"text-align: center;\">Directors: Dr. Ethel Allu\u00e9, Dr. Lloren\u00e7 Picornell Gelabert, Dr. Aitor Burguet Coca<\/p>\n<p style=\"text-align: center;\"><strong>Project: &#8220;Archaeology and Heritage in Cape Verde: the city-port of Ribeira Grande in the 15th-18th centuries&#8221; \u2013 Cape Verde<\/strong><\/p>\n<p style=\"text-align: center;\">Institution: Universidad del Pa\u00eds Vasco \/Euskal Herriko Unibertsitatea<\/p>\n<p style=\"text-align: center;\">Directors: Dr. Javier Garcia I\u00f1a\u00f1ez, Dr. Andr\u00e9 Teixeira, Dr. Jaylson Monteiro<\/p>\n<p style=\"text-align: center;\"><strong>Project: &#8220;Rock art of the In\u00edrida River, Colombia (Universidad de Alcal\u00e1 Universidad de los Andes, Museo comunitario del Guania)&#8221; \u2013 Colombia<\/strong><\/p>\n<p style=\"text-align: center;\">Institution: Universidad de Alcal\u00e1<\/p>\n<p style=\"text-align: center;\">Directors: Dr. Primitiva Bueno Ram\u00edrez, Dr. Carmen P\u00e9rez Maestro<\/p>\n<p style=\"text-align: center;\"><strong>Project: &#8220;Revealing the ecosystems of our ancestors to preserve our own: past dynamics and distribution of South African biodiversity&#8221; \u2013 South Africa<\/strong><\/p>\n<p style=\"text-align: center;\">Institutions: Universidad de Le\u00f3n, Nelson Mandela University<\/p>\n<p style=\"text-align: center;\">Directors: Dr. Sa\u00fal Manzano Rodr\u00edguez, Dr. Lynne Quick<\/p>\n<p style=\"text-align: center;\"><strong>Project: &#8221; The human landscape of Thapsus, between the Mediterranean and the sebkha of Moknine&#8221; \u2013 Tunisia<\/strong><\/p>\n<p style=\"text-align: center;\">Institution: Instituto de Arqueolog\u00eda de M\u00e9rida (IAM), CSIC \u2013 M\u00e9rida<\/p>\n<p style=\"text-align: center;\">Director: Dr. Jes\u00fas Garc\u00eda S\u00e1nchez<\/p>\n<p style=\"text-align: center;\"><strong>Project: &#8220;C2 &#8211; Royal Cache Wadi Survey&#8221; \u2013 Egypt<\/strong><\/p>\n<p style=\"text-align: center;\">Institution: Universidad Complutense de Madrid<\/p>\n<p style=\"text-align: center;\">Director: Dr. Jos\u00e9 Ram\u00f3n P\u00e9rez-Accino Picatoste<\/p>\n<p style=\"text-align: center;\"><strong>Project: \u201cARVCODA \u2013 Archaeology of Plant Resources in the Atacama Desert Coast\u201d \u2013 Chile<\/strong><\/p>\n<p style=\"text-align: center;\">Institution: Consejo Superior de Investigaciones Cient\u00edficas (CSIC)<\/p>\n<p style=\"text-align: center;\">Director: Dr. D\u00e9bora Zurro<\/p>\n<p style=\"text-align: center;\"><strong>Proyecto: &#8220;ModAgrO: Modelling the Agricultural Origins and Urbanism in South Asia&#8221; \u2013 Pakistan<\/strong><\/p>\n<p style=\"text-align: center;\">Institution: Universitat Pompeu Fabra<\/p>\n<p style=\"text-align: center;\">Director: Dr. Marco Madella<\/p>\n<p><a href=\"https:\/\/fundacionpalarq.com\/masterclass-31-banahilk-yacimiento-clave-para-el-conocimiento-de-la-prehistoria-reciente\/\"><strong><span style=\"color: #993300;\">MASTERCLASS<\/span><\/strong><\/a><\/p>\n<p><a href=\"https:\/\/fundacionpalarq.com\/podcast-saqueo-y-rescate-de-tumbas-en-el-yacimiento-egipcio-de-kom-el-khamasin\/\">PODCAST HISTORIA NATIONAL GEOGRAPHIC<\/a><\/p>\n<p style=\"text-align: center;\"><strong>Project: \u201cReconstructing the San Juan River neighborhood: from survey to digitization\u201d \u2013 Mexico<\/strong><\/p>\n<p style=\"text-align: center;\">Institution: Universitat de Barcelona<\/p>\n<p style=\"text-align: center;\">Directors: Dra. Natalia Moragas Segura, Dra. Alessandra Pecci<\/p>\n<p style=\"text-align: center;\"><strong>Project:\u00a0<\/strong><strong>\u201cArchaeology of nomadic pastoralism in Mongolia. The invisible traces of domestic spaces\u201d \u2013 Mongolia<\/strong><\/p>\n<p style=\"text-align: center;\">Institution: Instituto de Productos Naturales y Agrobiolog\u00eda (IPNA), CSIC \u2013 La Laguna<\/p>\n<p style=\"text-align: center;\">Director: Dr. Natalia \u00c9g\u00fcez<\/p>\n<p style=\"text-align: center;\"><strong>Project: &#8220;In search of Damot: a pagan kingdom of Ethiopia&#8221; \u2013 Ethiopia<\/strong><\/p>\n<p style=\"text-align: center;\">Institution: Instituto de Ciencias del Patrimonio (INCIPIT), CSIC <strong>\u2013<\/strong> Santiago de Compostela<\/p>\n<p style=\"text-align: center;\">Director: Dr. Alfredo Gonz\u00e1lez-Ruibal<\/p>\n<p style=\"text-align: center;\"><strong>Project: &#8220;Semi-arid forest landscapes of South America: Reconstructing the paleoecology of plant resources used by hunter-gatherers&#8221; \u2013 Argentina<\/strong><\/p>\n<p style=\"text-align: center;\">Institution: Institut Catal\u00e0 de Paleoecologia Humana i Evoluci\u00f3 Social (IPHES-CERCA)<\/p>\n<p style=\"text-align: center;\">Director: Dr. Andr\u00e9s Robledo<\/p>\n<p style=\"text-align: center;\"><strong>Project: \u201cSocio-Ecological Evolution and human occupation Dynamics in pre-islamic Dhofar (SEED)\u201d \u2013 Oman<\/strong><\/p>\n<p style=\"text-align: center;\">Institution: Universitat Pompeu Fabra<\/p>\n<p style=\"text-align: center;\">Directors: Dra. Carla Lancelotti, Dra. Silvia Lischi, Dr. Stefano Biagetti<\/p>\n<p style=\"text-align: center;\"><strong>Project: \u201cSailing between two waters. Archaeological evidence for identifying the itinerant Jesuit missions in the eastern islands of the Chilo\u00e9 archipelago, Chile (17th\u201320th centuries)\u201d \u2013 Chile <\/strong><\/p>\n<p style=\"text-align: center;\">Institution: Universitat de les Illes Balears<\/p>\n<p style=\"text-align: center;\">Directors: Dr. Jaume Garc\u00eda Rossell\u00f3, Dra. Javiera Letelier, Dra. Margalida Coll<\/p>\n<p style=\"text-align: center;\"><strong>Project: \u201cDemographic dynamics and agricultural innovation in the pre-Columbian Llanos de Moxos\u201d \u2013 Bolivia<\/strong><\/p>\n<p style=\"text-align: center;\">Institution: Universitat Aut\u00f2noma de Barcelona<\/p>\n<p style=\"text-align: center;\">Directors: Dra. Kate Dudgeon, Dr. Umberto Lombardo<\/p>\n<p style=\"text-align: center;\"><strong>Project: \u201cProject for the documentation, cleaning, and conservation of burial chambers in Luxor (Egypt): sevent season\u201d \u2013 Egypt<\/strong><\/p>\n<p style=\"text-align: center;\">Institution: Instituto de Lenguas y Culturas del Mediterr\u00e1neo y Oriente Pr\u00f3ximo, CSIC &#8211; Madrid<\/p>\n<p style=\"text-align: center;\">Directors: Dra. Luc\u00eda D\u00edaz-Iglesias Llanos, Dra. \u00c1ngeles Jim\u00e9nez-Higueras<\/p>\n<p style=\"text-align: center;\"><strong>Project: <\/strong><strong>\u201cWadi al-Garawi Dam Project (WaGDP)\u201d \u2013 Egypt<\/strong><\/p>\n<p style=\"text-align: center;\">Institution: Institut d\u2019Estudis del Pr\u00f2xim Orient Antic \u2013 Universitat Aut\u00f2noma de Barcelona (IEPOA &#8211; UAB)<\/p>\n<p style=\"text-align: center;\">Director: Dra. Roser Marsal Aguilera<\/p>\n<p style=\"text-align: center;\"><strong>Project: \u201cThe Kiik Kamar Cave (Uzbekistan), key to the study of the Upper Paleolithic in Central Asia\u201d \u2013 Uzbekistan<\/strong><\/p>\n<p style=\"text-align: center;\">Institution: Universidade de Vigo<\/p>\n<p style=\"text-align: center;\">Directors: Dr. Iv\u00e1n Rey-Rodr\u00edguez, Dra. Sara Varela, Dra. Ma\u0142gorzata Kot<\/p>\n<p style=\"text-align: center;\"><strong>Project: \u201cEwass Oldupa: At the origin of technology and adaptation. Deciphering how the first Homo faced climate change in Olduvai Gorge\u201d \u2013 Tanzania<\/strong><\/p>\n<p style=\"text-align: center;\">Institution: Universidad Aut\u00f3noma de Madrid<\/p>\n<p style=\"text-align: center;\">Directors: Dra. Mar\u00eda Soto Quesada, Dr. Julio Mercader Flor\u00edn<\/p>\n<p style=\"text-align: center;\"><strong>Project: \u201cExcavations at the Lower Paleolithic site of Dalarik-1, Armenia \u2013 a rare glimpse into Middle Pleistocene lifeways\u201d \u2013 Armenia<\/strong><\/p>\n<p style=\"text-align: center;\">Institution: Universidad de Castilla-La Mancha<\/p>\n<p style=\"text-align: center;\">Directors: Dr. Theodoros Karampaglidis, Dra. Rosa Mar\u00eda Carrasco Gonz\u00e1lez, Dr. Artur Petrosian<\/p>\n<p style=\"text-align: center;\"><strong>Project: \u201cEstimating the age and sex of pre-Hispanic artists: an approach based on the analysis of negative handprints in the rock art of Los Toldos (Argentine Patagonia)\u201d \u2013 Argentina<\/strong><\/p>\n<p style=\"text-align: center;\">Institution: Universidad de Cantabria<\/p>\n<p style=\"text-align: center;\">Director: Dr. Diego Garate Maidagan<\/p>\n<p style=\"text-align: center;\"><strong>\u00a0Project: \u201cBroken landscapes\u201d \u2013 Peru<\/strong><\/p>\n<p style=\"text-align: center;\">Institution:\u00a0Instituto de Ciencias del Patrimonio (INCIPIT), CSIC \u2013 Santiago de Compostela<\/p>\n<p style=\"text-align: center;\">Director: Dr. Manuel Felipe Criado Boado<\/p>\n<p style=\"text-align: center;\"><strong>Project: \u201cMaritime archaeology and history of the War of Brazil; study of shipwrecks and a castaways\u2019 camp in Argentine North Patagonia, 1827\u201d \u2013 Argentina<\/strong><\/p>\n<p style=\"text-align: center;\">Institution: Universidad de C\u00e1diz<\/p>\n<p style=\"text-align: center;\">Director: Dr. Nicol\u00e1s C. Ciarlo<\/p>\n<p style=\"text-align: center;\"><strong>Project:\u00a0<\/strong><strong>\u201cNakali (Kenya), a site to understand our origins\u201d \u2013 Kenya<\/strong><\/p>\n<p style=\"text-align: center;\">Institution: Institut Catal\u00e0 de Paleontologia Miquel Crusafont<\/p>\n<p style=\"text-align: center;\">Director: Dra. Marta Pina Miquel<\/p>\n<p style=\"text-align: center;\"><strong>Project:\u00a0<\/strong><strong>\u201cQaw El-Kebir Expedition\u201d \u2013 Egypt<\/strong><\/p>\n<p style=\"text-align: center;\">Institution: Universidad de Ja\u00e9n &#8211; Universidad de Alcal\u00e1<\/p>\n<p style=\"text-align: center;\">Director: Dr. Jos\u00e9 Manuel Alba G\u00f3mez<\/p>\n<p style=\"text-align: center;\"><strong>\u00a0Project: \u201c<\/strong><strong>Lecture Series: Archaeological research in Spain VII (2025-2026)\u201d \u2013 Madrid <\/strong><\/p>\n<p style=\"text-align: center;\">Institution: MAN (Museo Arqueol\u00f3gico Nacional) &#8211; Madrid<\/p>\n<p style=\"text-align: center;\">Director: Dr. Isabel Izquierdo Peraile<\/p>\n<div class=\"templatera_shortcode\"><style type=\"text\/css\" data-type=\"vc_shortcodes-custom-css\">.vc_custom_1765801838577{margin-top: 50px !important;border-top-width: 2px !important;padding-top: 50px !important;border-top-style: solid !important;border-color: #b07964 !important;}<\/style><div class=\"vc_row wpb_row vc_row-fluid dt-default\" style=\"margin-top: 0px;margin-bottom: 0px\"><div class=\"wpb_column vc_column_container vc_col-sm-3\"><div class=\"vc_column-inner\"><div class=\"wpb_wrapper\"><\/div><\/div><\/div><div class=\"wpb_column vc_column_container vc_col-sm-6\"><div class=\"vc_column-inner\"><div class=\"wpb_wrapper\">\n\t<div class=\"wpb_text_column wpb_content_element  vc_custom_1765801838577 menu_subvenciones\" >\n\t\t<div class=\"wpb_wrapper\">\n\t\t\t<h2 style=\"text-align: center;\">ALL EDITIONS<\/h2>\n<ul>\n<li style=\"text-align: center;\"><a href=\"https:\/\/fundacionpalarq.com\/en\/grants-2017\/\">2016-2017 EDITION<\/a><\/li>\n<li style=\"text-align: center;\"><a href=\"https:\/\/fundacionpalarq.com\/en\/grants-2018\">2018 EDITION<\/a><\/li>\n<li style=\"text-align: center;\"><a href=\"https:\/\/fundacionpalarq.com\/en\/grants-2019\">2019 EDITION<\/a><\/li>\n<li style=\"text-align: center;\"><a href=\"https:\/\/fundacionpalarq.com\/en\/grants-2020\/\">2020 EDITION<\/a><\/li>\n<li style=\"text-align: center;\"><a href=\"https:\/\/fundacionpalarq.com\/en\/grants-2021\/\">2021 EDITION<\/a><\/li>\n<li style=\"text-align: center;\"><a href=\"https:\/\/fundacionpalarq.com\/en\/grants-2022\/\">2022 EDITION<\/a><\/li>\n<li style=\"text-align: center;\"><a href=\"https:\/\/fundacionpalarq.com\/en\/grants-2023\/\">2023 EDITION<\/a><\/li>\n<li style=\"text-align: center;\"><a href=\"https:\/\/fundacionpalarq.com\/en\/grants-2024\/\">2024 EDITION<\/a><\/li>\n<\/ul>\n\n\t\t<\/div>\n\t<\/div>\n<\/div><\/div><\/div><div class=\"wpb_column vc_column_container vc_col-sm-3\"><div class=\"vc_column-inner\"><div class=\"wpb_wrapper\"><\/div><\/div><\/div><\/div><\/div>\n<\/div>","protected":false},"excerpt":{"rendered":"<p>GRANTS APPROVED IN THE 2025 CALL \u2013 SCHEDULED DATES IN THE 2026 CAMPAIGN Project: \u201cSearching for Pleistocene human occupation in the Kura-Arax river depression\u201d \u2013 South Caucasus, Armenia Institution: Fundaci\u00f3n Atapuerca Directors: Dr. Lena Asryan, Dr. Andreu Oll\u00e9 Ca\u00f1ellas Project: \u201cReformulation of hominid dispersal models through comparative studies of the Acheulean and Middle Paleolithic in&hellip;<\/p>\n","protected":false},"author":1,"featured_media":0,"parent":0,"menu_order":0,"comment_status":"closed","ping_status":"closed","template":"","meta":{"footnotes":"","_links_to":"","_links_to_target":""},"class_list":["post-34754","page","type-page","status-publish","hentry","description-off"],"yoast_head":"<!-- This site is optimized with the Yoast SEO plugin v27.5 - https:\/\/yoast.com\/product\/yoast-seo-wordpress\/ -->\n<title>Archaeological and paleontology grants from the Palarq Foundation<\/title>\n<meta name=\"description\" content=\"Grants awarded by the Palarq Foundation for projects in the field of archaeology and human palaeontology in 2025.\" \/>\n<meta name=\"robots\" content=\"index, follow, max-snippet:-1, max-image-preview:large, max-video-preview:-1\" \/>\n<link rel=\"canonical\" href=\"https:\/\/fundacionpalarq.com\/en\/grants-2025\/\" \/>\n<meta property=\"og:locale\" content=\"en_US\" \/>\n<meta property=\"og:type\" content=\"article\" \/>\n<meta property=\"og:title\" content=\"Archaeological and paleontology grants from the Palarq Foundation\" \/>\n<meta property=\"og:description\" content=\"Grants awarded by the Palarq Foundation for projects in the field of archaeology and human palaeontology in 2025.\" \/>\n<meta property=\"og:url\" content=\"https:\/\/fundacionpalarq.com\/en\/grants-2025\/\" \/>\n<meta property=\"og:site_name\" content=\"Fundaci\u00f3n Palarq\" \/>\n<meta property=\"article:publisher\" content=\"https:\/\/www.facebook.com\/FundacionPalarq\" \/>\n<meta property=\"article:modified_time\" content=\"2026-02-26T13:56:42+00:00\" \/>\n<meta name=\"twitter:card\" content=\"summary_large_image\" \/>\n<meta name=\"twitter:site\" content=\"@FundacionPalarq\" \/>\n<meta name=\"twitter:label1\" content=\"Est. reading time\" \/>\n\t<meta name=\"twitter:data1\" content=\"21 minutes\" \/>\n<script type=\"application\/ld+json\" class=\"yoast-schema-graph\">{\"@context\":\"https:\\\/\\\/schema.org\",\"@graph\":[{\"@type\":\"WebPage\",\"@id\":\"https:\\\/\\\/fundacionpalarq.com\\\/en\\\/grants-2025\\\/\",\"url\":\"https:\\\/\\\/fundacionpalarq.com\\\/en\\\/grants-2025\\\/\",\"name\":\"Archaeological and paleontology grants from the Palarq Foundation\",\"isPartOf\":{\"@id\":\"https:\\\/\\\/fundacionpalarq.com\\\/en\\\/#website\"},\"datePublished\":\"2025-11-27T12:52:10+00:00\",\"dateModified\":\"2026-02-26T13:56:42+00:00\",\"description\":\"Grants awarded by the Palarq Foundation for projects in the field of archaeology and human palaeontology in 2025.\",\"breadcrumb\":{\"@id\":\"https:\\\/\\\/fundacionpalarq.com\\\/en\\\/grants-2025\\\/#breadcrumb\"},\"inLanguage\":\"en-US\",\"potentialAction\":[{\"@type\":\"ReadAction\",\"target\":[\"https:\\\/\\\/fundacionpalarq.com\\\/en\\\/grants-2025\\\/\"]}]},{\"@type\":\"BreadcrumbList\",\"@id\":\"https:\\\/\\\/fundacionpalarq.com\\\/en\\\/grants-2025\\\/#breadcrumb\",\"itemListElement\":[{\"@type\":\"ListItem\",\"position\":1,\"name\":\"Portada\",\"item\":\"https:\\\/\\\/fundacionpalarq.com\\\/en\\\/\"},{\"@type\":\"ListItem\",\"position\":2,\"name\":\"Grants 2025\"}]},{\"@type\":\"WebSite\",\"@id\":\"https:\\\/\\\/fundacionpalarq.com\\\/en\\\/#website\",\"url\":\"https:\\\/\\\/fundacionpalarq.com\\\/en\\\/\",\"name\":\"Fundaci\u00f3n Palarq\",\"description\":\"\",\"publisher\":{\"@id\":\"https:\\\/\\\/fundacionpalarq.com\\\/en\\\/#organization\"},\"potentialAction\":[{\"@type\":\"SearchAction\",\"target\":{\"@type\":\"EntryPoint\",\"urlTemplate\":\"https:\\\/\\\/fundacionpalarq.com\\\/en\\\/?s={search_term_string}\"},\"query-input\":{\"@type\":\"PropertyValueSpecification\",\"valueRequired\":true,\"valueName\":\"search_term_string\"}}],\"inLanguage\":\"en-US\"},{\"@type\":\"Organization\",\"@id\":\"https:\\\/\\\/fundacionpalarq.com\\\/en\\\/#organization\",\"name\":\"Fundaci\u00f3n Palarq\",\"url\":\"https:\\\/\\\/fundacionpalarq.com\\\/en\\\/\",\"logo\":{\"@type\":\"ImageObject\",\"inLanguage\":\"en-US\",\"@id\":\"https:\\\/\\\/fundacionpalarq.com\\\/en\\\/#\\\/schema\\\/logo\\\/image\\\/\",\"url\":\"https:\\\/\\\/fundacionpalarq.com\\\/wp-content\\\/uploads\\\/2020\\\/03\\\/logo.png\",\"contentUrl\":\"https:\\\/\\\/fundacionpalarq.com\\\/wp-content\\\/uploads\\\/2020\\\/03\\\/logo.png\",\"width\":560,\"height\":318,\"caption\":\"Fundaci\u00f3n Palarq\"},\"image\":{\"@id\":\"https:\\\/\\\/fundacionpalarq.com\\\/en\\\/#\\\/schema\\\/logo\\\/image\\\/\"},\"sameAs\":[\"https:\\\/\\\/www.facebook.com\\\/FundacionPalarq\",\"https:\\\/\\\/x.com\\\/FundacionPalarq\",\"https:\\\/\\\/www.instagram.com\\\/fpalarq\\\/?hl=es\",\"https:\\\/\\\/www.linkedin.com\\\/company\\\/27123417\\\/\",\"https:\\\/\\\/www.youtube.com\\\/channel\\\/UCeatjA-7IA7dgRNORqhwVQA\\\/videos\"]}]}<\/script>\n<!-- \/ Yoast SEO plugin. -->","yoast_head_json":{"title":"Archaeological and paleontology grants from the Palarq Foundation","description":"Grants awarded by the Palarq Foundation for projects in the field of archaeology and human palaeontology in 2025.","robots":{"index":"index","follow":"follow","max-snippet":"max-snippet:-1","max-image-preview":"max-image-preview:large","max-video-preview":"max-video-preview:-1"},"canonical":"https:\/\/fundacionpalarq.com\/en\/grants-2025\/","og_locale":"en_US","og_type":"article","og_title":"Archaeological and paleontology grants from the Palarq Foundation","og_description":"Grants awarded by the Palarq Foundation for projects in the field of archaeology and human palaeontology in 2025.","og_url":"https:\/\/fundacionpalarq.com\/en\/grants-2025\/","og_site_name":"Fundaci\u00f3n Palarq","article_publisher":"https:\/\/www.facebook.com\/FundacionPalarq","article_modified_time":"2026-02-26T13:56:42+00:00","twitter_card":"summary_large_image","twitter_site":"@FundacionPalarq","twitter_misc":{"Est. reading time":"21 minutes"},"schema":{"@context":"https:\/\/schema.org","@graph":[{"@type":"WebPage","@id":"https:\/\/fundacionpalarq.com\/en\/grants-2025\/","url":"https:\/\/fundacionpalarq.com\/en\/grants-2025\/","name":"Archaeological and paleontology grants from the Palarq Foundation","isPartOf":{"@id":"https:\/\/fundacionpalarq.com\/en\/#website"},"datePublished":"2025-11-27T12:52:10+00:00","dateModified":"2026-02-26T13:56:42+00:00","description":"Grants awarded by the Palarq Foundation for projects in the field of archaeology and human palaeontology in 2025.","breadcrumb":{"@id":"https:\/\/fundacionpalarq.com\/en\/grants-2025\/#breadcrumb"},"inLanguage":"en-US","potentialAction":[{"@type":"ReadAction","target":["https:\/\/fundacionpalarq.com\/en\/grants-2025\/"]}]},{"@type":"BreadcrumbList","@id":"https:\/\/fundacionpalarq.com\/en\/grants-2025\/#breadcrumb","itemListElement":[{"@type":"ListItem","position":1,"name":"Portada","item":"https:\/\/fundacionpalarq.com\/en\/"},{"@type":"ListItem","position":2,"name":"Grants 2025"}]},{"@type":"WebSite","@id":"https:\/\/fundacionpalarq.com\/en\/#website","url":"https:\/\/fundacionpalarq.com\/en\/","name":"Fundaci\u00f3n Palarq","description":"","publisher":{"@id":"https:\/\/fundacionpalarq.com\/en\/#organization"},"potentialAction":[{"@type":"SearchAction","target":{"@type":"EntryPoint","urlTemplate":"https:\/\/fundacionpalarq.com\/en\/?s={search_term_string}"},"query-input":{"@type":"PropertyValueSpecification","valueRequired":true,"valueName":"search_term_string"}}],"inLanguage":"en-US"},{"@type":"Organization","@id":"https:\/\/fundacionpalarq.com\/en\/#organization","name":"Fundaci\u00f3n Palarq","url":"https:\/\/fundacionpalarq.com\/en\/","logo":{"@type":"ImageObject","inLanguage":"en-US","@id":"https:\/\/fundacionpalarq.com\/en\/#\/schema\/logo\/image\/","url":"https:\/\/fundacionpalarq.com\/wp-content\/uploads\/2020\/03\/logo.png","contentUrl":"https:\/\/fundacionpalarq.com\/wp-content\/uploads\/2020\/03\/logo.png","width":560,"height":318,"caption":"Fundaci\u00f3n Palarq"},"image":{"@id":"https:\/\/fundacionpalarq.com\/en\/#\/schema\/logo\/image\/"},"sameAs":["https:\/\/www.facebook.com\/FundacionPalarq","https:\/\/x.com\/FundacionPalarq","https:\/\/www.instagram.com\/fpalarq\/?hl=es","https:\/\/www.linkedin.com\/company\/27123417\/","https:\/\/www.youtube.com\/channel\/UCeatjA-7IA7dgRNORqhwVQA\/videos"]}]}},"_links":{"self":[{"href":"https:\/\/fundacionpalarq.com\/en\/wp-json\/wp\/v2\/pages\/34754","targetHints":{"allow":["GET"]}}],"collection":[{"href":"https:\/\/fundacionpalarq.com\/en\/wp-json\/wp\/v2\/pages"}],"about":[{"href":"https:\/\/fundacionpalarq.com\/en\/wp-json\/wp\/v2\/types\/page"}],"author":[{"embeddable":true,"href":"https:\/\/fundacionpalarq.com\/en\/wp-json\/wp\/v2\/users\/1"}],"replies":[{"embeddable":true,"href":"https:\/\/fundacionpalarq.com\/en\/wp-json\/wp\/v2\/comments?post=34754"}],"version-history":[{"count":5,"href":"https:\/\/fundacionpalarq.com\/en\/wp-json\/wp\/v2\/pages\/34754\/revisions"}],"predecessor-version":[{"id":36426,"href":"https:\/\/fundacionpalarq.com\/en\/wp-json\/wp\/v2\/pages\/34754\/revisions\/36426"}],"wp:attachment":[{"href":"https:\/\/fundacionpalarq.com\/en\/wp-json\/wp\/v2\/media?parent=34754"}],"curies":[{"name":"wp","href":"https:\/\/api.w.org\/{rel}","templated":true}]}}