{"id":29231,"date":"2024-11-24T17:30:49","date_gmt":"2024-11-24T16:30:49","guid":{"rendered":"https:\/\/fundacionpalarq.com\/?page_id=29231"},"modified":"2025-09-30T14:01:44","modified_gmt":"2025-09-30T12:01:44","slug":"grants-2024","status":"publish","type":"page","link":"https:\/\/fundacionpalarq.com\/en\/grants-2024\/","title":{"rendered":"Grants 2024"},"content":{"rendered":"<div class=\"wpb-content-wrapper\"><h2 style=\"text-align: center;\" align=\"center\">GRANTS APPROVED IN THE 2024 CALL \u2013 SCHEDULED DATES IN THE 2025 CAMPAIGN<\/h2>\n<p style=\"text-align: center;\"><strong>Project: &#8220;Searching for Pleistocene human occupation in the Kura-Arax river depression&#8221; \u2013 South Caucasus, Armenia<\/strong><\/p>\n<p style=\"text-align: center;\">Institution: Fundaci\u00f3n Atapuerca<\/p>\n<p style=\"text-align: center;\">Directors: Dr. Lena Asryan, Dr. Andreu Oll\u00e9 Ca\u00f1ellas<\/p>\n<p style=\"text-align: center;\"><strong>Project: &#8220;Reformulation of hominid dispersal models through comparative studies of the Acheulean and Middle Paleolithic in India and Africa: Case studies at the Sendrayanapalayam site near Attirampakkam&#8221; \u2013 India <\/strong><\/p>\n<p style=\"text-align: center;\">Institution: Fundaci\u00f3n Atapuerca<\/p>\n<p style=\"text-align: center;\">Directors: Prof. Mohamed Sahnouni, Prof. Shanti Pappu, Prof. Akhilesh Kumar<\/p>\n<p style=\"text-align: center;\"><strong>Project: &#8220;Study of technological behaviour in the chimpanzees (<em>Pan troglodytes verus<\/em>) of Dindefelo: implications for the origin of technology in savannah environments&#8221; \u2013 Senegal<\/strong><\/p>\n<p style=\"text-align: center;\">Institution: Fundaci\u00f3n Atapuerca<\/p>\n<p style=\"text-align: center;\">Directors: Dr. Adri\u00e1n Arroyo, Dr. R. Adriana Hern\u00e1ndez-Aguilar<\/p>\n<p style=\"text-align: center;\"><strong>Project: &#8220;Archaeological mission to the site of Oxyrhynchus (El-Bahnasa)&#8221; \u2013 Egypt<\/strong><\/p>\n<p style=\"text-align: center;\">Institution: Universitat de Barcelona &#8211; IPOA (Instituto de Pr\u00f3ximo Oriente Antiguo)<\/p>\n<p style=\"text-align: center;\">Directors: Dr. Ignasi-Xavier Adiego Lajara, Dra. Maite Mascort Roca, Dra. Esther Pons Mellado<\/p>\n<p style=\"text-align: center;\"><strong>Project: &#8220;Two zero nine, Archaeological mission of the University of La Laguna for the study and conservation of TT 209, Luxor&#8221; \u2013 Egypt<\/strong><\/p>\n<p style=\"text-align: center;\">Institution: Universidad de La Laguna<\/p>\n<p style=\"text-align: center;\">Director: Dr. Miguel \u00c1ngel Molinero Polo<\/p>\n<p><strong><span style=\"color: #993300;\"><a style=\"color: #993300;\" href=\"https:\/\/fundacionpalarq.com\/masterclass-45-la-tumba-tebana-de-nisemro\/\">MASTERCLASS<\/a><\/span><\/strong><\/p>\n<p style=\"text-align: center;\"><strong>Project: &#8220;Zar Tepe in Bactriana. Buddhist Centre of the Kushan period in the hinterland of Termez (Surkhan Darya)&#8221; \u2013 Uzbekistan<\/strong><\/p>\n<p style=\"text-align: center;\">Institution: Universitat de Barcelona<\/p>\n<p style=\"text-align: center;\">Director: Dr. Ver\u00f3nica Mart\u00ednez Ferreras<\/p>\n<p><strong><span style=\"color: #993300;\"><a style=\"color: #993300;\" href=\"https:\/\/sketchfab.com\/IPAEB\">MUSEO VIRTUAL<\/a><\/span><\/strong><\/p>\n<p style=\"text-align: center;\"><strong>Project: &#8220;Excavation, historical study and conservation of the Middle Kingdom tombs of the Qubbet el-Hawa necropolis, Aswan&#8221; \u2013 Egypt<\/strong><\/p>\n<p style=\"text-align: center;\">Institution: Universidad de Ja\u00e9n<\/p>\n<p style=\"text-align: center;\">Directors: Dr. Alejandro Jim\u00e9nez Serrano, Dr. Jos\u00e9 Manuel Alba<\/p>\n<p><a href=\"https:\/\/fundacionpalarq.com\/masterclass-9-qubbet-el-hawa\/\"><strong><span style=\"color: #993300;\">MASTERCLASS<\/span><\/strong><\/a><\/p>\n<p><a href=\"https:\/\/fundacionpalarq.com\/podcast-qubbet-el-hawa-una-necropolis-unica-del-antiguo-egipto\/\"><span style=\"color: #993300;\">PODCAST HISTORIA NATIONAL GEOGRAPHIC<\/span><\/a><\/p>\n<p style=\"text-align: center;\"><strong>Project: &#8220;Archaeological project in Gird Lashkir: from the Zagro to the Erbil plain&#8221; \u2013 Erbil, Iraq (Iraqi Kurdistan)<\/strong><\/p>\n<p style=\"text-align: center;\">Institution: Universitat Aut\u00f2noma de Barcelona<\/p>\n<p style=\"text-align: center;\">Director: Dr. Miquel Molist Monta\u00f1a<\/p>\n<p><span style=\"color: #993300;\"><a style=\"color: #993300;\" href=\"https:\/\/fundacionpalarq.com\/masterclass-27-intervencion-arqueologica-en-gird-lashkir-kurdistan-iraq\/\"><strong>MASTERCLASS<\/strong><\/a><\/span><\/p>\n<p><span style=\"color: #993300;\"><a style=\"color: #993300;\" href=\"https:\/\/fundacionpalarq.com\/podcast-gird-lashkir-descubriendo-los-primeros-campesinos-de-la-historia\/\">PODCAST HISTORIA NATIONAL GEOGRAPHIC<\/a><\/span><\/p>\n<p style=\"text-align: center;\"><strong>Project: &#8220;Nahal Efe. The process of neolithisation in the desert region of the Negev&#8221; \u2013 Israel<\/strong><\/p>\n<p style=\"text-align: center;\">Institution: Instituci\u00f3 Mil\u00e0 i Fontanals, CSIC \u2013 Barcelona<\/p>\n<p style=\"text-align: center;\">Director: Dr. Ferran Borrell<\/p>\n<p><strong><span style=\"color: #993300;\"><a style=\"color: #993300;\" href=\"https:\/\/fundacionpalarq.com\/masterclass-42-nahal-efe\/?utm_source=Nahal%20efe&amp;utm_medium=junio20\">MASTERCLASS<\/a><\/span><\/strong><\/p>\n<p><a href=\"https:\/\/historia.nationalgeographic.com.es\/a\/curiosa-vida-nuestros-antepasados-neguev-israel-durante-neolitico_17955\">PODCAST HISTORIA NATIONAL GEOGRAPHIC<\/a><\/p>\n<p style=\"text-align: center;\"><strong>Project: &#8220;Interactions between pastoralists and traders in the Horn of Africa&#8221; \u2013 Djibouti<\/strong><\/p>\n<p style=\"text-align: center;\">Institution: Instituto de Ciencias del Patrimonio (INCIPIT), CSIC- Santiago de Compostela<\/p>\n<p style=\"text-align: center;\">Director: Dr. Alfredo Gonz\u00e1lez-Ruibal<\/p>\n<p><a href=\"https:\/\/fundacionpalarq.com\/podcast-desenterrando-el-pasado-sobre-somalilandia-un-prometedor-tesoro-de-la-arqueologia\/\"><span style=\"color: #993300;\">PODCAST HISTORIA NATIONAL GEOGRAPHIC<\/span><\/a><\/p>\n<p style=\"text-align: center;\"><strong>Project: &#8220;The Middle Kingdom Theban Project: Excavation, documentation and publication of tombs of the 11th and 12th Dynasties at Deir el-Bahari and Asasif, Thebes (Luxor)&#8221; \u2013 Egypt<\/strong><\/p>\n<p style=\"text-align: center;\">Institution: Universidad de Alcal\u00e1<\/p>\n<p style=\"text-align: center;\">Director: Dr. Antonio J. Morales Rond\u00e1n<\/p>\n<p><a href=\"https:\/\/fundacionpalarq.com\/podcast-los-misterios-de-las-tumbas-egipcias-del-reino-medio-en-tebas\/\">PODCAST HISTORIA NATIONAL GEOGRAPHIC<\/a><\/p>\n<p style=\"text-align: center;\"><strong>Project: &#8220;Between funerary wells, offering chapels and mud-brick pyramids. Excavations of the Djehuty project in Dra Abu El-Naga- Luxor&#8221; \u2013 Egypt<\/strong><\/p>\n<p style=\"text-align: center;\">Institution: Consejo Superior de Investigaciones Cient\u00edficas (CSIC)<\/p>\n<p style=\"text-align: center;\">Director: Dr. Jos\u00e9 Manuel Gal\u00e1n Allu\u00e9<\/p>\n<p><strong><span style=\"color: #993300;\"><a style=\"color: #993300;\" href=\"https:\/\/fundacionpalarq.com\/masterclass-de-arqueologia-y-paleontologia-masterclass-1-projecto-djehuty\/\">MASTERCLASS<\/a><\/span><\/strong><\/p>\n<p><a href=\"https:\/\/historia.nationalgeographic.com.es\/a\/djehuty-funcionario-reina-egipcia-hatshepsut_17640\"><span style=\"color: #993300;\">PODCAST HISTORIA NATIONAL GEOGRAPHIC<\/span><\/a><\/p>\n<p style=\"text-align: center;\"><strong>Project: &#8220;Archaeological project at Tell el-Far&#8217;a&#8221; \u2013 Palestine<\/strong><\/p>\n<p style=\"text-align: center;\">Institution: Universidade da Coru\u00f1a<\/p>\n<p style=\"text-align: center;\">Director: Dr. Juan Luis Montero Fenoll\u00f3s<\/p>\n<p><a href=\"https:\/\/fundacionpalarq.com\/masterclass-6-arqueologia-en-femenino-en-tell-el-far-ah-palestina\/\"><strong><span style=\"color: #993300;\">MASTERCLASS<\/span><\/strong><\/a><\/p>\n<p><strong><span style=\"color: #993300;\"><a style=\"color: #993300;\" href=\"https:\/\/www.tellelfara.com\/vdeos-3d-1\">V\u00cdDEOS CAMPA\u00d1AS<\/a><\/span><\/strong><\/p>\n<p style=\"text-align: center;\"><strong>Project: &#8220;Sikait Project&#8221; \u2013 Egypt<\/strong><\/p>\n<p style=\"text-align: center;\">Institution: Universitat Aut\u00f2noma de Barcelona<\/p>\n<p style=\"text-align: center;\">Director: Dr. Joan Oller Guzm\u00e1n<\/p>\n<p><a href=\"https:\/\/fundacionpalarq.com\/masterclass18-las-minas-de-esmeraldas-de-sikait\/\"><strong><span style=\"color: #993300;\">MASTERCLASS<\/span><\/strong><\/a><\/p>\n<p><a href=\"https:\/\/fundacionpalarq.com\/podcast-desenterrando-el-pasado-sobre-wadi-sikait-la-mina-de-esmeraldas-del-egipto-romano\/\"><span style=\"color: #993300;\">PODCAST HISTORIA NATIONAL GEOGRAPHIC<\/span><\/a><\/p>\n<p style=\"text-align: center;\"><strong>Project: &#8220;The Gird Banahilk settlement: The Consolidation of Agro-pastoral Communities in the Zagros&#8221; \u2013 Kurdistan &#8211; Iraq<\/strong><\/p>\n<p style=\"text-align: center;\">Institution: Universitat Aut\u00f2noma de Barcelona<\/p>\n<p style=\"text-align: center;\">Director: Dr. Anna Bach G\u00f3mez<\/p>\n<p><span style=\"color: #993300;\"><strong><a href=\"https:\/\/fundacionpalarq.com\/masterclass-de-arqueologia-y-paleontologia-masterclass-39-ndutupai-los-primeros-humanos-modernos-en-el-norte-de-tanzania\/\">MASTERCLASS<\/a><\/strong><\/span><\/p>\n<p><a href=\"https:\/\/fundacionpalarq.com\/ndutupai-en-busca-de-homo-sapiens-en-tanzania\/\"><strong>DOCUMENTALES<\/strong><\/a><\/p>\n<p><a href=\"https:\/\/fundacionpalarq.com\/podcast-ndutupai-los-primeros-humanos-modernos\/\"><span style=\"color: #993300;\">PODCAST HISTORIA NATIONAL GEOGRAPHIC<\/span><\/a><\/p>\n<p style=\"text-align: center;\"><strong>Project: &#8220;Artisan Priests: The tomb of the Memphite high priest Sabu-Tjeti at Saqqara North (Spanish-Egyptian archaeological mission to Saqqara)&#8221; \u2013 Egypt<\/strong><\/p>\n<p style=\"text-align: center;\">Institution: Universitat Aut\u00f2noma de Barcelona<\/p>\n<p style=\"text-align: center;\">Director: Dr. Josep Cervell\u00f3 Autuori<\/p>\n<p><a href=\"https:\/\/fundacionpalarq.com\/podcast-descripcion-de-cahuachi-la-gran-ciudad-milenaria-del-sur-de-peru\/\"><strong><span style=\"color: #993300;\">PODCAST HISTORIA NATIONAL GEOGRAPHIC<\/span><\/strong><\/a><\/p>\n<p style=\"text-align: center;\"><strong>Proyecto: &#8220;ModAgrO: Modelling the Agricultural Origins and Urbanism in South Asia&#8221; \u2013 Pakistan<\/strong><\/p>\n<p style=\"text-align: center;\">Institution: Universitat Pompeu Fabra<\/p>\n<p style=\"text-align: center;\">Director: Dr. Marco Madella<\/p>\n<p><a href=\"https:\/\/fundacionpalarq.com\/masterclass-31-banahilk-yacimiento-clave-para-el-conocimiento-de-la-prehistoria-reciente\/\"><strong><span style=\"color: #993300;\">MASTERCLASS<\/span><\/strong><\/a><\/p>\n<p><a href=\"https:\/\/fundacionpalarq.com\/podcast-saqueo-y-rescate-de-tumbas-en-el-yacimiento-egipcio-de-kom-el-khamasin\/\">PODCAST HISTORIA NATIONAL GEOGRAPHIC<\/a><\/p>\n<p style=\"text-align: center;\"><strong>Project: &#8220;Paleoanthropological prospecting in Equatorial Guinea IV: coastal area of the continental region (Muni River)&#8221; \u2013 Equatorial Guinea<\/strong><\/p>\n<p style=\"text-align: center;\">Institution: Museo Nacional de Ciencias Naturales &#8211; CSIC<\/p>\n<p style=\"text-align: center;\">Director: Dr. Antonio Rosas Gonz\u00e1lez<\/p>\n<p><strong><span style=\"color: #993300;\"><a style=\"color: #993300;\" href=\"https:\/\/fundacionpalarq.com\/masterclass-de-arqueologia-y-paleontologia-masterclass-48-modagro-agricultura-del-viejo-mundo\/\">MASTERCLAS<\/a><\/span><\/strong><\/p>\n<p><a href=\"https:\/\/historia.nationalgeographic.com.es\/a\/secretos-civilizacion-indo_17686?noutil=palarq\"><span style=\"color: #993300;\">PODCAST HISTORIA NATIONAL GEOGRAPHIC<\/span><\/a><\/p>\n<p style=\"text-align: center;\"><strong>Project: &#8220;Study of the Pleistocene records of the Engel Ela-Ramud &#8221; \u2013 Eritrea<\/strong><\/p>\n<p style=\"text-align: center;\">Institution:Institut Catal\u00e0 de Paleoecologia Humana i Evoluci\u00f3 Social (IPHES-CERCA)<\/p>\n<p style=\"text-align: center;\">Directors: Dr. Bienvenido Mart\u00ednez-Navarro, Dr. Tsegai Medin<\/p>\n<p><a href=\"https:\/\/fundacionpalarq.com\/masterclass-28-el-paisaje-sonoro-del-arte-rupestre\/\"><span style=\"color: #993300;\"><strong>MASTERCLASS<\/strong><\/span><\/a><\/p>\n<p><a href=\"https:\/\/www.ivoox.com\/arqueoacustica-importancia-del-sonido-lugares-audios-mp3_rf_83808184_1.html\">PODCAST HISTORIA NATIONAL GEOGRAPHIC<\/a><\/p>\n<p style=\"text-align: center;\"><strong>Project: \u201cCarthage and its territory, from the Punic \u2018rst to the\u00a0<em>pagus Zeugei<\/em>, economic landscapes and territorial organisation\u201d \u2013 Tunisia<\/strong><\/p>\n<p style=\"text-align: center;\">Institution: Universitat de Val\u00e8ncia<\/p>\n<p style=\"text-align: center;\">Director: Dr. Iv\u00e1n Fumad\u00f3 Ortega<\/p>\n<p style=\"text-align: center;\"><strong>Project: \u201cBehavioural variability of Homo erectus during the Lower Pleistocene in the Ethiopian Highlands at Melka Kunture\u201d \u2013 Ethiopia<\/strong><\/p>\n<p style=\"text-align: center;\">Institution: Universidad Complutense de Madrid<\/p>\n<p style=\"text-align: center;\">Directors: Dr. Joaqu\u00edn Panera Gallego, Prof. Margherita Mussi, Dr. Eduardo M\u00e9ndez-Quintas, Dr. Susana Rubio-Jara<\/p>\n<p style=\"text-align: center;\"><strong>Project: &#8220;Early Acheulean in East Africa: Excavations at Loc 14&#8221; \u2013 Olduvai, Tanzania<\/strong><\/p>\n<p style=\"text-align: center;\">Institution: Consejo Superior de Investigaciones Cient\u00edficas (CSIC)<\/p>\n<p style=\"text-align: center;\">Directors: Dr. Ignacio de la Torre<\/p>\n<p>&nbsp;<\/p>\n<p><a href=\"https:\/\/fundacionpalarq.com\/masterclass-30-la-cuenca-de-engel-ela-ramud\/\"><strong><span style=\"color: #993300;\">MASTERCLASS<\/span><\/strong><\/a><\/p>\n<p style=\"text-align: center;\"><strong>Project: &#8220;FLK West (Olduvai Gorge, Tanzania) and the origin of the Acheulean in East Africa&#8221; \u2013 Tanzania<\/strong><\/p>\n<p style=\"text-align: center;\">Institution: Universidad de Valladolid<\/p>\n<p style=\"text-align: center;\">Director: Dr. Fernando Diez Mart\u00edn<\/p>\n<p><a href=\"https:\/\/fundacionpalarq.com\/podcast-sela-la-hermana-pequena-de-petra\/\"><span style=\"color: #993300;\">PODCAST HISTORIA NATIONAL GEOGRAPHIC<\/span><\/a><\/p>\n<p style=\"text-align: center;\"><strong>Project: &#8220;First human steps in South America: walking among Gonphotheres&#8221; \u2013 Chile<\/strong><\/p>\n<p style=\"text-align: center;\">Institution:Institut Catal\u00e0 de Paleoecologia Humana i Evoluci\u00f3 Social (IPHES-CERCA)<\/p>\n<p style=\"text-align: center;\">Director: Dr. Carlos Tornero<\/p>\n<p>&nbsp;<\/p>\n<p><a href=\"https:\/\/fundacionpalarq.com\/podcast-desenterrando-el-pasado-sobre-trialeti-los-grabados-rupestres-mas-importantes-de-georgia\/\"><span style=\"color: #993300;\">PODCAST HISTORIA NATIONAL GEOGRAPHIC<\/span><\/a><\/p>\n<p style=\"text-align: center;\"><strong>Project: &#8220;Archaeological Pr. in the Kachchh (India): pastoralism, exchange and the origins of the Indus Civilisation&#8221; \u2013 India<\/strong><\/p>\n<p style=\"text-align: center;\">Institution: Consejo Superior de Investigaciones Cient\u00edficas (CSIC)<\/p>\n<p style=\"text-align: center;\">Directors: Dr. Francesc Cec\u00edlia i Conesa, Dr. Juan Jos\u00e9 Garc\u00eda Granero<\/p>\n<p><a href=\"https:\/\/fundacionpalarq.com\/masterclass-51-el-homo-sapiens-en-los-entornos-costeros\/\"><strong><span style=\"color: #993300;\">MASTERCLASS<\/span><\/strong><\/a><\/p>\n<p><span style=\"color: #993300;\"><a style=\"color: #993300;\" href=\"https:\/\/fundacionpalarq.com\/https-www-ivoox-com-kilwa-yacimiento-clave-para-entender-evolucion-audios-mp3_rf_72678403_1-html\/\">PODCAST HISTORIA NATIONAL GEOGRAPHIC<\/a><\/span><\/p>\n<p style=\"text-align: center;\"><strong>Project: &#8220;TIPASA. Occupation, production and interconnections in the territory of an African city during Antiquity&#8221; \u2013 Algeria<\/strong><\/p>\n<p style=\"text-align: center;\">Institution: Consejo Superior de Investigaciones Cient\u00edficas (CSIC)<\/p>\n<p style=\"text-align: center;\">Director: Dr. Alejandro Quevedo<\/p>\n<p style=\"text-align: center;\"><strong>Project: &#8220;Archaeology in the inland sea of \u00daltima Esperanza (Magallanes, Chile): navigation, exchange and use of native forest during the late Holocene&#8221; \u2013 Chile<\/strong><\/p>\n<p style=\"text-align: center;\">Institution: Instituci\u00f3 Mil\u00e0 i Fontanals, CSIC &#8211; Barcelona<\/p>\n<p style=\"text-align: center;\">Directors: Dr. Vanessa Navarrete, Dr. Albert Garc\u00eda-Piquer, Dr. Robert Carracedo-Recasens<\/p>\n<p style=\"text-align: center;\"><strong>Project: &#8220;Archaeology of indigenous peasant spaces and spanish colonial stays in Catamarca (16th-18th centuries)&#8221; \u2013 Argentina<\/strong><\/p>\n<p style=\"text-align: center;\">Institution: Universitat Aut\u00f2noma de Barcelona<\/p>\n<p style=\"text-align: center;\">Director: Dr. F\u00e9lix Retamero<\/p>\n<p style=\"text-align: center;\"><strong>Project: &#8220;Uxmal. Columns Group Phase II&#8221; \u2013 Yucatan, M\u00e9xico<\/strong><\/p>\n<p style=\"text-align: center;\">Institution: Universitat de Val\u00e8ncia<\/p>\n<p style=\"text-align: center;\">Director: Dr. Cristina Vidal Lorenzo, Dr. Gaspar Mu\u00f1oz Cosme<\/p>\n<p style=\"text-align: center;\"><strong>Project: &#8220;Roman olive oil mills in the Kasserine region (Project linked to &#8220;North African identities in transformation: ethnic groups of the Libyco-Berbers and Romans through the funerary imaginary&#8221;)&#8221; \u2013 Tunisia<\/strong><\/p>\n<p style=\"text-align: center;\">Institution: Universidad Complutense de Madrid<\/p>\n<p style=\"text-align: center;\">Director: Dr. Fabiola Salcedo Garc\u00e9s<\/p>\n<p style=\"text-align: center;\"><strong>\u00a0<\/strong><\/p>\n<p style=\"text-align: center;\"><strong>Project: &#8220;Pampa Galeras. Approach to the knowledge of hunter-gatherer societies of the early Holocene in the Peruvian Andean highlands&#8221; \u2013 Peru<\/strong><\/p>\n<p style=\"text-align: center;\">Institution: Universitat de Barcelona<\/p>\n<p style=\"text-align: center;\">Directors: Dr. Jos\u00e9-Miguel Tejero C\u00e1ceres, Dr. Leslye Valenzuela Leyva<\/p>\n<p><span style=\"color: #993300;\"><a style=\"color: #993300;\" href=\"https:\/\/fundacionpalarq.com\/masterclass-11-autigasta-y-huaycama-argentina\/\">MASTERCLASS<\/a><\/span><\/p>\n<p style=\"text-align: center;\"><strong>Project: &#8220;In search of the origins of the Numidian civilisation: excavations and surveys at Sidi Sa\u00efd&#8221; \u2013 Siliana, Tunisia<\/strong><\/p>\n<p style=\"text-align: center;\">Institution: Institut Cat\u00e0la d\u2019Arqueologia Cl\u00e0ssica (ICAC-CERCA)<\/p>\n<p style=\"text-align: center;\">Directors: Dr. Mar\u00eda del Carmen Belarte Franco, Dr. David Montanero Vico<\/p>\n<p>&nbsp;<\/p>\n<p style=\"text-align: center;\"><strong>Project: &#8220;Energy resources in prehistory. An approach from the ethnoarchaeology of combustible in Tanzania, Namibia and Sri Lanka&#8221;<\/strong><\/p>\n<p style=\"text-align: center;\">Institution: Institut Catal\u00e0 de Paleoecologia Humana i Evoluci\u00f3 Social (IPHES-CERCA)<\/p>\n<p style=\"text-align: center;\">Directors: Dr. Ethel Allu\u00e9, Dr. Lloren\u00e7 Picornell Gelabert, Dr. Aitor Burguet Coca<\/p>\n<p style=\"text-align: center;\"><strong>Project: &#8220;Archaeology and Heritage in Cape Verde: the city-port of Ribeira Grande in the 15th-18th centuries&#8221; \u2013 Cape Verde<\/strong><\/p>\n<p style=\"text-align: center;\">Institution: Universidad del Pa\u00eds Vasco \/Euskal Herriko Unibertsitatea<\/p>\n<p style=\"text-align: center;\">Directors: Dr. Javier Garcia I\u00f1a\u00f1ez, Dr. Andr\u00e9 Teixeira, Dr. Jaylson Monteiro<\/p>\n<p style=\"text-align: center;\"><strong>Project: &#8220;A river called time, an excavation called deep history: archaeological research in the Itajai valley&#8221; \u2013 Brazil<\/strong><\/p>\n<p style=\"text-align: center;\">Institution: Universidad de Las Palmas de Gran Canaria<\/p>\n<p style=\"text-align: center;\">Directors: Dr. Simon-Pierre Gilson, Dr. Alejandra C. Ord\u00f3\u00f1ez<\/p>\n<p style=\"text-align: center;\"><strong>\u00a0Project: &#8220;Characterisation of the occupations in the Lajuad 2 shelter and the ancient Neolithic in Western Sahara&#8221; \u2013 Western Sahara<\/strong><\/p>\n<p style=\"text-align: center;\">Institution: Institut Catal\u00e0 de Recerca en Patrimoni Cultural \u2013 (ICRPC-CERCA-UdG)<\/p>\n<p style=\"text-align: center;\">Director: Dr. Joaquim Soler i Subils<\/p>\n<p style=\"text-align: center;\"><strong>Project: &#8220;Settlement, social innovations, environmental impact and paleoclimatic changes among hunter-gatherer-fishermen societies on the Atlantic coast of Tierra del Fuego&#8221; \u2013 Argentina<\/strong><\/p>\n<p style=\"text-align: center;\">Institution: Universitat de Barcelona<\/p>\n<p style=\"text-align: center;\">Directors: Dr. Ivan Briz Godino, Dr. Myriam \u00c1lvarez Caama\u00f1o<\/p>\n<p style=\"text-align: center;\"><strong>Project: &#8220;Life in the Oasis. Project al Madam, Sharjah&#8221; \u2013 United Arab Emirates<\/strong><\/p>\n<p style=\"text-align: center;\">Institution: Universidad Aut\u00f3noma de Madrid<\/p>\n<p style=\"text-align: center;\">Director: Prof. Dr. Carmen del Cerro Linares<\/p>\n<p style=\"text-align: center;\"><strong>Project: \u201cARVCODA \u2013 Archaeology of Plant Resources in the Atacama Desert Coast\u201d \u2013 Chile<\/strong><\/p>\n<p style=\"text-align: center;\">Institution: Consejo Superior de Investigaciones Cient\u00edficas (CSIC)<\/p>\n<p style=\"text-align: center;\">Director: Dr. D\u00e9bora Zurro<\/p>\n<p style=\"text-align: center;\"><strong>Project: &#8220;Past, present and future on the Rota Island&#8221; \u2013 Commonwealth of the Northern Mariana Islands<\/strong><br \/>\nInstitution: Consejo Superior de Investigaciones Cient\u00edficas (CSIC)<\/p>\n<p style=\"text-align: center;\">Director: Dr. Mar\u00eda Cruz Berrocal<\/p>\n<p style=\"text-align: center;\"><strong>Project: &#8220;T<span class=\"Y2IQFc\" lang=\"en\">he Formation of agrarian landscapes in the Central Anden of Peru. The study of the pre-Hispanic agricultural and livestock landscape of the Sondondo Valley&#8221;- Peru<\/span><\/strong><\/p>\n<p style=\"text-align: center;\">Institution: Universidad de Oviedo<\/p>\n<p style=\"text-align: center;\">Directors: Dr. Margarita Fern\u00e1ndez Mier, Dr. Patricia Aparicio Mart\u00ednez<\/p>\n<p style=\"text-align: center;\"><strong>Project: &#8220;<span class=\"Y2IQFc\" lang=\"en\">The Sumerian city of Adab (Tell Bismaya). The historical and archaeological recovery of a Sumero-Akkadian Lower Mesopotamian city and its surroundings&#8221;- Iraq <\/span><\/strong><\/p>\n<p style=\"text-align: center;\">Institution: Universidad de Valladolid<\/p>\n<p style=\"text-align: center;\">Directors: Dr. Joaqu\u00edn Mar\u00eda C\u00f3rdoba Zolio, Dr. Dr. Jes\u00fas Garc\u00eda Recio, D. Alfonso Vives Cuesta<\/p>\n<p style=\"text-align: center;\"><strong>Project: &#8220;Rock art of the In\u00edrida River&#8221; \u2013 Colombia<\/strong><\/p>\n<p style=\"text-align: center;\">Institution: Universidad de Alcal\u00e1<\/p>\n<p style=\"text-align: center;\">Directors: Dr. Carmen P\u00e9rez Maestro, Dr. Primitiva Bueno Ram\u00edrez<\/p>\n<p style=\"text-align: center;\"><strong>Project: &#8220;Past dynamics and distribution of South Africa&#8217;s biodiverse systems: revealing the environments of our ancestors and conserving our own&#8221; \u2013 South Africa<\/strong><\/p>\n<p style=\"text-align: center;\">Institutions: Universidad de Le\u00f3n, Nelson Mandela University<\/p>\n<p style=\"text-align: center;\">Directors: Dr. Sa\u00fal Manzano Rodr\u00edguez, Dr. Lynne Quick<\/p>\n<p style=\"text-align: center;\"><strong>Project: &#8220;Study, documentation and radiometric dating of the Tham Fa Mue rock art site&#8221; \u2013 Lao People&#8217;s Democratic Republic<\/strong><\/p>\n<p style=\"text-align: center;\">Institution: Universidad de Salamanca<\/p>\n<p style=\"text-align: center;\">Director: Dr. Olivia Rivero Vil\u00e1<\/p>\n<p style=\"text-align: center;\"><strong>Project: &#8220;Subsistence strategies and settlement patterns of the first populations of the Amazon: archaeological campaign in Barba Azul Island&#8221; \u2013 Bolivia<\/strong><\/p>\n<p style=\"text-align: center;\">institution: Universitat Aut\u00f2noma de Barcelona<\/p>\n<p style=\"text-align: center;\">Directors: Dr. Asier Garc\u00eda Esc\u00e1rzaga, Dr. Umberto Lombardo<\/p>\n<p style=\"text-align: center;\"><strong>Project: &#8221; The human landscape of Thapsus, between the Mediterranean and the sebkha of Moknine&#8221; \u2013 Tunisia<\/strong><\/p>\n<p style=\"text-align: center;\">Institution: Instituto de Arqueolog\u00eda de M\u00e9rida (IAM) &#8211; CSIC<\/p>\n<p style=\"text-align: center;\">Director: Dr. Jes\u00fas Garc\u00eda S\u00e1nchez<\/p>\n<p style=\"text-align: center;\"><strong>Project: &#8220;Documentation of the parietal manifestations of the Marshill Rockshelter (Rossouw, Stormberg, Eastern Cape)&#8221; \u2013 South Africa<\/strong><\/p>\n<p style=\"text-align: center;\">Institution: Universidad de Granada<\/p>\n<p style=\"text-align: center;\">Director: Dr. Paloma de la Pe\u00f1a Alonso<\/p>\n<p style=\"text-align: center;\"><strong>Project: &#8220;Archaeology of the Hadza: Ethnoarchaeological analysis of the last contemporary hunter-gatherers&#8221; \u2013 Tanzania<\/strong><\/p>\n<p style=\"text-align: center;\">Institution: Universidad de Cantabria<\/p>\n<p style=\"text-align: center;\">Director: Dr. Pablo Arias Cabal<\/p>\n<p style=\"text-align: center;\"><strong>Project: &#8220;C2 &#8211; Royal Cache Wadi Survey&#8221; \u2013 Egypt<\/strong><\/p>\n<p style=\"text-align: center;\">Institution: Universidad Complutense de Madrid<\/p>\n<p style=\"text-align: center;\">Director: Dr. Jos\u00e9 Ram\u00f3n P\u00e9rez-Accino Picatoste<\/p>\n<p style=\"text-align: center;\"><strong>\u00a0Project: &#8220;Lecture Series: &#8220;A<span class=\"Y2IQFc\" lang=\"en\">rchaeological research in Spain VI&#8221;<\/span><\/strong><\/p>\n<p style=\"text-align: center;\">Institution: MAN (Museo Arqueol\u00f3gico Nacional) &#8211; Madrid<\/p>\n<p style=\"text-align: center;\">Director: Dr. Isabel Izquierdo Peraile<\/p>\n<div class=\"templatera_shortcode\"><style type=\"text\/css\" data-type=\"vc_shortcodes-custom-css\">.vc_custom_1765801838577{margin-top: 50px !important;border-top-width: 2px !important;padding-top: 50px !important;border-top-style: solid !important;border-color: #b07964 !important;}<\/style><div class=\"vc_row wpb_row vc_row-fluid dt-default\" style=\"margin-top: 0px;margin-bottom: 0px\"><div class=\"wpb_column vc_column_container vc_col-sm-3\"><div class=\"vc_column-inner\"><div class=\"wpb_wrapper\"><\/div><\/div><\/div><div class=\"wpb_column vc_column_container vc_col-sm-6\"><div class=\"vc_column-inner\"><div class=\"wpb_wrapper\">\n\t<div class=\"wpb_text_column wpb_content_element  vc_custom_1765801838577 menu_subvenciones\" >\n\t\t<div class=\"wpb_wrapper\">\n\t\t\t<h2 style=\"text-align: center;\">ALL EDITIONS<\/h2>\n<ul>\n<li style=\"text-align: center;\"><a href=\"https:\/\/fundacionpalarq.com\/en\/grants-2017\/\">2016-2017 EDITION<\/a><\/li>\n<li style=\"text-align: center;\"><a href=\"https:\/\/fundacionpalarq.com\/en\/grants-2018\">2018 EDITION<\/a><\/li>\n<li style=\"text-align: center;\"><a href=\"https:\/\/fundacionpalarq.com\/en\/grants-2019\">2019 EDITION<\/a><\/li>\n<li style=\"text-align: center;\"><a href=\"https:\/\/fundacionpalarq.com\/en\/grants-2020\/\">2020 EDITION<\/a><\/li>\n<li style=\"text-align: center;\"><a href=\"https:\/\/fundacionpalarq.com\/en\/grants-2021\/\">2021 EDITION<\/a><\/li>\n<li style=\"text-align: center;\"><a href=\"https:\/\/fundacionpalarq.com\/en\/grants-2022\/\">2022 EDITION<\/a><\/li>\n<li style=\"text-align: center;\"><a href=\"https:\/\/fundacionpalarq.com\/en\/grants-2023\/\">2023 EDITION<\/a><\/li>\n<li style=\"text-align: center;\"><a href=\"https:\/\/fundacionpalarq.com\/en\/grants-2024\/\">2024 EDITION<\/a><\/li>\n<\/ul>\n\n\t\t<\/div>\n\t<\/div>\n<\/div><\/div><\/div><div class=\"wpb_column vc_column_container vc_col-sm-3\"><div class=\"vc_column-inner\"><div class=\"wpb_wrapper\"><\/div><\/div><\/div><\/div><\/div>\n<\/div>","protected":false},"excerpt":{"rendered":"<p>GRANTS APPROVED IN THE 2024 CALL \u2013 SCHEDULED DATES IN THE 2025 CAMPAIGN Project: &#8220;Searching for Pleistocene human occupation in the Kura-Arax river depression&#8221; \u2013 South Caucasus, Armenia Institution: Fundaci\u00f3n Atapuerca Directors: Dr. Lena Asryan, Dr. Andreu Oll\u00e9 Ca\u00f1ellas Project: &#8220;Reformulation of hominid dispersal models through comparative studies of the Acheulean and Middle Paleolithic in&hellip;<\/p>\n","protected":false},"author":1,"featured_media":0,"parent":0,"menu_order":0,"comment_status":"closed","ping_status":"closed","template":"","meta":{"footnotes":"","_links_to":"","_links_to_target":""},"class_list":["post-29231","page","type-page","status-publish","hentry","description-off"],"yoast_head":"<!-- This site is optimized with the Yoast SEO plugin v27.4 - https:\/\/yoast.com\/product\/yoast-seo-wordpress\/ -->\n<title>Archaeological and paleontology grants from the Palarq Foundation<\/title>\n<meta name=\"description\" content=\"Grants awarded by the Palarq Foundation for projects in the field of archaeology and human palaeontology in 2023.\" \/>\n<meta name=\"robots\" content=\"index, follow, max-snippet:-1, max-image-preview:large, max-video-preview:-1\" \/>\n<link rel=\"canonical\" href=\"https:\/\/fundacionpalarq.com\/en\/grants-2024\/\" \/>\n<meta property=\"og:locale\" content=\"en_US\" \/>\n<meta property=\"og:type\" content=\"article\" \/>\n<meta property=\"og:title\" content=\"Archaeological and paleontology grants from the Palarq Foundation\" \/>\n<meta property=\"og:description\" content=\"Grants awarded by the Palarq Foundation for projects in the field of archaeology and human palaeontology in 2023.\" \/>\n<meta property=\"og:url\" content=\"https:\/\/fundacionpalarq.com\/en\/grants-2024\/\" \/>\n<meta property=\"og:site_name\" content=\"Fundaci\u00f3n Palarq\" \/>\n<meta property=\"article:publisher\" content=\"https:\/\/www.facebook.com\/FundacionPalarq\" \/>\n<meta property=\"article:modified_time\" content=\"2025-09-30T12:01:44+00:00\" \/>\n<meta name=\"twitter:card\" content=\"summary_large_image\" \/>\n<meta name=\"twitter:site\" content=\"@FundacionPalarq\" \/>\n<meta name=\"twitter:label1\" content=\"Est. reading time\" \/>\n\t<meta name=\"twitter:data1\" content=\"12 minutes\" \/>\n<script type=\"application\/ld+json\" class=\"yoast-schema-graph\">{\"@context\":\"https:\\\/\\\/schema.org\",\"@graph\":[{\"@type\":\"WebPage\",\"@id\":\"https:\\\/\\\/fundacionpalarq.com\\\/en\\\/grants-2024\\\/\",\"url\":\"https:\\\/\\\/fundacionpalarq.com\\\/en\\\/grants-2024\\\/\",\"name\":\"Archaeological and paleontology grants from the Palarq Foundation\",\"isPartOf\":{\"@id\":\"https:\\\/\\\/fundacionpalarq.com\\\/en\\\/#website\"},\"datePublished\":\"2024-11-24T16:30:49+00:00\",\"dateModified\":\"2025-09-30T12:01:44+00:00\",\"description\":\"Grants awarded by the Palarq Foundation for projects in the field of archaeology and human palaeontology in 2023.\",\"breadcrumb\":{\"@id\":\"https:\\\/\\\/fundacionpalarq.com\\\/en\\\/grants-2024\\\/#breadcrumb\"},\"inLanguage\":\"en-US\",\"potentialAction\":[{\"@type\":\"ReadAction\",\"target\":[\"https:\\\/\\\/fundacionpalarq.com\\\/en\\\/grants-2024\\\/\"]}]},{\"@type\":\"BreadcrumbList\",\"@id\":\"https:\\\/\\\/fundacionpalarq.com\\\/en\\\/grants-2024\\\/#breadcrumb\",\"itemListElement\":[{\"@type\":\"ListItem\",\"position\":1,\"name\":\"Portada\",\"item\":\"https:\\\/\\\/fundacionpalarq.com\\\/en\\\/\"},{\"@type\":\"ListItem\",\"position\":2,\"name\":\"Grants 2024\"}]},{\"@type\":\"WebSite\",\"@id\":\"https:\\\/\\\/fundacionpalarq.com\\\/en\\\/#website\",\"url\":\"https:\\\/\\\/fundacionpalarq.com\\\/en\\\/\",\"name\":\"Fundaci\u00f3n Palarq\",\"description\":\"\",\"publisher\":{\"@id\":\"https:\\\/\\\/fundacionpalarq.com\\\/en\\\/#organization\"},\"potentialAction\":[{\"@type\":\"SearchAction\",\"target\":{\"@type\":\"EntryPoint\",\"urlTemplate\":\"https:\\\/\\\/fundacionpalarq.com\\\/en\\\/?s={search_term_string}\"},\"query-input\":{\"@type\":\"PropertyValueSpecification\",\"valueRequired\":true,\"valueName\":\"search_term_string\"}}],\"inLanguage\":\"en-US\"},{\"@type\":\"Organization\",\"@id\":\"https:\\\/\\\/fundacionpalarq.com\\\/en\\\/#organization\",\"name\":\"Fundaci\u00f3n Palarq\",\"url\":\"https:\\\/\\\/fundacionpalarq.com\\\/en\\\/\",\"logo\":{\"@type\":\"ImageObject\",\"inLanguage\":\"en-US\",\"@id\":\"https:\\\/\\\/fundacionpalarq.com\\\/en\\\/#\\\/schema\\\/logo\\\/image\\\/\",\"url\":\"https:\\\/\\\/fundacionpalarq.com\\\/wp-content\\\/uploads\\\/2020\\\/03\\\/logo.png\",\"contentUrl\":\"https:\\\/\\\/fundacionpalarq.com\\\/wp-content\\\/uploads\\\/2020\\\/03\\\/logo.png\",\"width\":560,\"height\":318,\"caption\":\"Fundaci\u00f3n Palarq\"},\"image\":{\"@id\":\"https:\\\/\\\/fundacionpalarq.com\\\/en\\\/#\\\/schema\\\/logo\\\/image\\\/\"},\"sameAs\":[\"https:\\\/\\\/www.facebook.com\\\/FundacionPalarq\",\"https:\\\/\\\/x.com\\\/FundacionPalarq\",\"https:\\\/\\\/www.instagram.com\\\/fpalarq\\\/?hl=es\",\"https:\\\/\\\/www.linkedin.com\\\/company\\\/27123417\\\/\",\"https:\\\/\\\/www.youtube.com\\\/channel\\\/UCeatjA-7IA7dgRNORqhwVQA\\\/videos\"]}]}<\/script>\n<!-- \/ Yoast SEO plugin. -->","yoast_head_json":{"title":"Archaeological and paleontology grants from the Palarq Foundation","description":"Grants awarded by the Palarq Foundation for projects in the field of archaeology and human palaeontology in 2023.","robots":{"index":"index","follow":"follow","max-snippet":"max-snippet:-1","max-image-preview":"max-image-preview:large","max-video-preview":"max-video-preview:-1"},"canonical":"https:\/\/fundacionpalarq.com\/en\/grants-2024\/","og_locale":"en_US","og_type":"article","og_title":"Archaeological and paleontology grants from the Palarq Foundation","og_description":"Grants awarded by the Palarq Foundation for projects in the field of archaeology and human palaeontology in 2023.","og_url":"https:\/\/fundacionpalarq.com\/en\/grants-2024\/","og_site_name":"Fundaci\u00f3n Palarq","article_publisher":"https:\/\/www.facebook.com\/FundacionPalarq","article_modified_time":"2025-09-30T12:01:44+00:00","twitter_card":"summary_large_image","twitter_site":"@FundacionPalarq","twitter_misc":{"Est. reading time":"12 minutes"},"schema":{"@context":"https:\/\/schema.org","@graph":[{"@type":"WebPage","@id":"https:\/\/fundacionpalarq.com\/en\/grants-2024\/","url":"https:\/\/fundacionpalarq.com\/en\/grants-2024\/","name":"Archaeological and paleontology grants from the Palarq Foundation","isPartOf":{"@id":"https:\/\/fundacionpalarq.com\/en\/#website"},"datePublished":"2024-11-24T16:30:49+00:00","dateModified":"2025-09-30T12:01:44+00:00","description":"Grants awarded by the Palarq Foundation for projects in the field of archaeology and human palaeontology in 2023.","breadcrumb":{"@id":"https:\/\/fundacionpalarq.com\/en\/grants-2024\/#breadcrumb"},"inLanguage":"en-US","potentialAction":[{"@type":"ReadAction","target":["https:\/\/fundacionpalarq.com\/en\/grants-2024\/"]}]},{"@type":"BreadcrumbList","@id":"https:\/\/fundacionpalarq.com\/en\/grants-2024\/#breadcrumb","itemListElement":[{"@type":"ListItem","position":1,"name":"Portada","item":"https:\/\/fundacionpalarq.com\/en\/"},{"@type":"ListItem","position":2,"name":"Grants 2024"}]},{"@type":"WebSite","@id":"https:\/\/fundacionpalarq.com\/en\/#website","url":"https:\/\/fundacionpalarq.com\/en\/","name":"Fundaci\u00f3n Palarq","description":"","publisher":{"@id":"https:\/\/fundacionpalarq.com\/en\/#organization"},"potentialAction":[{"@type":"SearchAction","target":{"@type":"EntryPoint","urlTemplate":"https:\/\/fundacionpalarq.com\/en\/?s={search_term_string}"},"query-input":{"@type":"PropertyValueSpecification","valueRequired":true,"valueName":"search_term_string"}}],"inLanguage":"en-US"},{"@type":"Organization","@id":"https:\/\/fundacionpalarq.com\/en\/#organization","name":"Fundaci\u00f3n Palarq","url":"https:\/\/fundacionpalarq.com\/en\/","logo":{"@type":"ImageObject","inLanguage":"en-US","@id":"https:\/\/fundacionpalarq.com\/en\/#\/schema\/logo\/image\/","url":"https:\/\/fundacionpalarq.com\/wp-content\/uploads\/2020\/03\/logo.png","contentUrl":"https:\/\/fundacionpalarq.com\/wp-content\/uploads\/2020\/03\/logo.png","width":560,"height":318,"caption":"Fundaci\u00f3n Palarq"},"image":{"@id":"https:\/\/fundacionpalarq.com\/en\/#\/schema\/logo\/image\/"},"sameAs":["https:\/\/www.facebook.com\/FundacionPalarq","https:\/\/x.com\/FundacionPalarq","https:\/\/www.instagram.com\/fpalarq\/?hl=es","https:\/\/www.linkedin.com\/company\/27123417\/","https:\/\/www.youtube.com\/channel\/UCeatjA-7IA7dgRNORqhwVQA\/videos"]}]}},"_links":{"self":[{"href":"https:\/\/fundacionpalarq.com\/en\/wp-json\/wp\/v2\/pages\/29231","targetHints":{"allow":["GET"]}}],"collection":[{"href":"https:\/\/fundacionpalarq.com\/en\/wp-json\/wp\/v2\/pages"}],"about":[{"href":"https:\/\/fundacionpalarq.com\/en\/wp-json\/wp\/v2\/types\/page"}],"author":[{"embeddable":true,"href":"https:\/\/fundacionpalarq.com\/en\/wp-json\/wp\/v2\/users\/1"}],"replies":[{"embeddable":true,"href":"https:\/\/fundacionpalarq.com\/en\/wp-json\/wp\/v2\/comments?post=29231"}],"version-history":[{"count":1,"href":"https:\/\/fundacionpalarq.com\/en\/wp-json\/wp\/v2\/pages\/29231\/revisions"}],"predecessor-version":[{"id":33942,"href":"https:\/\/fundacionpalarq.com\/en\/wp-json\/wp\/v2\/pages\/29231\/revisions\/33942"}],"wp:attachment":[{"href":"https:\/\/fundacionpalarq.com\/en\/wp-json\/wp\/v2\/media?parent=29231"}],"curies":[{"name":"wp","href":"https:\/\/api.w.org\/{rel}","templated":true}]}}