{"id":2835,"date":"2018-05-18T20:11:55","date_gmt":"2018-05-18T18:11:55","guid":{"rendered":"https:\/\/fundacionpalarq.com\/politica-de-privacidad\/"},"modified":"2019-07-12T16:39:43","modified_gmt":"2019-07-12T14:39:43","slug":"privacy-policy","status":"publish","type":"page","link":"https:\/\/fundacionpalarq.com\/en\/privacy-policy\/","title":{"rendered":"Privacy policy"},"content":{"rendered":"<table border=\"0\" cellspacing=\"0\" cellpadding=\"0\">\n<tbody>\n<tr>\n<td valign=\"top\"><strong>RESPONSABLE<\/strong><\/td>\n<td valign=\"top\"><strong>Fundaci\u00f3n Palarq <\/strong><\/td>\n<td valign=\"top\"><a href=\"#responsable\">+info<\/a><\/td>\n<\/tr>\n<tr>\n<td valign=\"top\"><strong>DATOS QUE RECOGEMOS <\/strong><\/td>\n<td valign=\"top\">\n<ul>\n<li>Aquellos que los usuarios suministren a trav\u00e9s de los formularios de la p\u00e1gina web.<\/li>\n<li>Aquellos que los usuarios suministren a trav\u00e9s de los diferentes servicios ofrecidos en la p\u00e1gina web.<\/li>\n<li>Datos recogidos a trav\u00e9s de las \u201ccookies\u201d.<\/li>\n<\/ul>\n<\/td>\n<td valign=\"top\"><a href=\"#datos\">+info<\/a><\/td>\n<\/tr>\n<tr>\n<td valign=\"top\"><strong>FINALIDAD<\/strong><\/td>\n<td valign=\"top\">\n<ul>\n<li>Realizar las gestiones comerciales y administrativas necesarias con los usuarios de la web<\/li>\n<li>Remitir las comunicaciones comerciales publicitarias por email, les o cualquiera otro medio electr\u00f3nico o f\u00edsico,<\/li>\n<li>Responder a las consultas y\/o proporcionar informaciones requeridas por el Usuario;<\/li>\n<li>Realizar las prestaciones de servicios y\/o productos contratados o subscritos por el Usuario<\/li>\n<li>Gesti\u00f3n de CV<\/li>\n<\/ul>\n<\/td>\n<td valign=\"top\"><a href=\"#finalidad\">+info<\/a><\/td>\n<\/tr>\n<tr>\n<td valign=\"top\"><strong>LEGITIMACI\u00d3N DESTINATARIOS<\/strong><\/td>\n<td valign=\"top\">Relaci\u00f3n comercial \/Consentimiento del interesado.<\/td>\n<td valign=\"top\"><a href=\"#legitimacion\">+info<\/a><\/td>\n<\/tr>\n<tr>\n<td valign=\"top\"><strong>DESTINATARIOS DE CESIONES Y TRANSFERENCIAS INTERNACIONALES<\/strong><\/td>\n<td valign=\"top\">Sus datos no se ceder\u00e1n a terceros excepto por obligaci\u00f3n legal.<br \/>\nNo se har\u00e1n transferencias internacionales de datos sin su previo consentimiento.<\/td>\n<td valign=\"top\"><a href=\"#destinatarios\">+info<\/a><\/td>\n<\/tr>\n<tr>\n<td valign=\"top\"><strong>DERECHOS<\/strong><\/td>\n<td valign=\"top\">Acceder, rectificar, y suprimir los datos, as\u00ed como los otros derechos indicados en la informaci\u00f3n adicional.<\/td>\n<td valign=\"top\"><a href=\"#derechos\">+info<\/a><\/td>\n<\/tr>\n<tr>\n<td valign=\"top\"><strong>SEGURIDAD Y CONFIDENCIALIDAD<\/strong><\/td>\n<td valign=\"top\">Fundaci\u00f3n Palarq manifiesta que la informaci\u00f3n que el usuario ofrezca ser\u00e1 almacenada seg\u00fan las medidas de seguridad establecidas en la normativa vigente, as\u00ed como observando el deber de confidencialidad y seguridad.<\/td>\n<td valign=\"top\"><a href=\"#seguridad\">+info<\/a><\/td>\n<\/tr>\n<tr>\n<td valign=\"top\"><strong>CONSERVACI\u00d3N<\/strong><\/td>\n<td valign=\"top\">Sus datos se mantendr\u00e1n en los registros de nuestra titularidad mientras su conservaci\u00f3n sea necesaria para atender la finalidad que motiv\u00f3 su recogida as\u00ed como durante el plazo de atenci\u00f3n de posibles obligaciones legales.<\/td>\n<td valign=\"top\"><a href=\"#conservacion\">+info<\/a><\/td>\n<\/tr>\n<tr>\n<td valign=\"top\"><strong>INFORMACI\u00d3N ADICIONAL<\/strong><\/td>\n<td colspan=\"2\">Puede consultar la informaci\u00f3n adicional y detallada sobre Protecci\u00f3n de Datos en nuestra p\u00e1gina web:<\/p>\n<ul>\n<li>Pol\u00edtica de privacidad<\/li>\n<li>Aviso Legal<\/li>\n<li>Pol\u00edtica de cookies<\/li>\n<li>T\u00e9rminos y condiciones<\/li>\n<li>Env\u00edo CV<\/li>\n<li>Newsletter<\/li>\n<li>Pol\u00edtica Redes Sociales<\/li>\n<li>Integraci\u00f3n de Youtube<\/li>\n<li>Integraci\u00f3n de Google Maps<\/li>\n<li>Uso de Whatsapp<\/li>\n<li>Spamming<\/li>\n<li>Datos personales de menores<\/li>\n<li>V\u00ednculos otras p\u00e1ginas<\/li>\n<li>Contactar con Fundaci\u00f3n Palarq<\/li>\n<\/ul>\n<\/td>\n<\/tr>\n<\/tbody>\n<\/table>\n<p>&nbsp;<\/p>\n<h4>POL\u00cdTICA DE PRIVACIDAD<\/h4>\n<p>La presente Pol\u00edtica se aplica a todas las p\u00e1ginas web de Fundaci\u00f3n Palarq provistas de URL. Se trata de una declaraci\u00f3n de la pol\u00edtica y las pr\u00e1cticas generales de Fundaci\u00f3n Palarq respecto de la privacidad que determina la manera en que obtenemos, almacenamos y utilizamos datos personales referentes a personas f\u00edsicas. Nuestra pol\u00edtica de privacidad es de f\u00e1cil acceso, puesto que aparece en nuestra p\u00e1gina inicial y est\u00e1 vinculada a todos los puntos de cualquier p\u00e1gina web en los que se soliciten datos personales. En dichos puntos, puede proporcionarse, si procede, una explicaci\u00f3n m\u00e1s detallada sobre el uso previsto para los datos solicitados. La presente Pol\u00edtica, conjuntamente con las explicaciones suplementarias, en su caso, est\u00e1 pensada para facilitar una protecci\u00f3n de la privacidad adecuada para cualquier visitante o usuario de las p\u00e1ginas web de Fundaci\u00f3n Palarq.<\/p>\n<h4>Compromiso de privacidad<\/h4>\n<p>En el contexto de la presente Pol\u00edtica, el t\u00e9rmino &#8220;datos personales&#8221; hace referencia a la informaci\u00f3n, como, por ejemplo, su nombre, fecha de nacimiento, direcci\u00f3n de correo electr\u00f3nico o domicilio, que sirve para identificarle a Ud. Fundaci\u00f3n Palarq no informatizar\u00e1 sus datos personales sin su consentimiento.<\/p>\n<p>Al informatizar sus datos personales, nos comprometemos a cumplir estrictamente la normativa vigente sobre la protecci\u00f3n de la privacidad. Con arreglo a dicho compromiso, garantizamos el cumplimiento por parte de nuestro personal de unas normas estrictas de seguridad y confidencialidad.<\/p>\n<h4><a name=\"responsable\"><\/a>1. IDENTIFICACI\u00d3N DEL RESPONSABLE DE TRATAMIENTO:<\/h4>\n<p>Entidad responsable del tratamiento: Fundaci\u00f3n Palarq<br \/>\nCIF: G-87503611<br \/>\nDomicilio: Avda. Reina Victoria, 58, Esc 2, 2\u00ba B, C.P. 28003, Madrid<br \/>\nEmail: info@fundacionpalarq.com<\/p>\n<h4><a name=\"datos\"><\/a>2. DATOS QUE RECOGEMOS<\/h4>\n<p>Datos recogidos por parte del responsable son los siguientes:<\/p>\n<ol>\n<li>Aquellos que los usuarios suministren a trav\u00e9s de los diferentes servicios ofrecidos en la p\u00e1gina web<\/li>\n<li>Aquellos incluidos en los diferentes formularios previstos en la p\u00e1gina web<\/li>\n<li>Datos recogidos a trav\u00e9s de las \u201c<em>cookies\u201d<\/em> para la mejora de la experiencia de la navegaci\u00f3n seg\u00fan se informa en la pol\u00edtica de cookies.<\/li>\n<\/ol>\n<p>Fundaci\u00f3n Palarq manifiesta que la informaci\u00f3n que el usuario facilite a trav\u00e9s de la Web ser\u00e1 almacenada y tratada observando el deber de secreto y confidencialidad.<\/p>\n<p><strong> Datos an\u00f3nimos y ficheros &#8220;cookie&#8221; <\/strong><\/p>\n<p>La mayor parte de la informaci\u00f3n que Fundaci\u00f3n Palarq obtiene de sus p\u00e1ginas Web es de car\u00e1cter an\u00f3nimo, refiri\u00e9ndose, por ejemplo, a las p\u00e1ginas que Ud. visita o las b\u00fasquedas que realiza. Cuando Ud. visita nuestra p\u00e1gina Web, no captamos ning\u00fan dato personal suyo, salvo con su autorizaci\u00f3n.<\/p>\n<p>Fundaci\u00f3n Palarq trata inform\u00e1ticamente los datos an\u00f3nimos para favorecer la mejora del contenido de su sitio Web y para recopilar estad\u00edsticas globales sobre las personas que visitan nuestras p\u00e1ginas Web, para usos internos de investigaci\u00f3n de mercado. Para ello, Fundaci\u00f3n Palarq puede instalar ficheros &#8220;cookie&#8221;, seg\u00fan se ingorma en la pol\u00edtica de cookies, que captan el nombre de dominio de primer nivel del usuario (por ejemplo, &#8220;bigmail.com&#8221; en el caso de la direcci\u00f3n de correo electr\u00f3nico &#8220;jos\u00e9@bigmail.com&#8221;), y la fecha y hora de la visita. Los ficheros &#8220;cookie&#8221; en s\u00ed no pueden utilizarse para descubrir la identidad del usuario. Se trata de un conjunto de datos de tama\u00f1o muy reducido que se env\u00eda a su navegador y se almacena en el disco duro de su ordenador. Los ficheros &#8220;cookie&#8221; no perjudican su ordenador. Ud. puede configurar su navegador para avisarle cuando recibe un fichero &#8220;cookie&#8221;, y de esta forma podr\u00e1 decidir si desea admitirlo o no.<\/p>\n<h4><a name=\"finalidad\"><\/a>3. EL USO PREVISTO PARA LOS DATOS PERSONALES<\/h4>\n<p>Los datos facilitados por el usuario se utilizar\u00e1n de acuerdo con las finalidades siguientes<\/p>\n<ol>\n<li>Proporcionar acceso al Usuario a determinadas funcionalidades del Sitio Web;<\/li>\n<li>atender las solicitudes del usuario;<\/li>\n<li>Realizar las gestiones comerciales y administrativas necesarias con los usuarios de la web;<\/li>\n<li>Responder a las consultas y\/o proporcionar informaciones requeridas por el Usuario;<\/li>\n<li>Realizar todas aquellas actividades propias de Fundaci\u00f3n Palarq por la presente rese\u00f1adas de acuerdo con la legislaci\u00f3n aplicable;<\/li>\n<li>Remitir las comunicaciones comerciales que creemos que podr\u00edan ser de su inter\u00e9s, en caso de que el Usuario haya consentido expresamente al env\u00edo de comunicaciones comerciales por v\u00eda electr\u00f3nica mediante la suscripci\u00f3n de la NEWSLETTER;<\/li>\n<li>Utilizar sus datos para contactarle, tanto por v\u00eda electr\u00f3nica como no electr\u00f3nica, para obtener su opini\u00f3n sobre el servicio prestado y, notificarle cambios, desarrollos importantes de la pol\u00edtica de privacidad, aviso legal o pol\u00edtica de cookies;<\/li>\n<li>Gesti\u00f3n de CV y procesos de selecci\u00f3n;<\/li>\n<li>Los datos que env\u00eda Ud. a nuestro Departamento de Atenci\u00f3n al Cliente se utilizan exclusivamente para solucionar su problema, manteni\u00e9ndose su confidencialidad en todos los dem\u00e1s sentidos<\/li>\n<li>Realizar todas aquellas actividades propias de Fundaci\u00f3n Palarq , por la presente rese\u00f1adas de acuerdo con la legislaci\u00f3n aplicable<\/li>\n<\/ol>\n<p>La mayor parte de nuestros servicios no requieren el registro de datos personales, y Ud. puede visitar nuestra p\u00e1gina web sin identificarse. No obstante, algunos servicios concretos pueden<\/p>\n<p>requerir el registro de datos, en estos casos, la negativa a suministrar los datos obligatorios supondr\u00e1 la imposibilidad de atender la concreta solicitud de que se trate. Usted manifiesta que la informaci\u00f3n y los datos que nos facilita son exactos, actuales y veraces. Le rogamos que en caso de modificaci\u00f3n, comunique inmediatamente la misma a fin de que la informaci\u00f3n en tratamiento est\u00e9 en todo momento actualizada y no contenga errores<\/p>\n<p>De acuerdo con la LSSICE, Fundaci\u00f3n Palarq no realiza pr\u00e1cticas de SPAM, por lo tanto, no env\u00eda correos comerciales por e-mail que no hayan sido previamente solicitados o autorizados por el Usuario. En consecuencia, en todas las comunicaciones que recibir\u00e1 de Fundaci\u00f3n Palarq el usuario tiene la posibilidad de cancelar su consentimiento expreso para recibir nuestras comunicaciones.<\/p>\n<h4><a name=\"legitimacion\"><\/a>4. LEGITIMACI\u00d3N DEL TRATAMIENTO<\/h4>\n<p>No trataremos sus datos personales para ninguna otra finalidad de las descritas salvo por obligaci\u00f3n legal o requerimiento judicial.<\/p>\n<p>La base legal para el tratamiento de los datos es su consentimiento otorgado para llevar a cabo las finalidades anteriormente descritas, que se solicitar\u00e1 en el momento de marcado de la casilla correspondiente a la hora de recoger sus datos.<\/p>\n<p>El no facilitar los datos personales solicitados o el no aceptar la presente pol\u00edtica de protecci\u00f3n de datos supone la imposibilidad de subscribirse, registrarse o recibir informaci\u00f3n de los productos y servicios del Prestador<\/p>\n<h4><a name=\"destinatarios\"><\/a>5. DESTINATARIOS DE CESIONES Y TRANSFERENCIAS INTERNACIONALES AL EXTRANJERO.<\/h4>\n<p>Fundaci\u00f3n Palarq no lleva a cabo ninguna cesi\u00f3n o comunicaci\u00f3n de datos salvo que exista necesidad razonable para cumplir con un procedimiento judicial, obligaci\u00f3n legal o previa obtebci\u00f3n del consentimiento del usuario. Tampoco se realizar\u00e1n transferencias internacionales de sus datos de car\u00e1cter personal sin su consentimiento previo. Sin perjuicio de poder bloquear o cancelar su cuenta si puede haber indicios de la comisi\u00f3n de alg\u00fan delito por parte del usuario. La informaci\u00f3n facilitada ser\u00e1 solamente la que disponga en este momento el prestador.<\/p>\n<h4><a name=\"derechos\"><\/a>6. EJERCICIO DE DERECHOS<\/h4>\n<p>Los usuarios tienen reconocida por la normativa vigente los derechos de acceso, rectificaci\u00f3n, cancelaci\u00f3n y oposici\u00f3n, portabildad, olvido, y, en su caso, el derecho a revocar en cualquier momento el consentimiento prestado a la recepci\u00f3n de comunicaciones comerciales mediante env\u00edo de correo electr\u00f3nico a Fundaci\u00f3n Palarq, Avda. Reina Victoria, 58, Esc 2, 2\u00ba B, C.P. 28003, Madrid o por correo electr\u00f3nico a info@fundacionpalarq.com<\/p>\n<p>Tambi\u00e9n tiene derecho a presentar una reclamaci\u00f3n ante la autoridad de control si considera que se pueden haber vulnerado sus derechos en relaci\u00f3n con la protecci\u00f3n de sus datos ante la AGENCIA ESPA\u00d1OLA DE PROTECCI\u00d3N DE DATOS.<\/p>\n<h4><a name=\"seguridad\"><\/a>7. SEGURIDAD Y CONFIDENCIALIDAD<\/h4>\n<p>Para garantizar la seguridad y confidencialidad de los datos personales que obtenemos en l\u00ednea, Fundaci\u00f3n Palarq emplea unas redes de datos protegidas por los m\u00e1s avanzados dispositivos de seguridad cortafuegos (&#8220;firewall&#8221;) y contrase\u00f1as de uso corriente, entre otras medidas de protecci\u00f3n. El acceso a los datos personales se restringe al personal que necesite disponer de los mismos y que haya recibido la formaci\u00f3n adecuada para gestionar correctamente estos datos y cumplir unas normas estrictas de confidencialidad. Cualquier colaborador nuestro que infrinja nuestra Pol\u00edtica de Privacidad deber\u00e1 afrontar las correspondientes medidas disciplinarias. El cumplimiento por parte de nuestros colaboradores de los procedimientos y pol\u00edticas se controla y se comprueba peri\u00f3dicamente. No podemos ofrecer garant\u00edas absolutas contra toda p\u00e9rdida, uso indebido o modificaci\u00f3n de los datos personales, pero nos esforzamos por evitar tales extremos desafortunados.<\/p>\n<p>Aquellos terceros que intervengan en cualquier fase del tratamiento y\/o las entidades a quienes les hayan sido comunicadas &#8211; en su caso y en virtud de la correspondiente autorizaci\u00f3n conferida por el Usuario-, est\u00e1n obligadas a observar el secreto profesional y a adoptar los niveles de protecci\u00f3n y las medidas t\u00e9cnicas y organizativas necesarias a su alcance que garanticen la seguridad de los datos de car\u00e1cter personal, evitando, en la medida de lo posible, accesos no autorizados, modificaciones il\u00edcitas, sustracciones y\/o la p\u00e9rdida de los datos, a fin de procurar el correspondiente nivel de seguridad en el tratamiento de Fundaci\u00f3n Palarq, seg\u00fan la naturaleza y sensibilidad de los datos facilitados por los usuarios del presente Sitio Web.<\/p>\n<p>En este caso, Fundaci\u00f3n Palarq limitar\u00e1 el acceso a la informaci\u00f3n y as\u00edmismo habr\u00e1 suscrito los correspondientes contratos en relaci\u00f3n a las obligaciones de protecci\u00f3n de datos no pudiendo dichos terceros utilizar la informaci\u00f3n proporcionada para otros fines distintos a los de la prestaci\u00f3n de servicios.<\/p>\n<p>Asimismo, Fundaci\u00f3n Palarq se compromete a tener implementadas las medidas de seguridad que correspondan en virtud de lo establecido en el el Reglamento (UE) 2016\/679 de 27 de abril de 2016, en adelante RGPD. Fundaci\u00f3n Palarq mantiene los niveles de seguridad de protecci\u00f3n de sus datos requeridos por la normativa vigente en materia de protecci\u00f3n de datos y ha establecido todos los medios t\u00e9cnicos a su alcance para evitar la p\u00e9rdida, mal uso, alteraci\u00f3n, acceso no autorizado y robo de los datos que el usuario facilite a trav\u00e9s de la Web.<\/p>\n<p><strong>Confidencialidad de los datos personales <\/strong><\/p>\n<p>Fundaci\u00f3n Palarq se compromete a no vender, compartir, ni ceder de otra forma sus datos personales en beneficio de terceros ajenos a Fundaci\u00f3n Palarq. No obstante, en algunos casos, dichos datos pueden ser objeto de cesi\u00f3n a terceros que act\u00faan en nombre o representaci\u00f3n de Fundaci\u00f3n Palarq o con relaci\u00f3n al negocio de Fundaci\u00f3n Palarq, para el tratamiento inform\u00e1tico de estos datos personales con arreglo a la finalidad para la que se obtuvieron.<\/p>\n<p>Dichos terceros pueden aplicar una pol\u00edtica de privacidad distinta de la nuestra. No obstante, nos esforzamos por garantizar que proporcionen el mismo nivel de protecci\u00f3n que Fundaci\u00f3n Palarq y, cuando proceda, les obligamos contractualmente a tratar los datos transferidos exclusivamente para los fines autorizados expresamente por Fundaci\u00f3n Palarq.<\/p>\n<p>No compartiremos con terceros ning\u00fan dato referente a Ud. que sea de car\u00e1cter confidencial (por ejemplo, datos m\u00e9dicos) sin obtener previamente su consentimiento expl\u00edcito. Ud. siempre tendr\u00e1 la opci\u00f3n de revocar posteriormente dicho consentimiento. La revocaci\u00f3n del consentimiento puede impedir que Fundaci\u00f3n Palarq responda a algunas de sus peticiones. Siempre que sea factible, Fundaci\u00f3n Palarq notificar\u00e1 a los terceros que hayan tenido conocimiento de sus datos personales la revocaci\u00f3n del consentimiento pertinente.<\/p>\n<h4><a name=\"conservacion\"><\/a>8. CONSERVACI\u00d3N<\/h4>\n<p>Fundaci\u00f3n Palarq limita el almacenamiento de sus datos al tiempo razonablemente necesario para los fines mencionados y con arreglo a los eventuales requisitos jur\u00eddicos y \u00e9ticos en cuanto a la declaraci\u00f3n o el almacenamiento de documentaci\u00f3n<\/p>\n<p>Sus datos se mantendr\u00e1n en los registros de nuestra titularidad mientras su conservaci\u00f3n sea necesaria para atender la finalidad que motiv\u00f3 su recogida as\u00ed como durante el plazo de atenci\u00f3n de posibles obligaciones legales.<\/p>\n<p>Sus datos se conservar\u00e1n durante el transcurso de la relaci\u00f3n comercial o mientras ud. No se oponga a la conservaci\u00f3n de las mismas. Una vez finalizada esta relaci\u00f3n, sus datos permanecer\u00e1n bloqueados durante el per\u00edodo de prescripci\u00f3n de las pertinentes obligaciones legales procedi\u00e9ndose a su supresi\u00f3n una vez desaparezcan las mismas.<\/p>\n<p>No ser\u00e1 objeto de decisiones basadas en tratamientos automatizados que produzcan efectos sobre sus datos.<\/p>\n<h4>9. INFORMACI\u00d3N ADICIONAL<\/h4>\n<p><strong>ENV\u00cdO CV<\/strong><\/p>\n<p>En el supuesto de que el usuario env\u00ede su CV a trav\u00e9s de nuestra web, le informamos que los datos aportados ser\u00e1n tratados para hacerlo part\u00edcipe de los procesos de selecci\u00f3n que pueda haber, llevando a cabo un an\u00e1lisis del perfil del solicitante con el objetivo de seleccionar el mejor candidato para el lugar vacante del Responsable. Lo informamos que este es el \u00fanico procedimiento oficial para aceptar su curr\u00edculum, de forma que no se aceptar\u00e1n los curr\u00edculums remitidos por otro procedimiento diferente. En caso de producirse alguna modificaci\u00f3n en los datos, le rogamos nos lo comunique por escrito lo m\u00e1s ante posible, con objeto de mantener sus datos debidamente actualizados.<\/p>\n<p>Los datos se conservar\u00e1n durante un plazo m\u00e1ximo de un a\u00f1o, transcurrido el cual se proceder\u00e1 a la supresi\u00f3n de los datos garantiz\u00e1ndole un total respecto a la confidencialidad tanto en el tratamiento como en su posterior destrucci\u00f3n. En este sentido, transcurrido el mencionado plazo, y si desea continuar participando en los procesos de selecci\u00f3n del Responsable, le rogamos nos remita nuevamente su curr\u00edculum.<\/p>\n<p>Los datos se podr\u00e1n tratar y\/o comunicar a las empresas integrantes de nuestro grupo durante el tiempo de conservaci\u00f3n de su curr\u00edculum y para los mismos fines antes informados.<\/p>\n<p><strong>NEWSLETTER <\/strong><\/p>\n<p>Nuestras Newsletter informan sobre nuestros productos y servicios y contiene informaci\u00f3n sobre temas de actualidad. El env\u00edo de las mismas se realiza s\u00f3lo en caso de que se haya registrado activamente para este servicio o en caso de haber consentido expresamente por parte del interesado el env\u00edo de comunicaciones comerciales que puedan ser de su inter\u00e9s. Si se suscribe a nuestro bolet\u00edn de noticias, los datos personales que ha introducido all\u00ed se procesar\u00e1n con el fin de enviar el bolet\u00edn de noticias.<\/p>\n<p>Fundaci\u00f3n Palarq garantiza el tratamiento confidencial de sus datos. Si lo desea, siempre puede darse de baja del bolet\u00edn a trav\u00e9s de diferentes posibilidades: contacto directo con nosotros o a trav\u00e9s del enlace &#8220;darse de baja del bolet\u00edn&#8221;, que se encuentra dentro de cada bolet\u00edn.<\/p>\n<p><strong>POL\u00cdTICA DE PRIVACIDAD EN LAS REDES SOCIALES<\/strong><\/p>\n<p>Fundaci\u00f3n Palarq cuenta con un perfil corporativo en las redes sociales Facebook, Twitter y Instagram creado a fin de publicitar sus servicios.<\/p>\n<p>El tratamiento de los datos que los usuarios incluyan en las mismas haci\u00e9ndose seguidores del prestador en las redes sociales (y\/o realizando cualquier v\u00ednculo o acci\u00f3n de conexi\u00f3n a trav\u00e9s de estas) se regir\u00e1 por este apartado, as\u00ed como por las condiciones de uso, pol\u00edticas de privacidad y normativas de acceso y uso de las redes sociales en cuesti\u00f3n y aceptadas previamente por el usuario. Asimsmo Fundaci\u00f3n Palarq no se har\u00e1 responsable de sus pol\u00edticas de privacidad.<\/p>\n<p>El usuario deber\u00e1 recordar que si bien podr\u00e1 ejercer sus derechos de acceso, rectificaci\u00f3n, cancelaci\u00f3n, oposici\u00f3n, portabilidad y olvido, el ejercicio de \u00e9stos se ver\u00e1 condicionado por la red social ante la cu\u00e1l se ejerza tal opci\u00f3n.<\/p>\n<p>Siendo as\u00ed, Fundaci\u00f3n Palarq s\u00f3lo podr\u00e1 satisfacer el ejercicio de estos derechos respecto a aquella informaci\u00f3n que se encuentre bajo su control.<\/p>\n<p>Fundaci\u00f3n Palarq realizar\u00e1 las siguientes actuaciones:<\/p>\n<ol>\n<li>Enviar mensajes al usuario a trav\u00e9s de los canales ofrecidos por la Red Social.<\/li>\n<li>Acciones de promoci\u00f3n, as\u00ed como convocatoria de concursos.<\/li>\n<\/ol>\n<p>El usuario siempre puede configurar sus conexiones, eliminar los contenidos que dejen de interesarle y restringir con qui\u00e9n comparte sus conexiones.<\/p>\n<p>Asimismo, Fundaci\u00f3n Palarq se reserva la potestad de retirar, sin previo aviso del sitio web o de la red social corporativa aquellos contenidos que se consideren no apropiados.<\/p>\n<p><strong>INTEGRACI\u00d3N DE YOUTUBE &#8211; V\u00cdDEOS<\/strong><\/p>\n<p>Hemos incluido v\u00eddeos de YouTube en nuestra oferta en l\u00ednea, que se guardan en www.YouTube.com y que se pueden reproducir directamente desde nuestro sitio web. \u00c9stos est\u00e1n integrados en el &#8220;modo de privacidad ampliado&#8221;, lo que significa que no se transfieren datos personales de los usuarios a YouTube si no se reproducen los v\u00eddeos. S\u00f3lo cuando se reproducen los v\u00eddeos, se transfieren los datos mencionados en p\u00e1rrafo siguiente. Fundaci\u00f3n Palarq no tiene influencia en este acceso a datos.<\/p>\n<p>Al visitar el sitio web, YouTube recibe informaci\u00f3n de que usted ha visitado el respectivo subsitio de nuestro sitio web. Adem\u00e1s, se transfieren los datos mencionados en el p\u00e1rrafo siguiente. Esto es independiente si YouTube ofrece una cuenta de usuario, si ya ha iniciado sesi\u00f3n o si no existe una cuenta de usuario. Si ha iniciado sesi\u00f3n en Google, sus datos se comparan directamente con los de su cuenta. Si no desea que su perfil coincida con el suyo en YouTube, debe cerrar la sesi\u00f3n antes de utilizar el bot\u00f3n. YouTube guarda sus datos como perfiles de usuario y utiliza con fines publicitarios, de investigaci\u00f3n de mercado y\/o de dise\u00f1o orientado al usuario de su sitio web. Este an\u00e1lisis se lleva a cabo especialmente (incluso para los usuarios que no est\u00e1n registrados) para mostrar anuncios orientados al usuario y con el fin de informar a otros usuarios de la red social sobre sus actividades en nuestro sitio web. Usted tiene derecho a oponerse a la creaci\u00f3n de dichos perfiles de usuario. Para la ejecuci\u00f3n de este derecho, debe ponerse en contacto con YouTube.<\/p>\n<p>Para m\u00e1s informaci\u00f3n sobre la finalidad y el alcance de la recopilaci\u00f3n y el tratamiento de datos por parte de YouTube, consulte la declaraci\u00f3n de privacidad. All\u00ed tambi\u00e9n puede encontrar m\u00e1s informaci\u00f3n sobre sus derechos y la posibilidad de cambiar la configuraci\u00f3n para proteger su privacidad: https:\/\/www.google.de\/intl\/en\/policies\/privacy\/. Google procesa sus datos personales tambi\u00e9n en territorio estadounidense y act\u00faa bajo el Escudo de Privacidad UE-EE.UU., https:\/\/www.privacyshield.gov\/EU-US-Framework.<\/p>\n<p><strong>INTEGRACI\u00d3N DE GOOGLE MAPS<\/strong><\/p>\n<p>En este sitio web, utilizamos los servicios de Google Maps. De esta manera podemos mostrar directamente mapas interactivos en nuestro sitio web y permitir el uso c\u00f3modo de los mapas.<\/p>\n<p>Al visitar el sitio web, Google recibe la informaci\u00f3n de que usted ha visitado el respectivo subsitio de nuestro sitio web. Adem\u00e1s, se transfieren los datos mencionados en el p\u00e1rrafo siguiente. Esto ocurre independientemente de si Google ofrece una cuenta de usuario, si ha iniciado sesi\u00f3n o si no existe una cuenta de usuario. Si ha iniciado sesi\u00f3n en Google, sus datos se comparan directamente con los de su cuenta. Si no desea que su perfil coincida con el de Google, debe cerrar la sesi\u00f3n antes de utilizar el bot\u00f3n. Google guarda los datos como perfiles de usuario y los utiliza con fines publicitarios y de investigaci\u00f3n de mercado y\/o dise\u00f1o orientado al usuario de su p\u00e1gina web. Este an\u00e1lisis se lleva a cabo especialmente (incluso para los usuarios que no est\u00e1n registrados) para mostrar anuncios orientados al usuario y con el fin de informar a otros usuarios de la red social sobre sus actividades en nuestro sitio web. Usted tiene derecho a oponerse a la creaci\u00f3n de dichos perfiles de usuario. Para la ejecuci\u00f3n de este derecho, debe ponerse en contacto con Google.<\/p>\n<p>Encontrar\u00e1 m\u00e1s informaci\u00f3n sobre la finalidad y el alcance de la recogida y el tratamiento de datos por parte del proveedor del plug-in en la declaraci\u00f3n de privacidad del proveedor. All\u00ed tambi\u00e9n puede encontrar m\u00e1s informaci\u00f3n sobre sus derechos y la posibilidad de cambiar la configuraci\u00f3n para proteger su privacidad: https:\/\/www.google.de\/intl\/en\/policies\/privacy\/. Google procesa sus datos personales tambi\u00e9n en territorio estadounidense y act\u00faa bajo el Privacy Shield UE-EE.UU., <a href=\"https:\/\/www.privacyshield.gov\/EU-US-Framework\">https:\/\/www.privacyshield.gov\/EU-US-Framework<\/a>.<\/p>\n<p><strong>USO DE WHATSAPP <\/strong><\/p>\n<p>Fundaci\u00f3n Palarq permitir\u00e1 como medio de comunicaci\u00f3n con sus clientes, siempre que lo hayan consentido previamente el sistema Whatsapp. No obstante, Fundaci\u00f3n Palarq no otorga ninguna garant\u00eda ni se hace responsable, en ning\u00fan caso, de los da\u00f1os y perjuicios de cualquier naturaleza que puedan salir a colaci\u00f3n de la falta de disponibilidad, implantaci\u00f3n de medidas t\u00e9cnicas o de seguridad, de la existencia de virus, del uso il\u00edcito, negligente, fraudulento o contrario a esta Pol\u00edtica de Privacidad responsabilidad de Whatsapp el usuario, o de la falta de licitud, calidad, fiabilidad, utilidad y disponibilidad de los servicios prestados por este tercero.<\/p>\n<p>Encontrar\u00e1 m\u00e1s informaci\u00f3n sobre la finalidad y el alcance de la recogida y el tratamiento de datos por parte del proveedor del plug-in en la declaraci\u00f3n de privacidad del proveedor: <a href=\"https:\/\/www.whatsapp.com\/legal\/?eea=1#privacy-policy\">https:\/\/www.whatsapp.com\/legal\/?eea=1#privacy-policy<\/a>. All\u00ed tambi\u00e9n puede encontrar m\u00e1s informaci\u00f3n sobre sus derechos y la posibilidad de cambiar la configuraci\u00f3n para proteger su privacidad.<\/p>\n<p><strong>INTEGRACI\u00d3N VIMEO <\/strong><\/p>\n<p>En este sitio web, utilizamos los servicios de Vimeo. De esta manera el usuario puede reproducir directamente v\u00eddeos.<\/p>\n<p>Al visitar el sitio web, Vimeo recibe la informaci\u00f3n de que usted ha visitado el respectivo subsitio de nuestro sitio web. Adem\u00e1s, se transfieren los datos mencionados en el p\u00e1rrafo siguiente. Esto ocurre independientemente de si Vimeo ofrece una cuenta de usuario, si ha iniciado sesi\u00f3n o si no existe una cuenta de usuario. Vimeo guarda los datos como perfiles de usuario y los utiliza con fines publicitarios y de investigaci\u00f3n de mercado y\/o dise\u00f1o orientado al usuario de su p\u00e1gina web. Este an\u00e1lisis se lleva a cabo especialmente (incluso para los usuarios que no est\u00e1n registrados) para mostrar anuncios orientados al usuario y con el fin de informar a otros usuarios de la red social sobre sus actividades en nuestro sitio web. Usted tiene derecho a oponerse a la creaci\u00f3n de dichos perfiles de usuario. Para la ejecuci\u00f3n de este derecho, debe ponerse en contacto con Vimeo.<\/p>\n<p>Encontrar\u00e1 m\u00e1s informaci\u00f3n sobre la finalidad y el alcance de la recogida y el tratamiento de datos por parte del proveedor del en su declaraci\u00f3n de privacidad. All\u00ed tambi\u00e9n puede encontrar m\u00e1s informaci\u00f3n sobre sus derechos y la posibilidad de cambiar la configuraci\u00f3n para proteger su privacidad: <a href=\"https:\/\/vimeo.com\/privacy\">https:\/\/vimeo.com\/privacy<\/a> . Vimeo procesa sus datos personales tambi\u00e9n en territorio estadounidense y NO act\u00faa bajo el Privacy Shield UE-EE.UU., <a href=\"https:\/\/www.privacyshield.gov\/EU-US-Framework\">https:\/\/www.privacyshield.gov\/EU-US-Framework<\/a>.<\/p>\n<p><strong>SPAMMING <\/strong><\/p>\n<p>Fundaci\u00f3n Palarq no aprueba la pr\u00e1ctica del &#8220;spamming&#8221;. Dicho t\u00e9rmino significa el env\u00edo masivo y repetido de mensajes de correo electr\u00f3nico no solicitados, normalmente de car\u00e1cter comercial, a personas con los cuales el remitente no haya mantenido ning\u00fan contacto anterior, o que hayan expresado su deseo de no recibir tales mensajes.<\/p>\n<p>En cambio, en el caso de que Fundaci\u00f3n Palarq de acuerdo con la normativa vigente en materia de consumo electr\u00f3nico, as\u00ed como de protecci\u00f3n de datos, estime que cierta informaci\u00f3n sobre productos o referente a la salud, o de otra clase, pueda ser de inter\u00e9s para Ud., podr\u00e1 facilitarle dicha informaci\u00f3n por correo electr\u00f3nico, con su previo consentimiento e ofreci\u00e9ndole siempre la oportunidad de autoexcluirse de dicho servicio<\/p>\n<p><strong>DATOS PERSONALES Y DE MENORES <\/strong><\/p>\n<p>Fundaci\u00f3n Palarq no obtendr\u00e1, emplear\u00e1 ni comunicar\u00e1, a sabiendas, datos personales de personas menores de 18 a\u00f1os sin el consentimiento previo de la persona que tenga la patria potestad (el padre, la madre o el tutor) otorgado a trav\u00e9s de un contacto directo, fuera de l\u00ednea. Proporcionaremos a la persona responsable (i) notificaci\u00f3n de la clase precisa de datos obtenidos del menor de edad, y (ii) la posibilidad de oponerse a la obtenci\u00f3n, empleo o almacenamiento de tales datos en el futuro. Fundaci\u00f3n Palarq cumple la Convenci\u00f3n de 20 de noviembre de 1989 sobre los Derechos del Ni\u00f1o, adoptada por la Asamblea General de las Naciones Unidas, y la Ley Org\u00e1nica 1\/1996, de 15 de enero, de Protecci\u00f3n Jur\u00eddica del Menor, aprobada por el Parlamento espa\u00f1ol, as\u00ed como la legislaci\u00f3n similar promulgada en otros pa\u00edses para proteger a los menores de edad.<\/p>\n<p><strong>V\u00cdNCULOS A OTRAS WEBS <\/strong><\/p>\n<p>La presente Pol\u00edtica de Privacidad se refiere \u00fanicamente a las p\u00e1ginas Web de Fundaci\u00f3n Palarq, y no se aplica a las p\u00e1ginas Web de terceros. Fundaci\u00f3n Palarq podr\u00e1 proporcionar v\u00ednculos a otras p\u00e1ginas Web que creemos que pueden ser de inter\u00e9s para nuestros visitantes. Nos esforzamos por garantizar que dichas p\u00e1ginas Web cumplan las normas m\u00e1s exigentes. No obstante, dada la naturaleza de la World Wide Web, Fundaci\u00f3n Palarq no puede ofrecer garant\u00edas respecto a la calidad de todos los v\u00ednculos a otras p\u00e1ginas Web que proponga, ni se responsabiliza del contenido de las p\u00e1ginas Web distintas de las de Fundaci\u00f3n Palarq<\/p>\n<p><strong>CONTACTAR CON Fundaci\u00f3n Palarq <\/strong><\/p>\n<p>Para cualquier consulta, para expresar cualquier queja acerca de nuestro cumplimiento de la presente Pol\u00edtica de Privacidad, o para comunicar cualquier recomendaci\u00f3n o comentario para mejorar la calidad de nuestra Pol\u00edtica de Privacidad, rogamos se ponga en contacto con nosotros llamando al tel\u00e9fono gratuito (+34) 900 150 374.<\/p>\n<p>Fundaci\u00f3n Palarq se reserva el derecho a modificar esta Pol\u00edtica de Privacidad, y en ese caso se lo comunicar\u00e1 al usuario para que pueda revisar los cambios antes de continuar utilizando los servicios que se ofrecen.<\/p>\n","protected":false},"excerpt":{"rendered":"<p>RESPONSABLE Fundaci\u00f3n Palarq +info DATOS QUE RECOGEMOS Aquellos que los usuarios suministren a trav\u00e9s de los formularios de la p\u00e1gina web. Aquellos que los usuarios suministren a trav\u00e9s de los diferentes servicios ofrecidos en la p\u00e1gina web. Datos recogidos a trav\u00e9s de las \u201ccookies\u201d. +info FINALIDAD Realizar las gestiones comerciales y administrativas necesarias con los&hellip;<\/p>\n","protected":false},"author":1,"featured_media":0,"parent":0,"menu_order":0,"comment_status":"closed","ping_status":"closed","template":"","meta":{"footnotes":"","_links_to":"","_links_to_target":""},"class_list":["post-2835","page","type-page","status-publish","hentry","description-off"],"yoast_head":"<!-- This site is optimized with the Yoast SEO plugin v27.4 - https:\/\/yoast.com\/product\/yoast-seo-wordpress\/ -->\n<title>Privacy policy - Fundaci\u00f3n Palarq<\/title>\n<meta name=\"robots\" content=\"index, follow, max-snippet:-1, max-image-preview:large, max-video-preview:-1\" \/>\n<link rel=\"canonical\" href=\"https:\/\/fundacionpalarq.com\/en\/privacy-policy\/\" \/>\n<meta property=\"og:locale\" content=\"en_US\" \/>\n<meta property=\"og:type\" content=\"article\" \/>\n<meta property=\"og:title\" content=\"Privacy policy - Fundaci\u00f3n Palarq\" \/>\n<meta property=\"og:description\" content=\"RESPONSABLE Fundaci\u00f3n Palarq +info DATOS QUE RECOGEMOS Aquellos que los usuarios suministren a trav\u00e9s de los formularios de la p\u00e1gina web. Aquellos que los usuarios suministren a trav\u00e9s de los diferentes servicios ofrecidos en la p\u00e1gina web. Datos recogidos a trav\u00e9s de las \u201ccookies\u201d. +info FINALIDAD Realizar las gestiones comerciales y administrativas necesarias con los&hellip;\" \/>\n<meta property=\"og:url\" content=\"https:\/\/fundacionpalarq.com\/en\/privacy-policy\/\" \/>\n<meta property=\"og:site_name\" content=\"Fundaci\u00f3n Palarq\" \/>\n<meta property=\"article:publisher\" content=\"https:\/\/www.facebook.com\/FundacionPalarq\" \/>\n<meta property=\"article:modified_time\" content=\"2019-07-12T14:39:43+00:00\" \/>\n<meta name=\"twitter:card\" content=\"summary_large_image\" \/>\n<meta name=\"twitter:site\" content=\"@FundacionPalarq\" \/>\n<meta name=\"twitter:label1\" content=\"Est. reading time\" \/>\n\t<meta name=\"twitter:data1\" content=\"24 minutes\" \/>\n<script type=\"application\/ld+json\" class=\"yoast-schema-graph\">{\"@context\":\"https:\\\/\\\/schema.org\",\"@graph\":[{\"@type\":\"WebPage\",\"@id\":\"https:\\\/\\\/fundacionpalarq.com\\\/en\\\/privacy-policy\\\/\",\"url\":\"https:\\\/\\\/fundacionpalarq.com\\\/en\\\/privacy-policy\\\/\",\"name\":\"Privacy policy - Fundaci\u00f3n Palarq\",\"isPartOf\":{\"@id\":\"https:\\\/\\\/fundacionpalarq.com\\\/en\\\/#website\"},\"datePublished\":\"2018-05-18T18:11:55+00:00\",\"dateModified\":\"2019-07-12T14:39:43+00:00\",\"breadcrumb\":{\"@id\":\"https:\\\/\\\/fundacionpalarq.com\\\/en\\\/privacy-policy\\\/#breadcrumb\"},\"inLanguage\":\"en-US\",\"potentialAction\":[{\"@type\":\"ReadAction\",\"target\":[\"https:\\\/\\\/fundacionpalarq.com\\\/en\\\/privacy-policy\\\/\"]}]},{\"@type\":\"BreadcrumbList\",\"@id\":\"https:\\\/\\\/fundacionpalarq.com\\\/en\\\/privacy-policy\\\/#breadcrumb\",\"itemListElement\":[{\"@type\":\"ListItem\",\"position\":1,\"name\":\"Portada\",\"item\":\"https:\\\/\\\/fundacionpalarq.com\\\/en\\\/\"},{\"@type\":\"ListItem\",\"position\":2,\"name\":\"Privacy policy\"}]},{\"@type\":\"WebSite\",\"@id\":\"https:\\\/\\\/fundacionpalarq.com\\\/en\\\/#website\",\"url\":\"https:\\\/\\\/fundacionpalarq.com\\\/en\\\/\",\"name\":\"Fundaci\u00f3n Palarq\",\"description\":\"\",\"publisher\":{\"@id\":\"https:\\\/\\\/fundacionpalarq.com\\\/en\\\/#organization\"},\"potentialAction\":[{\"@type\":\"SearchAction\",\"target\":{\"@type\":\"EntryPoint\",\"urlTemplate\":\"https:\\\/\\\/fundacionpalarq.com\\\/en\\\/?s={search_term_string}\"},\"query-input\":{\"@type\":\"PropertyValueSpecification\",\"valueRequired\":true,\"valueName\":\"search_term_string\"}}],\"inLanguage\":\"en-US\"},{\"@type\":\"Organization\",\"@id\":\"https:\\\/\\\/fundacionpalarq.com\\\/en\\\/#organization\",\"name\":\"Fundaci\u00f3n Palarq\",\"url\":\"https:\\\/\\\/fundacionpalarq.com\\\/en\\\/\",\"logo\":{\"@type\":\"ImageObject\",\"inLanguage\":\"en-US\",\"@id\":\"https:\\\/\\\/fundacionpalarq.com\\\/en\\\/#\\\/schema\\\/logo\\\/image\\\/\",\"url\":\"https:\\\/\\\/fundacionpalarq.com\\\/wp-content\\\/uploads\\\/2020\\\/03\\\/logo.png\",\"contentUrl\":\"https:\\\/\\\/fundacionpalarq.com\\\/wp-content\\\/uploads\\\/2020\\\/03\\\/logo.png\",\"width\":560,\"height\":318,\"caption\":\"Fundaci\u00f3n Palarq\"},\"image\":{\"@id\":\"https:\\\/\\\/fundacionpalarq.com\\\/en\\\/#\\\/schema\\\/logo\\\/image\\\/\"},\"sameAs\":[\"https:\\\/\\\/www.facebook.com\\\/FundacionPalarq\",\"https:\\\/\\\/x.com\\\/FundacionPalarq\",\"https:\\\/\\\/www.instagram.com\\\/fpalarq\\\/?hl=es\",\"https:\\\/\\\/www.linkedin.com\\\/company\\\/27123417\\\/\",\"https:\\\/\\\/www.youtube.com\\\/channel\\\/UCeatjA-7IA7dgRNORqhwVQA\\\/videos\"]}]}<\/script>\n<!-- \/ Yoast SEO plugin. -->","yoast_head_json":{"title":"Privacy policy - Fundaci\u00f3n Palarq","robots":{"index":"index","follow":"follow","max-snippet":"max-snippet:-1","max-image-preview":"max-image-preview:large","max-video-preview":"max-video-preview:-1"},"canonical":"https:\/\/fundacionpalarq.com\/en\/privacy-policy\/","og_locale":"en_US","og_type":"article","og_title":"Privacy policy - Fundaci\u00f3n Palarq","og_description":"RESPONSABLE Fundaci\u00f3n Palarq +info DATOS QUE RECOGEMOS Aquellos que los usuarios suministren a trav\u00e9s de los formularios de la p\u00e1gina web. Aquellos que los usuarios suministren a trav\u00e9s de los diferentes servicios ofrecidos en la p\u00e1gina web. Datos recogidos a trav\u00e9s de las \u201ccookies\u201d. +info FINALIDAD Realizar las gestiones comerciales y administrativas necesarias con los&hellip;","og_url":"https:\/\/fundacionpalarq.com\/en\/privacy-policy\/","og_site_name":"Fundaci\u00f3n Palarq","article_publisher":"https:\/\/www.facebook.com\/FundacionPalarq","article_modified_time":"2019-07-12T14:39:43+00:00","twitter_card":"summary_large_image","twitter_site":"@FundacionPalarq","twitter_misc":{"Est. reading time":"24 minutes"},"schema":{"@context":"https:\/\/schema.org","@graph":[{"@type":"WebPage","@id":"https:\/\/fundacionpalarq.com\/en\/privacy-policy\/","url":"https:\/\/fundacionpalarq.com\/en\/privacy-policy\/","name":"Privacy policy - Fundaci\u00f3n Palarq","isPartOf":{"@id":"https:\/\/fundacionpalarq.com\/en\/#website"},"datePublished":"2018-05-18T18:11:55+00:00","dateModified":"2019-07-12T14:39:43+00:00","breadcrumb":{"@id":"https:\/\/fundacionpalarq.com\/en\/privacy-policy\/#breadcrumb"},"inLanguage":"en-US","potentialAction":[{"@type":"ReadAction","target":["https:\/\/fundacionpalarq.com\/en\/privacy-policy\/"]}]},{"@type":"BreadcrumbList","@id":"https:\/\/fundacionpalarq.com\/en\/privacy-policy\/#breadcrumb","itemListElement":[{"@type":"ListItem","position":1,"name":"Portada","item":"https:\/\/fundacionpalarq.com\/en\/"},{"@type":"ListItem","position":2,"name":"Privacy policy"}]},{"@type":"WebSite","@id":"https:\/\/fundacionpalarq.com\/en\/#website","url":"https:\/\/fundacionpalarq.com\/en\/","name":"Fundaci\u00f3n Palarq","description":"","publisher":{"@id":"https:\/\/fundacionpalarq.com\/en\/#organization"},"potentialAction":[{"@type":"SearchAction","target":{"@type":"EntryPoint","urlTemplate":"https:\/\/fundacionpalarq.com\/en\/?s={search_term_string}"},"query-input":{"@type":"PropertyValueSpecification","valueRequired":true,"valueName":"search_term_string"}}],"inLanguage":"en-US"},{"@type":"Organization","@id":"https:\/\/fundacionpalarq.com\/en\/#organization","name":"Fundaci\u00f3n Palarq","url":"https:\/\/fundacionpalarq.com\/en\/","logo":{"@type":"ImageObject","inLanguage":"en-US","@id":"https:\/\/fundacionpalarq.com\/en\/#\/schema\/logo\/image\/","url":"https:\/\/fundacionpalarq.com\/wp-content\/uploads\/2020\/03\/logo.png","contentUrl":"https:\/\/fundacionpalarq.com\/wp-content\/uploads\/2020\/03\/logo.png","width":560,"height":318,"caption":"Fundaci\u00f3n Palarq"},"image":{"@id":"https:\/\/fundacionpalarq.com\/en\/#\/schema\/logo\/image\/"},"sameAs":["https:\/\/www.facebook.com\/FundacionPalarq","https:\/\/x.com\/FundacionPalarq","https:\/\/www.instagram.com\/fpalarq\/?hl=es","https:\/\/www.linkedin.com\/company\/27123417\/","https:\/\/www.youtube.com\/channel\/UCeatjA-7IA7dgRNORqhwVQA\/videos"]}]}},"_links":{"self":[{"href":"https:\/\/fundacionpalarq.com\/en\/wp-json\/wp\/v2\/pages\/2835","targetHints":{"allow":["GET"]}}],"collection":[{"href":"https:\/\/fundacionpalarq.com\/en\/wp-json\/wp\/v2\/pages"}],"about":[{"href":"https:\/\/fundacionpalarq.com\/en\/wp-json\/wp\/v2\/types\/page"}],"author":[{"embeddable":true,"href":"https:\/\/fundacionpalarq.com\/en\/wp-json\/wp\/v2\/users\/1"}],"replies":[{"embeddable":true,"href":"https:\/\/fundacionpalarq.com\/en\/wp-json\/wp\/v2\/comments?post=2835"}],"version-history":[{"count":0,"href":"https:\/\/fundacionpalarq.com\/en\/wp-json\/wp\/v2\/pages\/2835\/revisions"}],"wp:attachment":[{"href":"https:\/\/fundacionpalarq.com\/en\/wp-json\/wp\/v2\/media?parent=2835"}],"curies":[{"name":"wp","href":"https:\/\/api.w.org\/{rel}","templated":true}]}}