{"id":14682,"date":"2021-11-26T14:07:10","date_gmt":"2021-11-26T13:07:10","guid":{"rendered":"https:\/\/fundacionpalarq.com\/?page_id=14682"},"modified":"2023-06-21T17:18:02","modified_gmt":"2023-06-21T15:18:02","slug":"iii-award-2023","status":"publish","type":"page","link":"https:\/\/fundacionpalarq.com\/en\/iii-award-2023\/","title":{"rendered":"III Award 2023"},"content":{"rendered":"<div class=\"wpb-content-wrapper\"><div class=\"templatera_shortcode\"><style type=\"text\/css\" data-type=\"vc_shortcodes-custom-css\">.vc_custom_1675440757748{margin-bottom: 0px !important;}<\/style><div class=\"vc_row wpb_row vc_row-fluid dt-default\" style=\"margin-top: 0px;margin-bottom: 0px\"><div class=\"wpb_column vc_column_container vc_col-sm-12\"><div class=\"vc_column-inner\"><div class=\"wpb_wrapper\">\n\t<div  class=\"wpb_single_image wpb_content_element vc_align_center  vc_custom_1675440757748\">\n\t\t\n\t\t<figure class=\"wpb_wrapper vc_figure\">\n\t\t\t<div class=\"vc_single_image-wrapper   vc_box_border_grey\"><img loading=\"lazy\" decoding=\"async\" width=\"1400\" height=\"439\" src=\"https:\/\/fundacionpalarq.com\/wp-content\/uploads\/2023\/02\/iii-award.jpg\" class=\"vc_single_image-img attachment-full\" alt=\"\" title=\"iii-award\" srcset=\"https:\/\/fundacionpalarq.com\/wp-content\/uploads\/2023\/02\/iii-award.jpg 1400w, https:\/\/fundacionpalarq.com\/wp-content\/uploads\/2023\/02\/iii-award-300x94.jpg 300w, https:\/\/fundacionpalarq.com\/wp-content\/uploads\/2023\/02\/iii-award-768x241.jpg 768w\" sizes=\"auto, (max-width: 1400px) 100vw, 1400px\"  data-dt-location=\"https:\/\/fundacionpalarq.com\/en\/iii-award-2\/\" \/><\/div>\n\t\t<\/figure>\n\t<\/div>\n<\/div><\/div><\/div><\/div><\/div><div class=\"templatera_shortcode\"><div class=\"vc_row wpb_row vc_row-fluid menu_premio dt-default\" style=\"margin-top: 0px;margin-bottom: 0px\"><div class=\"wpb_column vc_column_container vc_col-sm-12\"><div class=\"vc_column-inner\"><div class=\"wpb_wrapper\"><div  class=\"vc_wp_custommenu wpb_content_element\"><div class=\"widget widget_nav_menu\"><div class=\"menu-menu-iii-premio-en-container\"><ul id=\"menu-menu-iii-premio-en\" class=\"menu\"><li id=\"menu-item-20876\" class=\"menu-item menu-item-type-post_type menu-item-object-page menu-item-20876\"><a href=\"https:\/\/fundacionpalarq.com\/en\/iii-award-2023\/\">III Award 2023<\/a><\/li>\n<li id=\"menu-item-20880\" class=\"menu-item menu-item-type-post_type menu-item-object-page menu-item-20880\"><a href=\"https:\/\/fundacionpalarq.com\/en\/iii-award-2023\/rules\/\">Rules<\/a><\/li>\n<li id=\"menu-item-20877\" class=\"menu-item menu-item-type-post_type menu-item-object-page menu-item-20877\"><a href=\"https:\/\/fundacionpalarq.com\/en\/iii-award-2023\/award\/\">Award<\/a><\/li>\n<li id=\"menu-item-23222\" class=\"menu-item menu-item-type-post_type menu-item-object-page menu-item-23222\"><a href=\"https:\/\/fundacionpalarq.com\/en\/iii-award-2023\/jury\/\">Jury<\/a><\/li>\n<li id=\"menu-item-22492\" class=\"menu-item menu-item-type-post_type menu-item-object-page menu-item-22492\"><a href=\"https:\/\/fundacionpalarq.com\/en\/iii-award-2023\/participants\/\">Participants<\/a><\/li>\n<li id=\"menu-item-22800\" class=\"menu-item menu-item-type-post_type menu-item-object-page menu-item-22800\"><a href=\"https:\/\/fundacionpalarq.com\/en\/iii-award-2023\/finalists\/\">Finalists<\/a><\/li>\n<li id=\"menu-item-23075\" class=\"menu-item menu-item-type-post_type menu-item-object-dt_portfolio menu-item-23075\"><a href=\"https:\/\/fundacionpalarq.com\/en\/item\/proyecto-almoloya-bastida-poder-genero-y-parentesco-en-una-civilizacion-olvidada-de-la-edad-del-bronce\/\">Winner<\/a><\/li>\n<li id=\"menu-item-20878\" class=\"menu-item menu-item-type-post_type menu-item-object-page menu-item-20878\"><a href=\"https:\/\/fundacionpalarq.com\/en\/iii-award-2023\/press-room\/\">Press room<\/a><\/li>\n<\/ul><\/div><\/div><\/div><\/div><\/div><\/div><\/div><\/div>\n<h1 style=\"text-align: center;\">WE RECOGNIZE<br \/>\nEXCELLENCE AND ORIGINALITY<\/h1>\n<h2 style=\"text-align: center;\"><span style=\"color: #993300;\">THE ALMOLOYA-BASTIDA PROJECT, CRADLE OF THE ARGAR CULTURE, WINS THE III NATIONAL AWARD OF ARCHAEOLOGY AND PALEONTOLOGY PALARQ FOUNDATION, ENDOWED WITH 80,000 EUROS<\/span><\/h2>\n<p style=\"text-align: center;\"><span style=\"color: #993300;\">The sites of Almoloya (Pliego) and La Bastida (Totana), both in the province of Murcia, open the doors to expand the knowledge of the Argar culture through a project that investigates the political and economic inequalities of one of the most significant cultures in the Bronze Age.<\/span><\/p>\n<p style=\"text-align: center;\"><span style=\"color: #993300;\">The project, led by a team of researchers attached to the Faculty of Philosophy and Letters and the Department of Prehistory of the Universitat Aut\u00f2noma de Barcelona (UAB) wins the award after having been a finalist in the other two editions.<\/span><\/p>\n<p>&nbsp;<\/p>\n<p>The project &#8216;Almoloya-Bastida: power, gender and kinship in a forgotten civilization of the Bronze Age&#8217;, the Argar culture, has a leading role in the knowledge of recent prehistory in Spain, and is considered one of the most relevant cultures of the Bronze Age in Europe. The Argar is not just another archaeological culture. Its main characteristic was the establishment of acute political and economic inequalities, with great patrimonial, cultural and economic relevance.<\/p>\n<p>III National Award of Archaeology and Paleontology Palarq Foundation. The jury has ruled unanimously in favor of this project. This was announced by the spokesman of the Jury, constituted for this third edition, <strong><span style=\"color: #993300;\">Luis Monreal,<\/span><\/strong> during the gala held this Thursday at the National Archaeological Museum (MAN) in Madrid, headquarters of the event since its founding. The gala was presided over by the Minister of Culture and Sport, Miquel Iceta, and was attended by the president of the Palarq Foundation, the award&#8217;s organizer, Antonio Gallardo Ballart.<\/p>\n<p>During his speech, the spokesman of the jury wanted to highlight the difficulty for the jury to make the final decision given the high quality and originality of the projects presented. In this sense, Luis Monreal stressed that the winning project meets all the criteria pursued by the award: &#8220;the quality of the research, the relevance of the topic, the potential for development, the contribution to fill a gap in knowledge and the ability to disseminate&#8221;. In this sense, the spokesperson of the jury highlighted the innovative nature of a project &#8220;that aims to unravel immaterial aspects of a millenary civilization that existed in Spain, in an area comparable to the surface of Belgium, and of a culture in which the inequalities and relationships, kinships and the formation of a society that disappeared are unraveled&#8221;.<\/p>\n<p>&nbsp;<\/p>\n<p>The jury of the third edition of the Award was formed by:<\/p>\n<ol>\n<li>Luis Monreal, General Manager of the Aga Khan Foundation, Geneva.<\/li>\n<li>Prof. Tim D. White, Director of the Human Evolution Research Center, University of Berkeley.<\/li>\n<li>Ms. Mar\u00eda de Corral L\u00f3pez-D\u00f3riga, independent curator, art critic and art advisor.<\/li>\n<li>Gregorio Mara\u00f1\u00f3n y Bertr\u00e1n de Lis, jurist, businessman and academic.<\/li>\n<li>Margarita Orfila, Professor of Archaeology, University of Granada, Spain.<\/li>\n<li>Pepe Serra, Director of the Museu Nacional d&#8217;Art de Catalunya (MNAC)<\/li>\n<li>Mr. Jes\u00fas Garc\u00eda Calero, Director of \u00a0ABC Cultural.<\/li>\n<\/ol>\n<p>In his words of welcome, the president of the Palarq Foundation, <span style=\"color: #993300;\"><strong>Antonio Gallardo Ballart<\/strong><\/span>, stressed that the winning project &#8220;responds to an excellent work of many years that has put in value a very relevant culture of the Bronze Age that was not known, the Argar Culture, within the geographical scope of several provinces, mainly that of Murcia. It is a project of scope: with many years of research in the past, in the present and with many aspects of the Argar Culture that will be discovered and disseminated in the future&#8221;.<\/p>\n<p>On behalf of the research team, <strong><span style=\"color: #993300;\">Cristina Rihuete<\/span><\/strong> thanked the award and what it means for the continuity of the project: &#8220;basically, the award will allow us to concentrate on basic research and its dissemination&#8221;. On the results of the research carried out so far, Dr. Rafael Mic\u00f3, another of the main researchers of the large team involved in the project, said: &#8220;the main results have to do with the increasingly detailed knowledge of the political organization, economic relations and even the kinship rules of a prehistoric community from 4,000 years ago&#8221;.<\/p>\n<p>In this sense, <strong><span style=\"color: #993300;\">Rafael Mic\u00f3<\/span><\/strong> added that &#8220;this type of field of study allows us to contribute in a very interesting way to debates of great interest that never go out of fashion, such as the origin of civilizations or the origin of societies with inequalities, the origin of violence and what effects it can have on everyday life&#8221;.<\/p>\n<p>In a vindictive speech, the most senior researcher of the team, <strong><span style=\"color: #993300;\">Vicente Lull<\/span><\/strong>, praised the work of the Palarq Foundation, &#8220;where teamwork is being valued and this commitment in a context of competition such as the current one is very commendable&#8221;. Lull focused his speech on a criticism of the impact reports, which he described as superficial, and the criteria for evaluating their programs in this field.<\/p>\n<p>The entire team received the award from the Minister of Culture and Sport, Miquel Iceta, who praised the work of the Palarq Foundation: &#8220;We need experts in the field to discover the richness of our history and private foundations that value and help these projects,&#8221; he said, while encouraging professionals to continue researching.<\/p>\n<p>&#8220;Researching the little-known remote past may not be economically profitable, but it does have an immense value in terms of getting to know ourselves better. Knowing the past is a good tool to understand the present and to know the relationship between things&#8221;, concluded the minister.<\/p>\n<p>Through the project &#8216;Almoloya-Bastida: power, gender and kinship in a forgotten civilization of the Bronze Age&#8217; the team of researchers attached to the Faculty of Philosophy and Letters and the Department of Prehistory of the Universitat Aut\u00f2noma de Barcelona (UAB), develops research on the Argar culture ranging from the strictly archaeological to elements on social evolution and political organization, which give it a unique relevance at European level.<\/p>\n<p>The Argar culture has a leading role in the knowledge of recent prehistory in Spain and is considered one of the most important cultures of the Bronze Age in Europe, whose main characteristic is the establishment of acute political and economic inequalities, to the point of having been described as one of the first states in Europe.<\/p>\n<p>The society of El Argar possessed a level of political and economic complexity structurally comparable to a Civilization. Unlike what is usually assumed for the European communities of the early Bronze Age, 3 very important points become clear: civilization and prehistory are not antithetical terms, the European Bronze Age is not synonymous with &#8220;Barbarism&#8221; and many of the relationships that today shape or limit us as a society and as individuals have their roots in autochthonous revolutions whose memory had been lost.<\/p>\n<p>&nbsp;<\/p>\n<p><style type=\"text\/css\" data-type=\"the7_shortcodes-inline-css\">.gallery-carousel-shortcode.gallery-carousel-shortcode-id-41ed84d1b655e0d4b6a9312348a44d98.owl-carousel .owl-nav div {\n  width: 36px;\n  height: 36px;\n  border-radius: 500px;\n}\n.dt-arrow-border-on.gallery-carousel-shortcode.gallery-carousel-shortcode-id-41ed84d1b655e0d4b6a9312348a44d98.owl-carousel .owl-nav div:not(:hover):before {\n  border-width: 0px;\n}\n.dt-arrow-hover-border-on.gallery-carousel-shortcode.gallery-carousel-shortcode-id-41ed84d1b655e0d4b6a9312348a44d98.owl-carousel .owl-nav div:hover:after {\n  border-width: 0px;\n}\n.gallery-carousel-shortcode.gallery-carousel-shortcode-id-41ed84d1b655e0d4b6a9312348a44d98.owl-carousel .owl-nav div.owl-prev {\n  top: 50%;\n  transform: translateY(calc(-50% + 0px));\n  left: -43px;\n}\n@media all and (-ms-high-contrast: none) {\n  .gallery-carousel-shortcode.gallery-carousel-shortcode-id-41ed84d1b655e0d4b6a9312348a44d98.owl-carousel .owl-nav div.owl-prev {\n    transform: translateY(-50%);\n    margin-top: 0px;\n  }\n}\n.gallery-carousel-shortcode.gallery-carousel-shortcode-id-41ed84d1b655e0d4b6a9312348a44d98.owl-carousel .owl-nav div.owl-prev i {\n  padding: 0px 0px 0px 0px;\n}\n.gallery-carousel-shortcode.gallery-carousel-shortcode-id-41ed84d1b655e0d4b6a9312348a44d98.owl-carousel .owl-nav div.owl-next {\n  top: 50%;\n  transform: translateY(calc(-50% + 0px));\n  right: -43px;\n}\n@media all and (-ms-high-contrast: none) {\n  .gallery-carousel-shortcode.gallery-carousel-shortcode-id-41ed84d1b655e0d4b6a9312348a44d98.owl-carousel .owl-nav div.owl-next {\n    transform: translateY(-50%);\n    margin-top: 0px;\n  }\n}\n.gallery-carousel-shortcode.gallery-carousel-shortcode-id-41ed84d1b655e0d4b6a9312348a44d98.owl-carousel .owl-nav div.owl-next i {\n  padding: 0px 0px 0px 0px;\n}\n.gallery-carousel-shortcode.gallery-carousel-shortcode-id-41ed84d1b655e0d4b6a9312348a44d98.owl-carousel .owl-nav i {\n  font-size: 18px;\n}\n.gallery-carousel-shortcode.gallery-carousel-shortcode-id-41ed84d1b655e0d4b6a9312348a44d98.owl-carousel .owl-nav div:not(:hover) i,\n.gallery-carousel-shortcode.gallery-carousel-shortcode-id-41ed84d1b655e0d4b6a9312348a44d98.owl-carousel .owl-nav div:not(:hover) i:before {\n  color: #ffffff;\n  background: none;\n}\n.gallery-carousel-shortcode.gallery-carousel-shortcode-id-41ed84d1b655e0d4b6a9312348a44d98.owl-carousel .owl-nav div:hover i,\n.gallery-carousel-shortcode.gallery-carousel-shortcode-id-41ed84d1b655e0d4b6a9312348a44d98.owl-carousel .owl-nav div:hover i:before {\n  color: rgba(255,255,255,0.75);\n  background: none;\n}\n.gallery-carousel-shortcode.gallery-carousel-shortcode-id-41ed84d1b655e0d4b6a9312348a44d98 .owl-dots {\n  top: calc(100% + 20px);\n  left: 50%;\n  transform: translateX(calc(-50% + 0px));\n}\n@media all and (-ms-high-contrast: none) {\n  .gallery-carousel-shortcode.gallery-carousel-shortcode-id-41ed84d1b655e0d4b6a9312348a44d98 .owl-dots {\n    transform: translateX(-50%);\n    margin-left: 0px;\n  }\n}\n.gallery-carousel-shortcode.gallery-carousel-shortcode-id-41ed84d1b655e0d4b6a9312348a44d98 .owl-dot {\n  width: 10px;\n  height: 10px;\n  margin: 0 8px;\n}\n@media screen and (max-width: 778px) {\n  .gallery-carousel-shortcode.gallery-carousel-shortcode-id-41ed84d1b655e0d4b6a9312348a44d98.hide-arrows .owl-nav a {\n    display: none;\n  }\n}\n@media screen and (max-width: 778px) {\n  .gallery-carousel-shortcode.gallery-carousel-shortcode-id-41ed84d1b655e0d4b6a9312348a44d98.reposition-arrows .owl-nav .owl-prev {\n    top: 50%;\n    transform: translateY(calc(-50% + 0px));\n    left: 10px;\n  }\n  .gallery-carousel-shortcode.gallery-carousel-shortcode-id-41ed84d1b655e0d4b6a9312348a44d98.reposition-arrows .owl-nav .owl-next {\n    top: 50%;\n    transform: translateY(calc(-50% + 0px));\n    right: 10px;\n  }\n}\n@media screen and (max-width: 778px) and all and (-ms-high-contrast: none) {\n  .gallery-carousel-shortcode.gallery-carousel-shortcode-id-41ed84d1b655e0d4b6a9312348a44d98.reposition-arrows .owl-nav .owl-prev {\n    transform: translateY(-50%);\n    margin-top: 0px;\n  }\n}\n@media screen and (max-width: 778px) and all and (-ms-high-contrast: none) {\n  .gallery-carousel-shortcode.gallery-carousel-shortcode-id-41ed84d1b655e0d4b6a9312348a44d98.reposition-arrows .owl-nav .owl-next {\n    transform: translateY(-50%);\n    margin-top: 0px;\n  }\n}\n.gallery-carousel-shortcode.gallery-carousel-shortcode-id-41ed84d1b655e0d4b6a9312348a44d98 figure,\n.gallery-carousel-shortcode.gallery-carousel-shortcode-id-41ed84d1b655e0d4b6a9312348a44d98 .rollover,\n.gallery-carousel-shortcode.gallery-carousel-shortcode-id-41ed84d1b655e0d4b6a9312348a44d98 img,\n.gallery-carousel-shortcode.gallery-carousel-shortcode-id-41ed84d1b655e0d4b6a9312348a44d98 .gallery-rollover {\n  border-radius: 0px;\n}\n.gallery-carousel-shortcode.gallery-carousel-shortcode-id-41ed84d1b655e0d4b6a9312348a44d98.enable-bg-rollover .gallery-rollover {\n  background: -webkit-linear-gradient();\n  background: linear-gradient();\n}\n.gallery-carousel-shortcode.gallery-carousel-shortcode-id-41ed84d1b655e0d4b6a9312348a44d98.enable-img-shadow .owl-stage-outer {\n  padding: 14px 0;\n}\n.gallery-carousel-shortcode.gallery-carousel-shortcode-id-41ed84d1b655e0d4b6a9312348a44d98.enable-bg-rollover.hover-scale figure .rollover:after {\n  background: -webkit-linear-gradient();\n  background: linear-gradient();\n}\n.gallery-carousel-shortcode.gallery-carousel-shortcode-id-41ed84d1b655e0d4b6a9312348a44d98.gallery-shortcode .gallery-zoom-ico {\n  width: 44px;\n  height: 44px;\n  line-height: 44px;\n  border-radius: 100px;\n  margin: -22px 0 0 -22px;\n  border-width: 0px;\n}\n.dt-icon-bg-on.gallery-carousel-shortcode.gallery-carousel-shortcode-id-41ed84d1b655e0d4b6a9312348a44d98.gallery-shortcode .gallery-zoom-ico {\n  background: rgba(255,255,255,0.3);\n  box-shadow: none;\n}\n.gallery-carousel-shortcode.gallery-carousel-shortcode-id-41ed84d1b655e0d4b6a9312348a44d98.gallery-shortcode .gallery-zoom-ico:before,\n.gallery-carousel-shortcode.gallery-carousel-shortcode-id-41ed84d1b655e0d4b6a9312348a44d98.gallery-shortcode .gallery-zoom-ico span {\n  font-size: 32px;\n  line-height: 44px;\n  color: #ffffff;\n  background: none;\n}<\/style><div class=\"owl-carousel gallery-carousel-shortcode gallery-shortcode  dt-gallery-container dt-owl-carousel-call gallery-carousel-shortcode-id-41ed84d1b655e0d4b6a9312348a44d98 enable-bg-rollover meta-info-off dt-arrow-border-on dt-arrow-hover-border-on bullets-stroke reposition-arrows dt-icon-bg-off arrows-bg-on disable-arrows-hover-bg arrows-hover-bg-on  hover-fade \" data-scroll-mode=\"1\" data-col-num=\"5\" data-wide-col-num=\"5\" data-laptop-col=\"5\" data-h-tablet-columns-num=\"4\" data-v-tablet-columns-num=\"3\" data-phone-columns-num=\"1\" data-col-gap=\"10\" data-stage-padding=\"0\" data-speed=\"600\" data-autoplay=\"true\" data-autoplay_speed=\"6000\" data-arrows=\"false\" data-bullet=\"true\" data-next-icon=\"icon-ar-017-r\" data-prev-icon=\"icon-ar-017-l\" data-img-shadow-size=\"12px\" data-img-shadow-spread=\"3px\"><div data-post-id=\"23276\" data-date=\"2023-06-21T17:07:05+02:00\" data-name=\"Palarq-81\"><figure class=\"post\"><a href=\"https:\/\/fundacionpalarq.com\/wp-content\/uploads\/2023\/06\/Palarq-81.jpg\" class=\"rollover dt-pswp-item layzr-bg\" data-large_image_width=\"1400\" data-large_image_height=\"933\" data-dt-img-description=\"\" title=\"Palarq-81\"><img fetchpriority=\"high\" decoding=\"async\" class=\"preload-me owl-lazy-load aspect\" src=\"data:image\/svg+xml,%3Csvg%20xmlns%3D&#39;http%3A%2F%2Fwww.w3.org%2F2000%2Fsvg&#39;%20viewBox%3D&#39;0%200%20933%20933&#39;%2F%3E\" data-src=\"https:\/\/fundacionpalarq.com\/wp-content\/uploads\/2023\/06\/Palarq-81-933x933.jpg\" data-srcset=\"https:\/\/fundacionpalarq.com\/wp-content\/uploads\/2023\/06\/Palarq-81-933x933.jpg 933w\" loading=\"eager\" style=\"--ratio: 933 \/ 933\" sizes=\"(max-width: 933px) 100vw, 933px\" alt=\"\" width=\"933\" height=\"933\"  \/><span class=\"gallery-rollover\"><span class=\"gallery-zoom-ico icomoon-the7-font-the7-zoom-06\"><span><\/span><\/span><\/span><\/a><\/figure><\/div><div data-post-id=\"23274\" data-date=\"2023-06-21T17:07:04+02:00\" data-name=\"Palarq-57\"><figure class=\"post\"><a href=\"https:\/\/fundacionpalarq.com\/wp-content\/uploads\/2023\/06\/Palarq-57.jpg\" class=\"rollover dt-pswp-item layzr-bg\" data-large_image_width=\"1400\" data-large_image_height=\"933\" data-dt-img-description=\"\" title=\"Palarq-57\"><img decoding=\"async\" class=\"preload-me owl-lazy-load aspect\" src=\"data:image\/svg+xml,%3Csvg%20xmlns%3D&#39;http%3A%2F%2Fwww.w3.org%2F2000%2Fsvg&#39;%20viewBox%3D&#39;0%200%20933%20933&#39;%2F%3E\" data-src=\"https:\/\/fundacionpalarq.com\/wp-content\/uploads\/2023\/06\/Palarq-57-933x933.jpg\" data-srcset=\"https:\/\/fundacionpalarq.com\/wp-content\/uploads\/2023\/06\/Palarq-57-933x933.jpg 933w\" loading=\"eager\" style=\"--ratio: 933 \/ 933\" sizes=\"(max-width: 933px) 100vw, 933px\" alt=\"\" width=\"933\" height=\"933\"  \/><span class=\"gallery-rollover\"><span class=\"gallery-zoom-ico icomoon-the7-font-the7-zoom-06\"><span><\/span><\/span><\/span><\/a><\/figure><\/div><div data-post-id=\"23272\" data-date=\"2023-06-21T17:07:02+02:00\" data-name=\"Palarq-56\"><figure class=\"post\"><a href=\"https:\/\/fundacionpalarq.com\/wp-content\/uploads\/2023\/06\/Palarq-56.jpg\" class=\"rollover dt-pswp-item layzr-bg\" data-large_image_width=\"1400\" data-large_image_height=\"1050\" data-dt-img-description=\"\" title=\"Palarq-56\"><img decoding=\"async\" class=\"preload-me owl-lazy-load aspect\" src=\"data:image\/svg+xml,%3Csvg%20xmlns%3D&#39;http%3A%2F%2Fwww.w3.org%2F2000%2Fsvg&#39;%20viewBox%3D&#39;0%200%201050%201050&#39;%2F%3E\" data-src=\"https:\/\/fundacionpalarq.com\/wp-content\/uploads\/2023\/06\/Palarq-56-1050x1050.jpg\" data-srcset=\"https:\/\/fundacionpalarq.com\/wp-content\/uploads\/2023\/06\/Palarq-56-1050x1050.jpg 1050w\" loading=\"eager\" style=\"--ratio: 1050 \/ 1050\" sizes=\"(max-width: 1050px) 100vw, 1050px\" alt=\"\" width=\"1050\" height=\"1050\"  \/><span class=\"gallery-rollover\"><span class=\"gallery-zoom-ico icomoon-the7-font-the7-zoom-06\"><span><\/span><\/span><\/span><\/a><\/figure><\/div><div data-post-id=\"23270\" data-date=\"2023-06-21T17:07:00+02:00\" data-name=\"Palarq-55\"><figure class=\"post\"><a href=\"https:\/\/fundacionpalarq.com\/wp-content\/uploads\/2023\/06\/Palarq-55.jpg\" class=\"rollover dt-pswp-item layzr-bg\" data-large_image_width=\"1400\" data-large_image_height=\"1050\" data-dt-img-description=\"\" title=\"Palarq-55\"><img decoding=\"async\" class=\"preload-me owl-lazy-load aspect\" src=\"data:image\/svg+xml,%3Csvg%20xmlns%3D&#39;http%3A%2F%2Fwww.w3.org%2F2000%2Fsvg&#39;%20viewBox%3D&#39;0%200%201050%201050&#39;%2F%3E\" data-src=\"https:\/\/fundacionpalarq.com\/wp-content\/uploads\/2023\/06\/Palarq-55-1050x1050.jpg\" data-srcset=\"https:\/\/fundacionpalarq.com\/wp-content\/uploads\/2023\/06\/Palarq-55-1050x1050.jpg 1050w\" loading=\"eager\" style=\"--ratio: 1050 \/ 1050\" sizes=\"(max-width: 1050px) 100vw, 1050px\" alt=\"\" width=\"1050\" height=\"1050\"  \/><span class=\"gallery-rollover\"><span class=\"gallery-zoom-ico icomoon-the7-font-the7-zoom-06\"><span><\/span><\/span><\/span><\/a><\/figure><\/div><div data-post-id=\"23268\" data-date=\"2023-06-21T17:06:58+02:00\" data-name=\"Palarq-48\"><figure class=\"post\"><a href=\"https:\/\/fundacionpalarq.com\/wp-content\/uploads\/2023\/06\/Palarq-48.jpg\" class=\"rollover dt-pswp-item layzr-bg\" data-large_image_width=\"1400\" data-large_image_height=\"933\" data-dt-img-description=\"\" title=\"Palarq-48\"><img decoding=\"async\" class=\"preload-me owl-lazy-load aspect\" src=\"data:image\/svg+xml,%3Csvg%20xmlns%3D&#39;http%3A%2F%2Fwww.w3.org%2F2000%2Fsvg&#39;%20viewBox%3D&#39;0%200%20933%20933&#39;%2F%3E\" data-src=\"https:\/\/fundacionpalarq.com\/wp-content\/uploads\/2023\/06\/Palarq-48-933x933.jpg\" data-srcset=\"https:\/\/fundacionpalarq.com\/wp-content\/uploads\/2023\/06\/Palarq-48-933x933.jpg 933w\" loading=\"eager\" style=\"--ratio: 933 \/ 933\" sizes=\"(max-width: 933px) 100vw, 933px\" alt=\"\" width=\"933\" height=\"933\"  \/><span class=\"gallery-rollover\"><span class=\"gallery-zoom-ico icomoon-the7-font-the7-zoom-06\"><span><\/span><\/span><\/span><\/a><\/figure><\/div><div data-post-id=\"23266\" data-date=\"2023-06-21T17:06:57+02:00\" data-name=\"Palarq-43\"><figure class=\"post\"><a href=\"https:\/\/fundacionpalarq.com\/wp-content\/uploads\/2023\/06\/Palarq-43.jpg\" class=\"rollover dt-pswp-item layzr-bg\" data-large_image_width=\"1400\" data-large_image_height=\"933\" data-dt-img-description=\"\" title=\"Palarq-43\"><img decoding=\"async\" class=\"preload-me owl-lazy-load aspect\" src=\"data:image\/svg+xml,%3Csvg%20xmlns%3D&#39;http%3A%2F%2Fwww.w3.org%2F2000%2Fsvg&#39;%20viewBox%3D&#39;0%200%20933%20933&#39;%2F%3E\" data-src=\"https:\/\/fundacionpalarq.com\/wp-content\/uploads\/2023\/06\/Palarq-43-933x933.jpg\" data-srcset=\"https:\/\/fundacionpalarq.com\/wp-content\/uploads\/2023\/06\/Palarq-43-933x933.jpg 933w\" loading=\"eager\" style=\"--ratio: 933 \/ 933\" sizes=\"(max-width: 933px) 100vw, 933px\" alt=\"\" width=\"933\" height=\"933\"  \/><span class=\"gallery-rollover\"><span class=\"gallery-zoom-ico icomoon-the7-font-the7-zoom-06\"><span><\/span><\/span><\/span><\/a><\/figure><\/div><div data-post-id=\"23264\" data-date=\"2023-06-21T17:06:55+02:00\" data-name=\"Palarq-27\"><figure class=\"post\"><a href=\"https:\/\/fundacionpalarq.com\/wp-content\/uploads\/2023\/06\/Palarq-27.jpg\" class=\"rollover dt-pswp-item layzr-bg\" data-large_image_width=\"1400\" data-large_image_height=\"933\" data-dt-img-description=\"\" title=\"Palarq-27\"><img decoding=\"async\" class=\"preload-me owl-lazy-load aspect\" src=\"data:image\/svg+xml,%3Csvg%20xmlns%3D&#39;http%3A%2F%2Fwww.w3.org%2F2000%2Fsvg&#39;%20viewBox%3D&#39;0%200%20933%20933&#39;%2F%3E\" data-src=\"https:\/\/fundacionpalarq.com\/wp-content\/uploads\/2023\/06\/Palarq-27-933x933.jpg\" data-srcset=\"https:\/\/fundacionpalarq.com\/wp-content\/uploads\/2023\/06\/Palarq-27-933x933.jpg 933w\" loading=\"eager\" style=\"--ratio: 933 \/ 933\" sizes=\"(max-width: 933px) 100vw, 933px\" alt=\"\" width=\"933\" height=\"933\"  \/><span class=\"gallery-rollover\"><span class=\"gallery-zoom-ico icomoon-the7-font-the7-zoom-06\"><span><\/span><\/span><\/span><\/a><\/figure><\/div><div data-post-id=\"23262\" data-date=\"2023-06-21T17:06:53+02:00\" data-name=\"Palarq-26\"><figure class=\"post\"><a href=\"https:\/\/fundacionpalarq.com\/wp-content\/uploads\/2023\/06\/Palarq-26.jpg\" class=\"rollover dt-pswp-item layzr-bg\" data-large_image_width=\"1400\" data-large_image_height=\"1050\" data-dt-img-description=\"\" title=\"Palarq-26\"><img decoding=\"async\" class=\"preload-me owl-lazy-load aspect\" src=\"data:image\/svg+xml,%3Csvg%20xmlns%3D&#39;http%3A%2F%2Fwww.w3.org%2F2000%2Fsvg&#39;%20viewBox%3D&#39;0%200%201050%201050&#39;%2F%3E\" data-src=\"https:\/\/fundacionpalarq.com\/wp-content\/uploads\/2023\/06\/Palarq-26-1050x1050.jpg\" data-srcset=\"https:\/\/fundacionpalarq.com\/wp-content\/uploads\/2023\/06\/Palarq-26-1050x1050.jpg 1050w\" loading=\"eager\" style=\"--ratio: 1050 \/ 1050\" sizes=\"(max-width: 1050px) 100vw, 1050px\" alt=\"\" width=\"1050\" height=\"1050\"  \/><span class=\"gallery-rollover\"><span class=\"gallery-zoom-ico icomoon-the7-font-the7-zoom-06\"><span><\/span><\/span><\/span><\/a><\/figure><\/div><div data-post-id=\"23260\" data-date=\"2023-06-21T17:06:51+02:00\" data-name=\"Palarq-16\"><figure class=\"post\"><a href=\"https:\/\/fundacionpalarq.com\/wp-content\/uploads\/2023\/06\/Palarq-16.jpg\" class=\"rollover dt-pswp-item layzr-bg\" data-large_image_width=\"1400\" data-large_image_height=\"1050\" data-dt-img-description=\"\" title=\"Palarq-16\"><img decoding=\"async\" class=\"preload-me owl-lazy-load aspect\" src=\"data:image\/svg+xml,%3Csvg%20xmlns%3D&#39;http%3A%2F%2Fwww.w3.org%2F2000%2Fsvg&#39;%20viewBox%3D&#39;0%200%201050%201050&#39;%2F%3E\" data-src=\"https:\/\/fundacionpalarq.com\/wp-content\/uploads\/2023\/06\/Palarq-16-1050x1050.jpg\" data-srcset=\"https:\/\/fundacionpalarq.com\/wp-content\/uploads\/2023\/06\/Palarq-16-1050x1050.jpg 1050w\" loading=\"eager\" style=\"--ratio: 1050 \/ 1050\" sizes=\"(max-width: 1050px) 100vw, 1050px\" alt=\"\" width=\"1050\" height=\"1050\"  \/><span class=\"gallery-rollover\"><span class=\"gallery-zoom-ico icomoon-the7-font-the7-zoom-06\"><span><\/span><\/span><\/span><\/a><\/figure><\/div><div data-post-id=\"23258\" data-date=\"2023-06-21T17:06:48+02:00\" data-name=\"Palarq-5\"><figure class=\"post\"><a href=\"https:\/\/fundacionpalarq.com\/wp-content\/uploads\/2023\/06\/Palarq-5.jpg\" class=\"rollover dt-pswp-item layzr-bg\" data-large_image_width=\"1400\" data-large_image_height=\"933\" data-dt-img-description=\"\" title=\"Palarq-5\"><img decoding=\"async\" class=\"preload-me owl-lazy-load aspect\" src=\"data:image\/svg+xml,%3Csvg%20xmlns%3D&#39;http%3A%2F%2Fwww.w3.org%2F2000%2Fsvg&#39;%20viewBox%3D&#39;0%200%20933%20933&#39;%2F%3E\" data-src=\"https:\/\/fundacionpalarq.com\/wp-content\/uploads\/2023\/06\/Palarq-5-933x933.jpg\" data-srcset=\"https:\/\/fundacionpalarq.com\/wp-content\/uploads\/2023\/06\/Palarq-5-933x933.jpg 933w\" loading=\"eager\" style=\"--ratio: 933 \/ 933\" sizes=\"(max-width: 933px) 100vw, 933px\" alt=\"\" width=\"933\" height=\"933\"  \/><span class=\"gallery-rollover\"><span class=\"gallery-zoom-ico icomoon-the7-font-the7-zoom-06\"><span><\/span><\/span><\/span><\/a><\/figure><\/div><div data-post-id=\"23256\" data-date=\"2023-06-21T17:06:46+02:00\" data-name=\"IMG-20230616-WA0009\"><figure class=\"post\"><a href=\"https:\/\/fundacionpalarq.com\/wp-content\/uploads\/2023\/06\/IMG-20230616-WA0009-1.jpg\" class=\"rollover dt-pswp-item layzr-bg\" data-large_image_width=\"2048\" data-large_image_height=\"1670\" data-dt-img-description=\"\" title=\"IMG-20230616-WA0009\"><img decoding=\"async\" class=\"preload-me owl-lazy-load aspect\" src=\"data:image\/svg+xml,%3Csvg%20xmlns%3D&#39;http%3A%2F%2Fwww.w3.org%2F2000%2Fsvg&#39;%20viewBox%3D&#39;0%200%201670%201670&#39;%2F%3E\" data-src=\"https:\/\/fundacionpalarq.com\/wp-content\/uploads\/2023\/06\/IMG-20230616-WA0009-1-1670x1670.jpg\" data-srcset=\"https:\/\/fundacionpalarq.com\/wp-content\/uploads\/2023\/06\/IMG-20230616-WA0009-1-1670x1670.jpg 1670w\" loading=\"eager\" style=\"--ratio: 1670 \/ 1670\" sizes=\"(max-width: 1670px) 100vw, 1670px\" alt=\"\" width=\"1670\" height=\"1670\"  \/><span class=\"gallery-rollover\"><span class=\"gallery-zoom-ico icomoon-the7-font-the7-zoom-06\"><span><\/span><\/span><\/span><\/a><\/figure><\/div><div data-post-id=\"23254\" data-date=\"2023-06-21T17:06:43+02:00\" data-name=\"@FUNDACION PALARQ_PREMIO NACIONAL ARQUEOLOGIA Y PALEONTOLOGIA_10\"><figure class=\"post\"><a href=\"https:\/\/fundacionpalarq.com\/wp-content\/uploads\/2023\/06\/@FUNDACION-PALARQ_PREMIO-NACIONAL-ARQUEOLOGIA-Y-PALEONTOLOGIA_10-1.jpeg\" class=\"rollover dt-pswp-item layzr-bg\" data-large_image_width=\"1920\" data-large_image_height=\"1280\" data-dt-img-description=\"\" title=\"@FUNDACION PALARQ_PREMIO NACIONAL ARQUEOLOGIA Y PALEONTOLOGIA_10\"><img decoding=\"async\" class=\"preload-me owl-lazy-load aspect\" src=\"data:image\/svg+xml,%3Csvg%20xmlns%3D&#39;http%3A%2F%2Fwww.w3.org%2F2000%2Fsvg&#39;%20viewBox%3D&#39;0%200%201280%201280&#39;%2F%3E\" data-src=\"https:\/\/fundacionpalarq.com\/wp-content\/uploads\/2023\/06\/@FUNDACION-PALARQ_PREMIO-NACIONAL-ARQUEOLOGIA-Y-PALEONTOLOGIA_10-1-1280x1280.jpeg\" data-srcset=\"https:\/\/fundacionpalarq.com\/wp-content\/uploads\/2023\/06\/@FUNDACION-PALARQ_PREMIO-NACIONAL-ARQUEOLOGIA-Y-PALEONTOLOGIA_10-1-1280x1280.jpeg 1280w\" loading=\"eager\" style=\"--ratio: 1280 \/ 1280\" sizes=\"(max-width: 1280px) 100vw, 1280px\" alt=\"\" width=\"1280\" height=\"1280\"  \/><span class=\"gallery-rollover\"><span class=\"gallery-zoom-ico icomoon-the7-font-the7-zoom-06\"><span><\/span><\/span><\/span><\/a><\/figure><\/div><div data-post-id=\"23252\" data-date=\"2023-06-21T17:06:41+02:00\" data-name=\"@FUNDACION PALARQ_PREMIO NACIONAL ARQUEOLOGIA Y PALEONTOLOGIA_9\"><figure class=\"post\"><a href=\"https:\/\/fundacionpalarq.com\/wp-content\/uploads\/2023\/06\/@FUNDACION-PALARQ_PREMIO-NACIONAL-ARQUEOLOGIA-Y-PALEONTOLOGIA_9-1.jpeg\" class=\"rollover dt-pswp-item layzr-bg\" data-large_image_width=\"1920\" data-large_image_height=\"1280\" data-dt-img-description=\"\" title=\"@FUNDACION PALARQ_PREMIO NACIONAL ARQUEOLOGIA Y PALEONTOLOGIA_9\"><img decoding=\"async\" class=\"preload-me owl-lazy-load aspect\" src=\"data:image\/svg+xml,%3Csvg%20xmlns%3D&#39;http%3A%2F%2Fwww.w3.org%2F2000%2Fsvg&#39;%20viewBox%3D&#39;0%200%201280%201280&#39;%2F%3E\" data-src=\"https:\/\/fundacionpalarq.com\/wp-content\/uploads\/2023\/06\/@FUNDACION-PALARQ_PREMIO-NACIONAL-ARQUEOLOGIA-Y-PALEONTOLOGIA_9-1-1280x1280.jpeg\" data-srcset=\"https:\/\/fundacionpalarq.com\/wp-content\/uploads\/2023\/06\/@FUNDACION-PALARQ_PREMIO-NACIONAL-ARQUEOLOGIA-Y-PALEONTOLOGIA_9-1-1280x1280.jpeg 1280w\" loading=\"eager\" style=\"--ratio: 1280 \/ 1280\" sizes=\"(max-width: 1280px) 100vw, 1280px\" alt=\"\" width=\"1280\" height=\"1280\"  \/><span class=\"gallery-rollover\"><span class=\"gallery-zoom-ico icomoon-the7-font-the7-zoom-06\"><span><\/span><\/span><\/span><\/a><\/figure><\/div><div data-post-id=\"23250\" data-date=\"2023-06-21T17:06:39+02:00\" data-name=\"@FUNDACION PALARQ_PREMIO NACIONAL ARQUEOLOGIA Y PALEONTOLOGIA_2\"><figure class=\"post\"><a href=\"https:\/\/fundacionpalarq.com\/wp-content\/uploads\/2023\/06\/@FUNDACION-PALARQ_PREMIO-NACIONAL-ARQUEOLOGIA-Y-PALEONTOLOGIA_2-2.jpeg\" class=\"rollover dt-pswp-item layzr-bg\" data-large_image_width=\"1920\" data-large_image_height=\"1280\" data-dt-img-description=\"\" title=\"@FUNDACION PALARQ_PREMIO NACIONAL ARQUEOLOGIA Y PALEONTOLOGIA_2\"><img decoding=\"async\" class=\"preload-me owl-lazy-load aspect\" src=\"data:image\/svg+xml,%3Csvg%20xmlns%3D&#39;http%3A%2F%2Fwww.w3.org%2F2000%2Fsvg&#39;%20viewBox%3D&#39;0%200%201280%201280&#39;%2F%3E\" data-src=\"https:\/\/fundacionpalarq.com\/wp-content\/uploads\/2023\/06\/@FUNDACION-PALARQ_PREMIO-NACIONAL-ARQUEOLOGIA-Y-PALEONTOLOGIA_2-2-1280x1280.jpeg\" data-srcset=\"https:\/\/fundacionpalarq.com\/wp-content\/uploads\/2023\/06\/@FUNDACION-PALARQ_PREMIO-NACIONAL-ARQUEOLOGIA-Y-PALEONTOLOGIA_2-2-1280x1280.jpeg 1280w\" loading=\"eager\" style=\"--ratio: 1280 \/ 1280\" sizes=\"(max-width: 1280px) 100vw, 1280px\" alt=\"\" width=\"1280\" height=\"1280\"  \/><span class=\"gallery-rollover\"><span class=\"gallery-zoom-ico icomoon-the7-font-the7-zoom-06\"><span><\/span><\/span><\/span><\/a><\/figure><\/div><\/div><div class=\"templatera_shortcode\"><style type=\"text\/css\" data-type=\"vc_shortcodes-default-css\">.vc_do_btn{margin-bottom:22px;}<\/style><style type=\"text\/css\" data-type=\"vc_shortcodes-custom-css\">.vc_custom_1636462765214{margin-top: 15px !important;}.vc_custom_1636462765214{margin-top: 15px !important;}.vc_custom_1636462765214{margin-top: 15px !important;}.vc_custom_1747383410753{margin-top: 15px !important;margin-bottom: 10px !important;}.vc_custom_1676883211220{margin-top: 15px !important;margin-bottom: 10px !important;}.vc_custom_1637932257387{margin-top: 15px !important;margin-bottom: 10px !important;}<\/style><div class=\"vc_row wpb_row vc_row-fluid ii_premio dt-default\" style=\"margin-top: 0px;margin-bottom: 0px\"><div class=\"wpb_column vc_column_container vc_col-sm-12\"><div class=\"vc_column-inner\"><div class=\"wpb_wrapper\">\n\t<div class=\"wpb_text_column wpb_content_element \" >\n\t\t<div class=\"wpb_wrapper\">\n\t\t\t<h2>PAST EDITIONS<\/h2>\n\n\t\t<\/div>\n\t<\/div>\n<\/div><\/div><\/div><\/div><div class=\"vc_row wpb_row vc_row-fluid ii_premio dt-default\" style=\"margin-top: 0px;margin-bottom: 0px\"><div class=\"wpb_column vc_column_container vc_col-sm-2\"><div class=\"vc_column-inner\"><div class=\"wpb_wrapper\">\n\t<div class=\"wpb_text_column wpb_content_element  vc_custom_1747383410753\" >\n\t\t<div class=\"wpb_wrapper\">\n\t\t\t<h4 style=\"color: #fe5043;\">III EDITION (2023)<\/h4>\n\n\t\t<\/div>\n\t<\/div>\n<\/div><\/div><\/div><div class=\"wpb_column vc_column_container vc_col-sm-10\"><div class=\"vc_column-inner\"><div class=\"wpb_wrapper\"><div class=\"vc_btn3-container vc_btn3-left\" ><a class=\"vc_general vc_btn3 vc_btn3-size-md vc_btn3-shape-round vc_btn3-style-modern vc_btn3-color-pink\" href=\"https:\/\/fundacionpalarq.com\/en\/iii-award-2023\/\" title=\"\">VIEW<\/a><\/div><\/div><\/div><\/div><\/div><div class=\"vc_row wpb_row vc_row-fluid ii_premio dt-default\" style=\"margin-top: 0px;margin-bottom: 0px\"><div class=\"wpb_column vc_column_container vc_col-sm-2\"><div class=\"vc_column-inner\"><div class=\"wpb_wrapper\">\n\t<div class=\"wpb_text_column wpb_content_element  vc_custom_1676883211220\" >\n\t\t<div class=\"wpb_wrapper\">\n\t\t\t<h4 style=\"color: #fe5043;\">II EDITION (2020)<\/h4>\n\n\t\t<\/div>\n\t<\/div>\n<\/div><\/div><\/div><div class=\"wpb_column vc_column_container vc_col-sm-10\"><div class=\"vc_column-inner\"><div class=\"wpb_wrapper\"><div class=\"vc_btn3-container vc_btn3-left\" ><a class=\"vc_general vc_btn3 vc_btn3-size-md vc_btn3-shape-round vc_btn3-style-modern vc_btn3-color-pink\" href=\"https:\/\/fundacionpalarq.com\/en\/ii-award-2020\/\" title=\"\">VIEW<\/a><\/div><\/div><\/div><\/div><\/div><div class=\"vc_row wpb_row vc_row-fluid ii_premio dt-default\" style=\"margin-top: 0px;margin-bottom: 0px\"><div class=\"wpb_column vc_column_container vc_col-sm-2\"><div class=\"vc_column-inner\"><div class=\"wpb_wrapper\">\n\t<div class=\"wpb_text_column wpb_content_element  vc_custom_1637932257387\" >\n\t\t<div class=\"wpb_wrapper\">\n\t\t\t<h4 style=\"color: #fe5043;\">I EDITION (2018)<\/h4>\n\n\t\t<\/div>\n\t<\/div>\n<\/div><\/div><\/div><div class=\"wpb_column vc_column_container vc_col-sm-10\"><div class=\"vc_column-inner\"><div class=\"wpb_wrapper\"><div class=\"vc_btn3-container vc_btn3-left\" ><a class=\"vc_general vc_btn3 vc_btn3-size-md vc_btn3-shape-round vc_btn3-style-modern vc_btn3-color-pink\" href=\"https:\/\/fundacionpalarq.com\/en\/award-i-edition\" title=\"\">VIEW<\/a><\/div><\/div><\/div><\/div><\/div><\/div>\n<\/div>","protected":false},"excerpt":{"rendered":"<p>III Award 2023 Rules Award Jury Participants Finalists Winner Press room WE RECOGNIZE EXCELLENCE AND ORIGINALITY THE ALMOLOYA-BASTIDA PROJECT, CRADLE OF THE ARGAR CULTURE, WINS THE III NATIONAL AWARD OF ARCHAEOLOGY AND PALEONTOLOGY PALARQ FOUNDATION, ENDOWED WITH 80,000 EUROS The sites of Almoloya (Pliego) and La Bastida (Totana), both in the province of Murcia, open&hellip;<\/p>\n","protected":false},"author":1,"featured_media":0,"parent":0,"menu_order":0,"comment_status":"closed","ping_status":"closed","template":"","meta":{"footnotes":"","_links_to":"","_links_to_target":""},"class_list":["post-14682","page","type-page","status-publish","hentry","description-off"],"yoast_head":"<!-- This site is optimized with the Yoast SEO plugin v27.4 - https:\/\/yoast.com\/product\/yoast-seo-wordpress\/ -->\n<title>III Award 2023 - Fundaci\u00f3n Palarq<\/title>\n<meta name=\"description\" content=\"El Premio Nacional de Arqueologi\u0301a y Paleontologi\u0301a Fundacio\u0301n Palarq de cara\u0301cter bienal, se constituyo\u0301 en 2018, siendo el primer premio que se concede desde la iniciativa privada y a trave\u0301s de la fundacio\u0301n a estas disciplinas.\" \/>\n<meta name=\"robots\" content=\"index, follow, max-snippet:-1, max-image-preview:large, max-video-preview:-1\" \/>\n<link rel=\"canonical\" href=\"https:\/\/fundacionpalarq.com\/en\/iii-award-2023\/\" \/>\n<meta property=\"og:locale\" content=\"en_US\" \/>\n<meta property=\"og:type\" content=\"article\" \/>\n<meta property=\"og:title\" content=\"III Award 2023 - Fundaci\u00f3n Palarq\" \/>\n<meta property=\"og:description\" content=\"El Premio Nacional de Arqueologi\u0301a y Paleontologi\u0301a Fundacio\u0301n Palarq de cara\u0301cter bienal, se constituyo\u0301 en 2018, siendo el primer premio que se concede desde la iniciativa privada y a trave\u0301s de la fundacio\u0301n a estas disciplinas.\" \/>\n<meta property=\"og:url\" content=\"https:\/\/fundacionpalarq.com\/en\/iii-award-2023\/\" \/>\n<meta property=\"og:site_name\" content=\"Fundaci\u00f3n Palarq\" \/>\n<meta property=\"article:publisher\" content=\"https:\/\/www.facebook.com\/FundacionPalarq\" \/>\n<meta property=\"article:modified_time\" content=\"2023-06-21T15:18:02+00:00\" \/>\n<meta name=\"twitter:card\" content=\"summary_large_image\" \/>\n<meta name=\"twitter:site\" content=\"@FundacionPalarq\" \/>\n<meta name=\"twitter:label1\" content=\"Est. reading time\" \/>\n\t<meta name=\"twitter:data1\" content=\"6 minutes\" \/>\n<script type=\"application\/ld+json\" class=\"yoast-schema-graph\">{\"@context\":\"https:\\\/\\\/schema.org\",\"@graph\":[{\"@type\":\"WebPage\",\"@id\":\"https:\\\/\\\/fundacionpalarq.com\\\/en\\\/iii-award-2023\\\/\",\"url\":\"https:\\\/\\\/fundacionpalarq.com\\\/en\\\/iii-award-2023\\\/\",\"name\":\"III Award 2023 - Fundaci\u00f3n Palarq\",\"isPartOf\":{\"@id\":\"https:\\\/\\\/fundacionpalarq.com\\\/en\\\/#website\"},\"datePublished\":\"2021-11-26T13:07:10+00:00\",\"dateModified\":\"2023-06-21T15:18:02+00:00\",\"description\":\"El Premio Nacional de Arqueologi\u0301a y Paleontologi\u0301a Fundacio\u0301n Palarq de cara\u0301cter bienal, se constituyo\u0301 en 2018, siendo el primer premio que se concede desde la iniciativa privada y a trave\u0301s de la fundacio\u0301n a estas disciplinas.\",\"breadcrumb\":{\"@id\":\"https:\\\/\\\/fundacionpalarq.com\\\/en\\\/iii-award-2023\\\/#breadcrumb\"},\"inLanguage\":\"en-US\",\"potentialAction\":[{\"@type\":\"ReadAction\",\"target\":[\"https:\\\/\\\/fundacionpalarq.com\\\/en\\\/iii-award-2023\\\/\"]}]},{\"@type\":\"BreadcrumbList\",\"@id\":\"https:\\\/\\\/fundacionpalarq.com\\\/en\\\/iii-award-2023\\\/#breadcrumb\",\"itemListElement\":[{\"@type\":\"ListItem\",\"position\":1,\"name\":\"Portada\",\"item\":\"https:\\\/\\\/fundacionpalarq.com\\\/en\\\/\"},{\"@type\":\"ListItem\",\"position\":2,\"name\":\"III Award 2023\"}]},{\"@type\":\"WebSite\",\"@id\":\"https:\\\/\\\/fundacionpalarq.com\\\/en\\\/#website\",\"url\":\"https:\\\/\\\/fundacionpalarq.com\\\/en\\\/\",\"name\":\"Fundaci\u00f3n Palarq\",\"description\":\"\",\"publisher\":{\"@id\":\"https:\\\/\\\/fundacionpalarq.com\\\/en\\\/#organization\"},\"potentialAction\":[{\"@type\":\"SearchAction\",\"target\":{\"@type\":\"EntryPoint\",\"urlTemplate\":\"https:\\\/\\\/fundacionpalarq.com\\\/en\\\/?s={search_term_string}\"},\"query-input\":{\"@type\":\"PropertyValueSpecification\",\"valueRequired\":true,\"valueName\":\"search_term_string\"}}],\"inLanguage\":\"en-US\"},{\"@type\":\"Organization\",\"@id\":\"https:\\\/\\\/fundacionpalarq.com\\\/en\\\/#organization\",\"name\":\"Fundaci\u00f3n Palarq\",\"url\":\"https:\\\/\\\/fundacionpalarq.com\\\/en\\\/\",\"logo\":{\"@type\":\"ImageObject\",\"inLanguage\":\"en-US\",\"@id\":\"https:\\\/\\\/fundacionpalarq.com\\\/en\\\/#\\\/schema\\\/logo\\\/image\\\/\",\"url\":\"https:\\\/\\\/fundacionpalarq.com\\\/wp-content\\\/uploads\\\/2020\\\/03\\\/logo.png\",\"contentUrl\":\"https:\\\/\\\/fundacionpalarq.com\\\/wp-content\\\/uploads\\\/2020\\\/03\\\/logo.png\",\"width\":560,\"height\":318,\"caption\":\"Fundaci\u00f3n Palarq\"},\"image\":{\"@id\":\"https:\\\/\\\/fundacionpalarq.com\\\/en\\\/#\\\/schema\\\/logo\\\/image\\\/\"},\"sameAs\":[\"https:\\\/\\\/www.facebook.com\\\/FundacionPalarq\",\"https:\\\/\\\/x.com\\\/FundacionPalarq\",\"https:\\\/\\\/www.instagram.com\\\/fpalarq\\\/?hl=es\",\"https:\\\/\\\/www.linkedin.com\\\/company\\\/27123417\\\/\",\"https:\\\/\\\/www.youtube.com\\\/channel\\\/UCeatjA-7IA7dgRNORqhwVQA\\\/videos\"]}]}<\/script>\n<!-- \/ Yoast SEO plugin. -->","yoast_head_json":{"title":"III Award 2023 - Fundaci\u00f3n Palarq","description":"El Premio Nacional de Arqueologi\u0301a y Paleontologi\u0301a Fundacio\u0301n Palarq de cara\u0301cter bienal, se constituyo\u0301 en 2018, siendo el primer premio que se concede desde la iniciativa privada y a trave\u0301s de la fundacio\u0301n a estas disciplinas.","robots":{"index":"index","follow":"follow","max-snippet":"max-snippet:-1","max-image-preview":"max-image-preview:large","max-video-preview":"max-video-preview:-1"},"canonical":"https:\/\/fundacionpalarq.com\/en\/iii-award-2023\/","og_locale":"en_US","og_type":"article","og_title":"III Award 2023 - Fundaci\u00f3n Palarq","og_description":"El Premio Nacional de Arqueologi\u0301a y Paleontologi\u0301a Fundacio\u0301n Palarq de cara\u0301cter bienal, se constituyo\u0301 en 2018, siendo el primer premio que se concede desde la iniciativa privada y a trave\u0301s de la fundacio\u0301n a estas disciplinas.","og_url":"https:\/\/fundacionpalarq.com\/en\/iii-award-2023\/","og_site_name":"Fundaci\u00f3n Palarq","article_publisher":"https:\/\/www.facebook.com\/FundacionPalarq","article_modified_time":"2023-06-21T15:18:02+00:00","twitter_card":"summary_large_image","twitter_site":"@FundacionPalarq","twitter_misc":{"Est. reading time":"6 minutes"},"schema":{"@context":"https:\/\/schema.org","@graph":[{"@type":"WebPage","@id":"https:\/\/fundacionpalarq.com\/en\/iii-award-2023\/","url":"https:\/\/fundacionpalarq.com\/en\/iii-award-2023\/","name":"III Award 2023 - Fundaci\u00f3n Palarq","isPartOf":{"@id":"https:\/\/fundacionpalarq.com\/en\/#website"},"datePublished":"2021-11-26T13:07:10+00:00","dateModified":"2023-06-21T15:18:02+00:00","description":"El Premio Nacional de Arqueologi\u0301a y Paleontologi\u0301a Fundacio\u0301n Palarq de cara\u0301cter bienal, se constituyo\u0301 en 2018, siendo el primer premio que se concede desde la iniciativa privada y a trave\u0301s de la fundacio\u0301n a estas disciplinas.","breadcrumb":{"@id":"https:\/\/fundacionpalarq.com\/en\/iii-award-2023\/#breadcrumb"},"inLanguage":"en-US","potentialAction":[{"@type":"ReadAction","target":["https:\/\/fundacionpalarq.com\/en\/iii-award-2023\/"]}]},{"@type":"BreadcrumbList","@id":"https:\/\/fundacionpalarq.com\/en\/iii-award-2023\/#breadcrumb","itemListElement":[{"@type":"ListItem","position":1,"name":"Portada","item":"https:\/\/fundacionpalarq.com\/en\/"},{"@type":"ListItem","position":2,"name":"III Award 2023"}]},{"@type":"WebSite","@id":"https:\/\/fundacionpalarq.com\/en\/#website","url":"https:\/\/fundacionpalarq.com\/en\/","name":"Fundaci\u00f3n Palarq","description":"","publisher":{"@id":"https:\/\/fundacionpalarq.com\/en\/#organization"},"potentialAction":[{"@type":"SearchAction","target":{"@type":"EntryPoint","urlTemplate":"https:\/\/fundacionpalarq.com\/en\/?s={search_term_string}"},"query-input":{"@type":"PropertyValueSpecification","valueRequired":true,"valueName":"search_term_string"}}],"inLanguage":"en-US"},{"@type":"Organization","@id":"https:\/\/fundacionpalarq.com\/en\/#organization","name":"Fundaci\u00f3n Palarq","url":"https:\/\/fundacionpalarq.com\/en\/","logo":{"@type":"ImageObject","inLanguage":"en-US","@id":"https:\/\/fundacionpalarq.com\/en\/#\/schema\/logo\/image\/","url":"https:\/\/fundacionpalarq.com\/wp-content\/uploads\/2020\/03\/logo.png","contentUrl":"https:\/\/fundacionpalarq.com\/wp-content\/uploads\/2020\/03\/logo.png","width":560,"height":318,"caption":"Fundaci\u00f3n Palarq"},"image":{"@id":"https:\/\/fundacionpalarq.com\/en\/#\/schema\/logo\/image\/"},"sameAs":["https:\/\/www.facebook.com\/FundacionPalarq","https:\/\/x.com\/FundacionPalarq","https:\/\/www.instagram.com\/fpalarq\/?hl=es","https:\/\/www.linkedin.com\/company\/27123417\/","https:\/\/www.youtube.com\/channel\/UCeatjA-7IA7dgRNORqhwVQA\/videos"]}]}},"_links":{"self":[{"href":"https:\/\/fundacionpalarq.com\/en\/wp-json\/wp\/v2\/pages\/14682","targetHints":{"allow":["GET"]}}],"collection":[{"href":"https:\/\/fundacionpalarq.com\/en\/wp-json\/wp\/v2\/pages"}],"about":[{"href":"https:\/\/fundacionpalarq.com\/en\/wp-json\/wp\/v2\/types\/page"}],"author":[{"embeddable":true,"href":"https:\/\/fundacionpalarq.com\/en\/wp-json\/wp\/v2\/users\/1"}],"replies":[{"embeddable":true,"href":"https:\/\/fundacionpalarq.com\/en\/wp-json\/wp\/v2\/comments?post=14682"}],"version-history":[{"count":0,"href":"https:\/\/fundacionpalarq.com\/en\/wp-json\/wp\/v2\/pages\/14682\/revisions"}],"wp:attachment":[{"href":"https:\/\/fundacionpalarq.com\/en\/wp-json\/wp\/v2\/media?parent=14682"}],"curies":[{"name":"wp","href":"https:\/\/api.w.org\/{rel}","templated":true}]}}